{"id":8198,"date":"2026-03-16T14:53:19","date_gmt":"2026-03-16T13:53:19","guid":{"rendered":"https:\/\/www.monlau.com\/formacion-profesional\/?page_id=8198"},"modified":"2026-04-24T11:36:32","modified_gmt":"2026-04-24T09:36:32","slug":"jornada-de-la-automocion-2026","status":"publish","type":"page","link":"https:\/\/www.monlau.com\/fp\/jornada-de-la-automocion-2026\/","title":{"rendered":"Jornada de la Automoci\u00f3n 2026"},"content":{"rendered":"\t\t<div data-elementor-type=\"wp-page\" data-elementor-id=\"8198\" class=\"elementor elementor-8198\" data-elementor-post-type=\"page\">\n\t\t\t\t<div class=\"elementor-element elementor-element-07bc575 e-flex e-con-boxed e-con e-parent\" data-id=\"07bc575\" data-element_type=\"container\" data-settings=\"{&quot;background_background&quot;:&quot;classic&quot;}\">\n\t\t\t\t\t<div class=\"e-con-inner\">\n\t\t<div class=\"elementor-element elementor-element-434d568 e-con-full e-flex elementor-invisible e-con e-child\" data-id=\"434d568\" data-element_type=\"container\" data-settings=\"{&quot;background_background&quot;:&quot;classic&quot;,&quot;animation&quot;:&quot;fadeInLeft&quot;}\">\n\t\t\t\t<div class=\"elementor-element elementor-element-0e76091 elementor-widget elementor-widget-heading\" data-id=\"0e76091\" data-element_type=\"widget\" data-widget_type=\"heading.default\">\n\t\t\t\t\t<h1 class=\"elementor-heading-title elementor-size-default\"><span style=\"color: black\">Jornada de la<\/span><br><b> Automoci\u00f3n 2026<\/b><\/h1>\t\t\t\t<\/div>\n\t\t\t\t<div class=\"elementor-element elementor-element-8c3da68 elementor-widget elementor-widget-heading\" data-id=\"8c3da68\" data-element_type=\"widget\" data-widget_type=\"heading.default\">\n\t\t\t\t\t<div class=\"elementor-heading-title elementor-size-default\">Tras el \u00e9xito de 2025 \u2014con m\u00e1s de 1.200 asistentes, 75 empresas y 200 contactos que se tradujeron en 70 entrevistas\u2014 la V Jornada de la Automoci\u00f3n 2026 vuelve para impulsar la empleabilidad y la innovaci\u00f3n en FP.\n\nSi eres empresa, docente o alumno, aqu\u00ed encontrar\u00e1s networking de calidad, demos t\u00e9cnicas y oportunidades de empleo reales.<\/div>\t\t\t\t<\/div>\n\t\t\t\t<div class=\"elementor-element elementor-element-468e7ed elementor-widget-divider--view-line elementor-widget elementor-widget-divider\" data-id=\"468e7ed\" data-element_type=\"widget\" data-widget_type=\"divider.default\">\n\t\t\t\t\t\t\t<div class=\"elementor-divider\">\n\t\t\t<span class=\"elementor-divider-separator\">\n\t\t\t\t\t\t<\/span>\n\t\t<\/div>\n\t\t\t\t\t\t<\/div>\n\t\t\t\t<div class=\"elementor-element elementor-element-2167c30 elementor-widget elementor-widget-heading\" data-id=\"2167c30\" data-element_type=\"widget\" data-widget_type=\"heading.default\">\n\t\t\t\t\t<div class=\"elementor-heading-title elementor-size-default\">\u00a1Consigue tus entradas ya!<\/div>\t\t\t\t<\/div>\n\t\t<div class=\"elementor-element elementor-element-0df14aa e-grid e-con-full e-con e-child\" data-id=\"0df14aa\" data-element_type=\"container\">\n\t\t\t\t<div class=\"elementor-element elementor-element-4b7bd64 btn-blue elementor-widget elementor-widget-button\" data-id=\"4b7bd64\" data-element_type=\"widget\" data-widget_type=\"button.default\">\n\t\t\t\t\t\t\t\t\t\t<a class=\"elementor-button elementor-button-link elementor-size-sm\" href=\"https:\/\/forms.office.com\/e\/AZFypWyaPN\">\n\t\t\t\t\t\t<span class=\"elementor-button-content-wrapper\">\n\t\t\t\t\t\t<span class=\"elementor-button-icon\">\n\t\t\t\t<svg xmlns=\"http:\/\/www.w3.org\/2000\/svg\" width=\"27\" height=\"27\" viewBox=\"0 0 27 27\" fill=\"none\"><path d=\"M7.875 7.875H19.125V19.125\" stroke=\"#08539D\" stroke-linecap=\"square\"><\/path><path d=\"M7.2002 19.6504L18.4502 8.40039\" stroke=\"#08539D\" stroke-linecap=\"square\"><\/path><\/svg>\t\t\t<\/span>\n\t\t\t\t\t\t\t\t\t<span class=\"elementor-button-text\">Soy Empresa<\/span>\n\t\t\t\t\t<\/span>\n\t\t\t\t\t<\/a>\n\t\t\t\t\t\t\t\t<\/div>\n\t\t\t\t<div class=\"elementor-element elementor-element-50a00d9 btn-blue elementor-widget elementor-widget-button\" data-id=\"50a00d9\" data-element_type=\"widget\" data-widget_type=\"button.default\">\n\t\t\t\t\t\t\t\t\t\t<a class=\"elementor-button elementor-button-link elementor-size-sm\" href=\"https:\/\/entradium.com\/events\/v-jornada-de-l-automocio-2026\">\n\t\t\t\t\t\t<span class=\"elementor-button-content-wrapper\">\n\t\t\t\t\t\t<span class=\"elementor-button-icon\">\n\t\t\t\t<svg xmlns=\"http:\/\/www.w3.org\/2000\/svg\" width=\"27\" height=\"27\" viewBox=\"0 0 27 27\" fill=\"none\"><path d=\"M7.875 7.875H19.125V19.125\" stroke=\"#08539D\" stroke-linecap=\"square\"><\/path><path d=\"M7.2002 19.6504L18.4502 8.40039\" stroke=\"#08539D\" stroke-linecap=\"square\"><\/path><\/svg>\t\t\t<\/span>\n\t\t\t\t\t\t\t\t\t<span class=\"elementor-button-text\">Soy alumnx o visitante<\/span>\n\t\t\t\t\t<\/span>\n\t\t\t\t\t<\/a>\n\t\t\t\t\t\t\t\t<\/div>\n\t\t\t\t<\/div>\n\t\t\t\t<\/div>\n\t\t<div class=\"elementor-element elementor-element-a91c666 e-con-full e-flex elementor-invisible e-con e-child\" data-id=\"a91c666\" data-element_type=\"container\" data-settings=\"{&quot;animation&quot;:&quot;fadeInRight&quot;}\">\n\t\t\t\t<div class=\"elementor-element elementor-element-28192b3 elementor-widget elementor-widget-image\" data-id=\"28192b3\" data-element_type=\"widget\" data-widget_type=\"image.default\">\n\t\t\t\t\t\t\t\t\t\t\t\t\t\t\t<img fetchpriority=\"high\" decoding=\"async\" width=\"636\" height=\"488\" src=\"https:\/\/www.monlau.com\/app\/uploads\/sites\/3\/2026\/03\/jornada.jpg\" class=\"attachment-full size-full wp-image-8304\" alt=\"\" srcset=\"https:\/\/www.monlau.com\/app\/uploads\/sites\/3\/2026\/03\/jornada.jpg 636w, https:\/\/www.monlau.com\/app\/uploads\/sites\/3\/2026\/03\/jornada-300x230.jpg 300w\" sizes=\"(max-width: 636px) 100vw, 636px\" \/>\t\t\t\t\t\t\t\t\t\t\t\t\t\t\t<\/div>\n\t\t\t\t<\/div>\n\t\t\t\t\t<\/div>\n\t\t\t\t<\/div>\n\t\t<div class=\"elementor-element elementor-element-833968d e-flex e-con-boxed e-con e-parent\" data-id=\"833968d\" data-element_type=\"container\">\n\t\t\t\t\t<div class=\"e-con-inner\">\n\t\t<div class=\"elementor-element elementor-element-675dfaf e-con-full e-flex e-con e-child\" data-id=\"675dfaf\" data-element_type=\"container\" data-settings=\"{&quot;background_background&quot;:&quot;classic&quot;}\">\n\t\t\t\t<div class=\"elementor-element elementor-element-c662e8c elementor-widget__width-inherit elementor-widget elementor-widget-heading\" data-id=\"c662e8c\" data-element_type=\"widget\" data-widget_type=\"heading.default\">\n\t\t\t\t\t<p class=\"elementor-heading-title elementor-size-default\"><b>5\u00aa Jornada de la Automoci\u00f3n\n<\/b>\n\n<\/p>\t\t\t\t<\/div>\n\t\t\t\t<div class=\"elementor-element elementor-element-dda7315 elementor-widget elementor-widget-text-editor\" data-id=\"dda7315\" data-element_type=\"widget\" data-widget_type=\"text-editor.default\">\n\t\t\t\t\t\t\t\t\t<p>Ya tenemos fecha para la celebraci\u00f3n de la V Jornada de la Automoci\u00f3n. El evento, que recientemente ha sido premiado por\u00a0<strong><a href=\"https:\/\/static.educaweb.com\/pdf\/premi\/16-edicio\/proyectos\/proyectos-centres-fp-2023.pdf\" target=\"_blank\" rel=\"noopener\">Educaweb<\/a><\/strong>, se celebrar\u00e1 en\u00a0<strong>Nurburgreen Indoor<\/strong>\u00a0el mi\u00e9rcoles 27 de mayo de 2026.<\/p><p>Por ello, te recomendamos reservarte esta fecha, ya que pr\u00f3ximamente daremos m\u00e1s detalles acerca de esta jornada organizada por Monlau. Cabe destacar que,\u00a0la \u00faltima edici\u00f3n consolid\u00f3 a la Jornada como una cita de referencia:\u00a0<strong>75 empresas<\/strong>\u00a0l\u00edderes participaron en la zona EXPO y en din\u00e1micas de\u00a0<strong>captaci\u00f3n de talento<\/strong>\u00a0con\u00a0<strong>m\u00e1s de 200 contactos reales<\/strong>\u00a0y\u00a0<strong>70 entrevistas<\/strong>\u00a0generadas durante el evento.<\/p>\t\t\t\t\t\t\t\t<\/div>\n\t\t\t\t<\/div>\n\t\t\t\t\t<\/div>\n\t\t\t\t<\/div>\n\t\t<div class=\"elementor-element elementor-element-58c94fb e-flex e-con-boxed e-con e-parent\" data-id=\"58c94fb\" data-element_type=\"container\" data-settings=\"{&quot;background_background&quot;:&quot;classic&quot;}\">\n\t\t\t\t\t<div class=\"e-con-inner\">\n\t\t<div class=\"elementor-element elementor-element-705b7e9 e-con-full e-flex e-con e-child\" data-id=\"705b7e9\" data-element_type=\"container\" data-settings=\"{&quot;background_background&quot;:&quot;classic&quot;}\">\n\t\t\t\t<div class=\"elementor-element elementor-element-5d85d43 elementor-widget elementor-widget-heading\" data-id=\"5d85d43\" data-element_type=\"widget\" data-widget_type=\"heading.default\">\n\t\t\t\t\t<h2 class=\"elementor-heading-title elementor-size-default\">Empresas <span style=\"color:#08539D\"><b>expositoras\n<\/b><\/span>\n<\/h2>\t\t\t\t<\/div>\n\t\t\t\t<div class=\"elementor-element elementor-element-9cecb15 elementor-widget elementor-widget-image\" data-id=\"9cecb15\" data-element_type=\"widget\" data-widget_type=\"image.default\">\n\t\t\t\t\t\t\t\t\t\t\t\t\t\t\t<img decoding=\"async\" width=\"1024\" height=\"229\" src=\"https:\/\/www.monlau.com\/app\/uploads\/sites\/3\/2026\/03\/2025-1-1-1024x229.webp\" class=\"attachment-large size-large wp-image-8293\" alt=\"\" srcset=\"https:\/\/www.monlau.com\/app\/uploads\/sites\/3\/2026\/03\/2025-1-1-1024x229.webp 1024w, https:\/\/www.monlau.com\/app\/uploads\/sites\/3\/2026\/03\/2025-1-1-300x67.webp 300w, https:\/\/www.monlau.com\/app\/uploads\/sites\/3\/2026\/03\/2025-1-1-768x172.webp 768w, https:\/\/www.monlau.com\/app\/uploads\/sites\/3\/2026\/03\/2025-1-1-1536x343.webp 1536w, https:\/\/www.monlau.com\/app\/uploads\/sites\/3\/2026\/03\/2025-1-1.webp 1920w\" sizes=\"(max-width: 1024px) 100vw, 1024px\" \/>\t\t\t\t\t\t\t\t\t\t\t\t\t\t\t<\/div>\n\t\t\t\t<\/div>\n\t\t\t\t\t<\/div>\n\t\t\t\t<\/div>\n\t\t<div class=\"elementor-element elementor-element-2fbace5 e-flex e-con-boxed e-con e-parent\" data-id=\"2fbace5\" data-element_type=\"container\">\n\t\t\t\t\t<div class=\"e-con-inner\">\n\t\t\t\t<div class=\"elementor-element elementor-element-39127ae elementor-widget elementor-widget-heading\" data-id=\"39127ae\" data-element_type=\"widget\" data-widget_type=\"heading.default\">\n\t\t\t\t\t<h2 class=\"elementor-heading-title elementor-size-default\">\u00bfQu\u00e9 encontrar\u00e1s en la <b>Jornada de la Automoci\u00f3n<\/b>? \n<\/h2>\t\t\t\t<\/div>\n\t\t\t\t\t<\/div>\n\t\t\t\t<\/div>\n\t\t<div class=\"elementor-element elementor-element-4399674 e-grid e-con-boxed e-con e-parent\" data-id=\"4399674\" data-element_type=\"container\">\n\t\t\t\t\t<div class=\"e-con-inner\">\n\t\t<div class=\"elementor-element elementor-element-b824e17 e-con-full e-flex e-con e-child\" data-id=\"b824e17\" data-element_type=\"container\" data-settings=\"{&quot;background_background&quot;:&quot;classic&quot;}\">\n\t\t\t\t<div class=\"elementor-element elementor-element-1738159 elementor-widget elementor-widget-heading\" data-id=\"1738159\" data-element_type=\"widget\" data-widget_type=\"heading.default\">\n\t\t\t\t\t<h4 class=\"elementor-heading-title elementor-size-default\"><b>Presentaci\u00f3n de proyectos<\/b>\n\n<\/h4>\t\t\t\t<\/div>\n\t\t\t\t<div class=\"elementor-element elementor-element-9eb3340 elementor-widget elementor-widget-text-editor\" data-id=\"9eb3340\" data-element_type=\"widget\" data-widget_type=\"text-editor.default\">\n\t\t\t\t\t\t\t\t\t<div class=\"et_pb_column et_pb_column_1_3 et_pb_column_8 et_pb_css_mix_blend_mode_passthrough et_had_animation\"><strong>Cerca de 800 alumnos presentar\u00e1n m\u00e1s de 180 proyectos finales de los grados de Automoci\u00f3n<\/strong>. Las empresas podr\u00e1n conocer de primera mano sus propuestas, descubrir nuevo talento y acercarse a los futuros profesionales del sector.<\/div>\t\t\t\t\t\t\t\t<\/div>\n\t\t\t\t<div class=\"elementor-element elementor-element-dca5ccf elementor-widget elementor-widget-image\" data-id=\"dca5ccf\" data-element_type=\"widget\" data-widget_type=\"image.default\">\n\t\t\t\t\t\t\t\t\t\t\t\t\t\t\t<img decoding=\"async\" width=\"1024\" height=\"683\" src=\"https:\/\/www.monlau.com\/app\/uploads\/sites\/3\/2026\/04\/DSC_1106-1024x683.jpg\" class=\"attachment-large size-large wp-image-10117\" alt=\"\" srcset=\"https:\/\/www.monlau.com\/app\/uploads\/sites\/3\/2026\/04\/DSC_1106-1024x683.jpg 1024w, https:\/\/www.monlau.com\/app\/uploads\/sites\/3\/2026\/04\/DSC_1106-300x200.jpg 300w, https:\/\/www.monlau.com\/app\/uploads\/sites\/3\/2026\/04\/DSC_1106-768x512.jpg 768w, https:\/\/www.monlau.com\/app\/uploads\/sites\/3\/2026\/04\/DSC_1106-1536x1024.jpg 1536w, https:\/\/www.monlau.com\/app\/uploads\/sites\/3\/2026\/04\/DSC_1106-2048x1365.jpg 2048w\" sizes=\"(max-width: 1024px) 100vw, 1024px\" \/>\t\t\t\t\t\t\t\t\t\t\t\t\t\t\t<\/div>\n\t\t\t\t<\/div>\n\t\t<div class=\"elementor-element elementor-element-5d6356d e-con-full e-flex e-con e-child\" data-id=\"5d6356d\" data-element_type=\"container\" data-settings=\"{&quot;background_background&quot;:&quot;classic&quot;}\">\n\t\t\t\t<div class=\"elementor-element elementor-element-e5fd8ee elementor-widget elementor-widget-heading\" data-id=\"e5fd8ee\" data-element_type=\"widget\" data-widget_type=\"heading.default\">\n\t\t\t\t\t<h4 class=\"elementor-heading-title elementor-size-default\"><b>Captaci\u00f3n de Talento<\/b>\n\n<\/h4>\t\t\t\t<\/div>\n\t\t\t\t<div class=\"elementor-element elementor-element-e6b0bea elementor-widget elementor-widget-text-editor\" data-id=\"e6b0bea\" data-element_type=\"widget\" data-widget_type=\"text-editor.default\">\n\t\t\t\t\t\t\t\t\t<div class=\"et_pb_column et_pb_column_1_3 et_pb_column_8 et_pb_css_mix_blend_mode_passthrough et_had_animation\"><strong>M\u00e1s de 25 empresas expositoras<\/strong> contar\u00e1n con un estand propio para presentar su actividad, productos y servicios. Adem\u00e1s, podr\u00e1n realizar demostraciones, mostrar aplicaciones de producto y conectar directamente con alumnos y visitantes.<\/div>\t\t\t\t\t\t\t\t<\/div>\n\t\t\t\t<div class=\"elementor-element elementor-element-0db5682 elementor-widget elementor-widget-image\" data-id=\"0db5682\" data-element_type=\"widget\" data-widget_type=\"image.default\">\n\t\t\t\t\t\t\t\t\t\t\t\t\t\t\t<img loading=\"lazy\" decoding=\"async\" width=\"1024\" height=\"683\" src=\"https:\/\/www.monlau.com\/app\/uploads\/sites\/3\/2026\/04\/JAM-0617-1024x683.jpg\" class=\"attachment-large size-large wp-image-10118\" alt=\"\" srcset=\"https:\/\/www.monlau.com\/app\/uploads\/sites\/3\/2026\/04\/JAM-0617-1024x683.jpg 1024w, https:\/\/www.monlau.com\/app\/uploads\/sites\/3\/2026\/04\/JAM-0617-300x200.jpg 300w, https:\/\/www.monlau.com\/app\/uploads\/sites\/3\/2026\/04\/JAM-0617-768x512.jpg 768w, https:\/\/www.monlau.com\/app\/uploads\/sites\/3\/2026\/04\/JAM-0617.jpg 1034w\" sizes=\"(max-width: 1024px) 100vw, 1024px\" \/>\t\t\t\t\t\t\t\t\t\t\t\t\t\t\t<\/div>\n\t\t\t\t<\/div>\n\t\t<div class=\"elementor-element elementor-element-9dfe37d e-con-full e-flex e-con e-child\" data-id=\"9dfe37d\" data-element_type=\"container\" data-settings=\"{&quot;background_background&quot;:&quot;classic&quot;}\">\n\t\t\t\t<div class=\"elementor-element elementor-element-e1c7954 elementor-widget elementor-widget-heading\" data-id=\"e1c7954\" data-element_type=\"widget\" data-widget_type=\"heading.default\">\n\t\t\t\t\t<h4 class=\"elementor-heading-title elementor-size-default\"><b>Networking<\/b><\/h4>\t\t\t\t<\/div>\n\t\t\t\t<div class=\"elementor-element elementor-element-68e06f2 elementor-widget elementor-widget-text-editor\" data-id=\"68e06f2\" data-element_type=\"widget\" data-widget_type=\"text-editor.default\">\n\t\t\t\t\t\t\t\t\t<div class=\"et_pb_column et_pb_column_1_3 et_pb_column_8 et_pb_css_mix_blend_mode_passthrough et_had_animation\"><strong>Expertos del sector<\/strong> impartir\u00e1n ponencias y participar\u00e1n en mesas redondas sobre el futuro de la automoci\u00f3n, los retos de la industria y las cualidades de un buen profesional. Tambi\u00e9n se realizar\u00e1n entrevistas <em data-start=\"836\" data-end=\"845\">in situ<\/em> entre empresas y candidatos.<\/div>\t\t\t\t\t\t\t\t<\/div>\n\t\t\t\t<div class=\"elementor-element elementor-element-af36355 elementor-widget elementor-widget-image\" data-id=\"af36355\" data-element_type=\"widget\" data-widget_type=\"image.default\">\n\t\t\t\t\t\t\t\t\t\t\t\t\t\t\t<img loading=\"lazy\" decoding=\"async\" width=\"1024\" height=\"682\" src=\"https:\/\/www.monlau.com\/app\/uploads\/sites\/3\/2026\/04\/WhatsApp-Image-2025-05-29-at-10.33.13-1024x682.jpeg\" class=\"attachment-large size-large wp-image-10119\" alt=\"\" srcset=\"https:\/\/www.monlau.com\/app\/uploads\/sites\/3\/2026\/04\/WhatsApp-Image-2025-05-29-at-10.33.13-1024x682.jpeg 1024w, https:\/\/www.monlau.com\/app\/uploads\/sites\/3\/2026\/04\/WhatsApp-Image-2025-05-29-at-10.33.13-300x200.jpeg 300w, https:\/\/www.monlau.com\/app\/uploads\/sites\/3\/2026\/04\/WhatsApp-Image-2025-05-29-at-10.33.13-768x512.jpeg 768w, https:\/\/www.monlau.com\/app\/uploads\/sites\/3\/2026\/04\/WhatsApp-Image-2025-05-29-at-10.33.13.jpeg 1124w\" sizes=\"(max-width: 1024px) 100vw, 1024px\" \/>\t\t\t\t\t\t\t\t\t\t\t\t\t\t\t<\/div>\n\t\t\t\t<\/div>\n\t\t\t\t\t<\/div>\n\t\t\t\t<\/div>\n\t\t<div class=\"elementor-element elementor-element-1082fc2 e-flex e-con-boxed e-con e-parent\" data-id=\"1082fc2\" data-element_type=\"container\">\n\t\t\t\t\t<div class=\"e-con-inner\">\n\t\t<div class=\"elementor-element elementor-element-7ac6841 e-con-full e-flex elementor-invisible e-con e-child\" data-id=\"7ac6841\" data-element_type=\"container\" data-settings=\"{&quot;animation&quot;:&quot;fadeInRight&quot;}\">\n\t\t\t\t<div class=\"elementor-element elementor-element-5e30e93 elementor-widget elementor-widget-image\" data-id=\"5e30e93\" data-element_type=\"widget\" data-widget_type=\"image.default\">\n\t\t\t\t\t\t\t\t\t\t\t\t\t\t\t<img loading=\"lazy\" decoding=\"async\" width=\"1000\" height=\"557\" src=\"https:\/\/www.monlau.com\/app\/uploads\/sites\/3\/2026\/03\/Alumnos-e1776175890108.webp\" class=\"attachment-full size-full wp-image-8295\" alt=\"\" srcset=\"https:\/\/www.monlau.com\/app\/uploads\/sites\/3\/2026\/03\/Alumnos-e1776175890108.webp 1000w, https:\/\/www.monlau.com\/app\/uploads\/sites\/3\/2026\/03\/Alumnos-e1776175890108-300x167.webp 300w, https:\/\/www.monlau.com\/app\/uploads\/sites\/3\/2026\/03\/Alumnos-e1776175890108-768x428.webp 768w\" sizes=\"(max-width: 1000px) 100vw, 1000px\" \/>\t\t\t\t\t\t\t\t\t\t\t\t\t\t\t<\/div>\n\t\t\t\t<\/div>\n\t\t<div class=\"elementor-element elementor-element-1623617 e-con-full e-flex elementor-invisible e-con e-child\" data-id=\"1623617\" data-element_type=\"container\" data-settings=\"{&quot;animation&quot;:&quot;fadeInLeft&quot;}\">\n\t\t\t\t<div class=\"elementor-element elementor-element-1993a81 elementor-widget elementor-widget-heading\" data-id=\"1993a81\" data-element_type=\"widget\" data-widget_type=\"heading.default\">\n\t\t\t\t\t<h2 class=\"elementor-heading-title elementor-size-default\">Qu\u00e9 dicen los<span style=\"color: #08539D\"><b> alumnos<\/b><\/span><\/h2>\t\t\t\t<\/div>\n\t\t\t\t<div class=\"elementor-element elementor-element-67ac187 elementor-widget elementor-widget-text-editor\" data-id=\"67ac187\" data-element_type=\"widget\" data-widget_type=\"text-editor.default\">\n\t\t\t\t\t\t\t\t\t<div class=\"et_pb_column et_pb_column_1_2 et_pb_column_11 et_pb_css_mix_blend_mode_passthrough et_had_animation\"><div class=\"et_pb_module et_pb_text et_pb_text_17 et_pb_text_align_left et_pb_bg_layout_light\"><div class=\"et_pb_text_inner\"><p>Adem\u00e1s del alumnado de Monlau, este d\u00eda tambi\u00e9n nos visitar\u00e1n familias de futuros alumnos que esperan venir a estudiar a nuestras aulas y talleres.<br \/><br \/><\/p><p>Al ser una puesta de largo, les damos la oportunidad de que conozcan el ambiente que vivir\u00e1n en su \u00faltimo a\u00f1o de formaci\u00f3n de Grado Medio y Grado Superior.<\/p><\/div><\/div><\/div><div class=\"et_pb_column et_pb_column_1_2 et_pb_column_12 et_pb_css_mix_blend_mode_passthrough et-last-child\">\u00a0<\/div>\t\t\t\t\t\t\t\t<\/div>\n\t\t\t\t<\/div>\n\t\t\t\t\t<\/div>\n\t\t\t\t<\/div>\n\t\t<div class=\"elementor-element elementor-element-ec4c7da e-flex e-con-boxed e-con e-parent\" data-id=\"ec4c7da\" data-element_type=\"container\">\n\t\t\t\t\t<div class=\"e-con-inner\">\n\t\t\t\t<div class=\"elementor-element elementor-element-2344467 elementor-widget elementor-widget-heading\" data-id=\"2344467\" data-element_type=\"widget\" data-widget_type=\"heading.default\">\n\t\t\t\t\t<p class=\"elementor-heading-title elementor-size-default\">Qu\u00e9 dicen las<span style=\"color: #08539D\"><b> Empresas\n<\/b><\/span><\/p>\t\t\t\t<\/div>\n\t\t\t\t\t<\/div>\n\t\t\t\t<\/div>\n\t\t<div class=\"elementor-element elementor-element-8272bf3 e-flex e-con-boxed e-con e-parent\" data-id=\"8272bf3\" data-element_type=\"container\">\n\t\t\t\t\t<div class=\"e-con-inner\">\n\t\t<div class=\"elementor-element elementor-element-4e96ea6 e-con-full e-flex e-con e-child\" data-id=\"4e96ea6\" data-element_type=\"container\">\n\t\t\t\t<div class=\"elementor-element elementor-element-30a734d elementor-widget elementor-widget-video\" data-id=\"30a734d\" data-element_type=\"widget\" data-settings=\"{&quot;youtube_url&quot;:&quot;https:\\\/\\\/www.youtube.com\\\/watch?v=RKyT9t9Egx0&amp;time_continue=2&amp;source_ve_path=NzY3NTg&amp;embeds_referring_euri=https%3A%2F%2Fwww.monlau.com%2F&quot;,&quot;video_type&quot;:&quot;youtube&quot;,&quot;controls&quot;:&quot;yes&quot;}\" data-widget_type=\"video.default\">\n\t\t\t\t\t\t\t<div class=\"elementor-wrapper elementor-open-inline\">\n\t\t\t<div class=\"elementor-video\"><\/div>\t\t<\/div>\n\t\t\t\t\t\t<\/div>\n\t\t\t\t<div class=\"elementor-element elementor-element-9461c27 elementor-widget elementor-widget-heading\" data-id=\"9461c27\" data-element_type=\"widget\" data-widget_type=\"heading.default\">\n\t\t\t\t\t<div class=\"elementor-heading-title elementor-size-default\"><a href=\"https:\/\/www.monlau.com\/formacio-professional\/2022\/05\/31\/celebrem-la-festa-de-automocio-2022\/?lang=ca\">I Jornada de la Automoci\u00f3n <b>2022<\/b><\/a><\/div>\t\t\t\t<\/div>\n\t\t\t\t<\/div>\n\t\t<div class=\"elementor-element elementor-element-2990f4b e-con-full e-flex e-con e-child\" data-id=\"2990f4b\" data-element_type=\"container\">\n\t\t\t\t<div class=\"elementor-element elementor-element-c88343b elementor-widget elementor-widget-video\" data-id=\"c88343b\" data-element_type=\"widget\" data-settings=\"{&quot;youtube_url&quot;:&quot;https:\\\/\\\/www.youtube.com\\\/watch?v=s81FnolFES4&quot;,&quot;video_type&quot;:&quot;youtube&quot;,&quot;controls&quot;:&quot;yes&quot;}\" data-widget_type=\"video.default\">\n\t\t\t\t\t\t\t<div class=\"elementor-wrapper elementor-open-inline\">\n\t\t\t<div class=\"elementor-video\"><\/div>\t\t<\/div>\n\t\t\t\t\t\t<\/div>\n\t\t\t\t<div class=\"elementor-element elementor-element-926ee89 elementor-widget elementor-widget-heading\" data-id=\"926ee89\" data-element_type=\"widget\" data-widget_type=\"heading.default\">\n\t\t\t\t\t<div class=\"elementor-heading-title elementor-size-default\"><a href=\"https:\/\/www.monlau.com\/formacio-professional\/jornada-automocio-2023-entrades\/?lang=ca\">II Jornada de la Automoci\u00f3n <b>2023<\/b><\/a><\/div>\t\t\t\t<\/div>\n\t\t\t\t<\/div>\n\t\t<div class=\"elementor-element elementor-element-3737527 e-con-full e-flex e-con e-child\" data-id=\"3737527\" data-element_type=\"container\">\n\t\t\t\t<div class=\"elementor-element elementor-element-52cb3a1 elementor-widget elementor-widget-video\" data-id=\"52cb3a1\" data-element_type=\"widget\" data-settings=\"{&quot;youtube_url&quot;:&quot;https:\\\/\\\/www.youtube.com\\\/watch?v=O5OcIboxnkw&amp;time_continue=0&amp;source_ve_path=NzY3NTg&amp;embeds_referring_euri=https%3A%2F%2Fwww.monlau.com%2F&quot;,&quot;video_type&quot;:&quot;youtube&quot;,&quot;controls&quot;:&quot;yes&quot;}\" data-widget_type=\"video.default\">\n\t\t\t\t\t\t\t<div class=\"elementor-wrapper elementor-open-inline\">\n\t\t\t<div class=\"elementor-video\"><\/div>\t\t<\/div>\n\t\t\t\t\t\t<\/div>\n\t\t\t\t<div class=\"elementor-element elementor-element-11fee4c elementor-widget elementor-widget-heading\" data-id=\"11fee4c\" data-element_type=\"widget\" data-widget_type=\"heading.default\">\n\t\t\t\t\t<div class=\"elementor-heading-title elementor-size-default\"><a href=\"https:\/\/www.monlau.com\/formacio-professional\/jornada-de-la-automocion-2024\/\">III Jornada de la Automoci\u00f3n <b>2024<\/b><\/a><\/div>\t\t\t\t<\/div>\n\t\t\t\t<\/div>\n\t\t<div class=\"elementor-element elementor-element-6622672 e-con-full e-flex e-con e-child\" data-id=\"6622672\" data-element_type=\"container\">\n\t\t\t\t<div class=\"elementor-element elementor-element-7cce14a elementor-widget elementor-widget-video\" data-id=\"7cce14a\" data-element_type=\"widget\" data-settings=\"{&quot;youtube_url&quot;:&quot;https:\\\/\\\/www.youtube.com\\\/watch?v=83PtmvY6X5U&amp;time_continue=0&amp;source_ve_path=NzY3NTg&amp;embeds_referring_euri=https%3A%2F%2Fwww.monlau.com%2F&quot;,&quot;video_type&quot;:&quot;youtube&quot;,&quot;controls&quot;:&quot;yes&quot;}\" data-widget_type=\"video.default\">\n\t\t\t\t\t\t\t<div class=\"elementor-wrapper elementor-open-inline\">\n\t\t\t<div class=\"elementor-video\"><\/div>\t\t<\/div>\n\t\t\t\t\t\t<\/div>\n\t\t\t\t<div class=\"elementor-element elementor-element-49ead74 elementor-widget elementor-widget-heading\" data-id=\"49ead74\" data-element_type=\"widget\" data-widget_type=\"heading.default\">\n\t\t\t\t\t<div class=\"elementor-heading-title elementor-size-default\"><a href=\"https:\/\/www.youtube.com\/watch?v=83PtmvY6X5U&#038;list=PLxlrCv8a3PKMcjUaXuaVxCbcvUxC_lTWY&#038;index=15\">IV Jornada de la Automoci\u00f3n <b>2025<\/b><\/a><\/div>\t\t\t\t<\/div>\n\t\t\t\t<\/div>\n\t\t\t\t\t<\/div>\n\t\t\t\t<\/div>\n\t\t<div class=\"elementor-element elementor-element-1e52000 e-flex e-con-boxed e-con e-parent\" data-id=\"1e52000\" data-element_type=\"container\">\n\t\t\t\t\t<div class=\"e-con-inner\">\n\t\t<div class=\"elementor-element elementor-element-b97bbdc e-con-full e-flex elementor-invisible e-con e-child\" data-id=\"b97bbdc\" data-element_type=\"container\" data-settings=\"{&quot;animation&quot;:&quot;fadeInRight&quot;}\">\n\t\t\t\t<div class=\"elementor-element elementor-element-7a3cdaa elementor-widget elementor-widget-google_maps\" data-id=\"7a3cdaa\" data-element_type=\"widget\" data-widget_type=\"google_maps.default\">\n\t\t\t\t\t\t\t<div class=\"elementor-custom-embed\">\n\t\t\t<iframe loading=\"lazy\"\n\t\t\t\t\tsrc=\"https:\/\/maps.google.com\/maps?q=Cam%C3%AD%20de%20Can%20Carrer%C3%B3%2C%20s%2Fn%2C%2008520%2C%20Les%20Franqueses%20del%20Vall%C3%A8s%2C%20Barcelona&#038;t=m&#038;z=10&#038;output=embed&#038;iwloc=near\"\n\t\t\t\t\ttitle=\"Cam\u00ed de Can Carrer\u00f3, s\/n, 08520, Les Franqueses del Vall\u00e8s, Barcelona\"\n\t\t\t\t\taria-label=\"Cam\u00ed de Can Carrer\u00f3, s\/n, 08520, Les Franqueses del Vall\u00e8s, Barcelona\"\n\t\t\t><\/iframe>\n\t\t<\/div>\n\t\t\t\t\t\t<\/div>\n\t\t\t\t<\/div>\n\t\t<div class=\"elementor-element elementor-element-01dfed2 e-con-full e-flex elementor-invisible e-con e-child\" data-id=\"01dfed2\" data-element_type=\"container\" data-settings=\"{&quot;animation&quot;:&quot;fadeInLeft&quot;}\">\n\t\t\t\t<div class=\"elementor-element elementor-element-579f5e7 elementor-widget elementor-widget-heading\" data-id=\"579f5e7\" data-element_type=\"widget\" data-widget_type=\"heading.default\">\n\t\t\t\t\t<h2 class=\"elementor-heading-title elementor-size-default\"><span style=\"color: #08539D\"><b>\u00bfC\u00f3mo llegar?<\/b><\/span><\/h2>\t\t\t\t<\/div>\n\t\t\t\t<div class=\"elementor-element elementor-element-017bb86 elementor-widget elementor-widget-heading\" data-id=\"017bb86\" data-element_type=\"widget\" data-widget_type=\"heading.default\">\n\t\t\t\t\t<div class=\"elementor-heading-title elementor-size-default\">N\u00fcrburgreen Indoor Karting Electric<\/div>\t\t\t\t<\/div>\n\t\t\t\t<div class=\"elementor-element elementor-element-67e8619 elementor-widget elementor-widget-text-editor\" data-id=\"67e8619\" data-element_type=\"widget\" data-widget_type=\"text-editor.default\">\n\t\t\t\t\t\t\t\t\t<div class=\"et_pb_column et_pb_column_1_2 et_pb_column_23  et_pb_css_mix_blend_mode_passthrough\"><div class=\"et_pb_module et_pb_text et_pb_text_29  et_pb_text_align_left et_pb_bg_layout_light\"><div class=\"et_pb_text_inner\"><p>Cam\u00ed de Can Carrer\u00f3, s\/n, 08520, Les Franqueses del Vall\u00e8s, Barcelona<\/p><\/div><\/div><\/div><div class=\"et_pb_column et_pb_column_1_2 et_pb_column_24  et_pb_css_mix_blend_mode_passthrough et-last-child\"><div class=\"et_pb_module et_pb_map_0 et_pb_map_container\"><div class=\"et_pb_map\" data-center-lat=\"41.621253581286\" data-center-lng=\"2.310706155068\" data-zoom=\"18\" data-mouse-wheel=\"on\" data-mobile-dragging=\"on\"><div><div>\u00a0<\/div><\/div><\/div><\/div><\/div>\t\t\t\t\t\t\t\t<\/div>\n\t\t\t\t<\/div>\n\t\t\t\t\t<\/div>\n\t\t\t\t<\/div>\n\t\t<div class=\"elementor-element elementor-element-eab74a8 e-flex e-con-boxed e-con e-parent\" data-id=\"eab74a8\" data-element_type=\"container\">\n\t\t\t\t\t<div class=\"e-con-inner\">\n\t\t\t\t<div class=\"elementor-element elementor-element-5b18e43 elementor-widget elementor-widget-shortcode\" data-id=\"5b18e43\" data-element_type=\"widget\" data-widget_type=\"shortcode.default\">\n\t\t\t\t\t\t\t<div class=\"elementor-shortcode\">\t\t<div data-elementor-type=\"section\" data-elementor-id=\"784\" class=\"elementor elementor-784\" data-elementor-post-type=\"elementor_library\">\n\t\t\t<div class=\"elementor-element elementor-element-db779f3 e-flex e-con-boxed e-con e-parent\" data-id=\"db779f3\" data-element_type=\"container\">\n\t\t\t\t\t<div class=\"e-con-inner\">\n\t\t<div class=\"elementor-element elementor-element-ee49b6d e-con-full e-flex e-con e-child\" data-id=\"ee49b6d\" data-element_type=\"container\">\n\t\t\t\t<div class=\"elementor-element elementor-element-9ae9c30 elementor-widget elementor-widget-heading\" data-id=\"9ae9c30\" data-element_type=\"widget\" data-widget_type=\"heading.default\">\n\t\t\t\t\t<h2 class=\"elementor-heading-title elementor-size-default\">\u00bfTienes dudas? <br><b class=\"blue\">Contacta con nosotros<\/b><\/h2>\t\t\t\t<\/div>\n\t\t\t\t<div class=\"elementor-element elementor-element-d6207dd elementor-widget__width-initial elementor-widget elementor-widget-text-editor\" data-id=\"d6207dd\" data-element_type=\"widget\" data-widget_type=\"text-editor.default\">\n\t\t\t\t\t\t\t\t\t<p>Rellena el siguiente formulario y nos pondremos en contacto contigo lo antes posible para resolver todas tus dudas y enviarte toda la informaci\u00f3n que necesites.<\/p>\t\t\t\t\t\t\t\t<\/div>\n\t\t\t\t<div class=\"elementor-element elementor-element-ed555de elementor-widget elementor-widget-text-editor\" data-id=\"ed555de\" data-element_type=\"widget\" data-widget_type=\"text-editor.default\">\n\t\t\t\t\t\t\t\t\t<p><strong>Tel\u00e9fono:<\/strong> 933 408 204<br \/><strong>Correo:<\/strong> <a href=\"mailto:info@monlau.com\">info@monlau.com<\/a>\u2028<\/p><p><br \/><strong>Horarios de atenci\u00f3n:<\/strong> Lunes a viernes de 8:00 a 20:00<\/p>\t\t\t\t\t\t\t\t<\/div>\n\t\t\t\t<div class=\"elementor-element elementor-element-216325f elementor-shape-square e-grid-align-left elementor-grid-0 elementor-widget elementor-widget-social-icons\" data-id=\"216325f\" data-element_type=\"widget\" data-widget_type=\"social-icons.default\">\n\t\t\t\t\t\t\t<div class=\"elementor-social-icons-wrapper elementor-grid\" role=\"list\">\n\t\t\t\t\t\t\t<span class=\"elementor-grid-item\" role=\"listitem\">\n\t\t\t\t\t<a class=\"elementor-icon elementor-social-icon elementor-social-icon-instagram elementor-repeater-item-e362002\" href=\"https:\/\/www.instagram.com\/monlau_fp\/\" target=\"_blank\">\n\t\t\t\t\t\t<span class=\"elementor-screen-only\">Instagram<\/span>\n\t\t\t\t\t\t<svg aria-hidden=\"true\" class=\"e-font-icon-svg e-fab-instagram\" viewBox=\"0 0 448 512\" xmlns=\"http:\/\/www.w3.org\/2000\/svg\"><path d=\"M224.1 141c-63.6 0-114.9 51.3-114.9 114.9s51.3 114.9 114.9 114.9S339 319.5 339 255.9 287.7 141 224.1 141zm0 189.6c-41.1 0-74.7-33.5-74.7-74.7s33.5-74.7 74.7-74.7 74.7 33.5 74.7 74.7-33.6 74.7-74.7 74.7zm146.4-194.3c0 14.9-12 26.8-26.8 26.8-14.9 0-26.8-12-26.8-26.8s12-26.8 26.8-26.8 26.8 12 26.8 26.8zm76.1 27.2c-1.7-35.9-9.9-67.7-36.2-93.9-26.2-26.2-58-34.4-93.9-36.2-37-2.1-147.9-2.1-184.9 0-35.8 1.7-67.6 9.9-93.9 36.1s-34.4 58-36.2 93.9c-2.1 37-2.1 147.9 0 184.9 1.7 35.9 9.9 67.7 36.2 93.9s58 34.4 93.9 36.2c37 2.1 147.9 2.1 184.9 0 35.9-1.7 67.7-9.9 93.9-36.2 26.2-26.2 34.4-58 36.2-93.9 2.1-37 2.1-147.8 0-184.8zM398.8 388c-7.8 19.6-22.9 34.7-42.6 42.6-29.5 11.7-99.5 9-132.1 9s-102.7 2.6-132.1-9c-19.6-7.8-34.7-22.9-42.6-42.6-11.7-29.5-9-99.5-9-132.1s-2.6-102.7 9-132.1c7.8-19.6 22.9-34.7 42.6-42.6 29.5-11.7 99.5-9 132.1-9s102.7-2.6 132.1 9c19.6 7.8 34.7 22.9 42.6 42.6 11.7 29.5 9 99.5 9 132.1s2.7 102.7-9 132.1z\"><\/path><\/svg>\t\t\t\t\t<\/a>\n\t\t\t\t<\/span>\n\t\t\t\t\t\t\t<span class=\"elementor-grid-item\" role=\"listitem\">\n\t\t\t\t\t<a class=\"elementor-icon elementor-social-icon elementor-social-icon-linkedin elementor-repeater-item-5390eaf\" href=\"https:\/\/www.linkedin.com\/school\/monlau-formacion-profesional\/\" target=\"_blank\">\n\t\t\t\t\t\t<span class=\"elementor-screen-only\">Linkedin<\/span>\n\t\t\t\t\t\t<svg aria-hidden=\"true\" class=\"e-font-icon-svg e-fab-linkedin\" viewBox=\"0 0 448 512\" xmlns=\"http:\/\/www.w3.org\/2000\/svg\"><path d=\"M416 32H31.9C14.3 32 0 46.5 0 64.3v383.4C0 465.5 14.3 480 31.9 480H416c17.6 0 32-14.5 32-32.3V64.3c0-17.8-14.4-32.3-32-32.3zM135.4 416H69V202.2h66.5V416zm-33.2-243c-21.3 0-38.5-17.3-38.5-38.5S80.9 96 102.2 96c21.2 0 38.5 17.3 38.5 38.5 0 21.3-17.2 38.5-38.5 38.5zm282.1 243h-66.4V312c0-24.8-.5-56.7-34.5-56.7-34.6 0-39.9 27-39.9 54.9V416h-66.4V202.2h63.7v29.2h.9c8.9-16.8 30.6-34.5 62.9-34.5 67.2 0 79.7 44.3 79.7 101.9V416z\"><\/path><\/svg>\t\t\t\t\t<\/a>\n\t\t\t\t<\/span>\n\t\t\t\t\t\t\t<span class=\"elementor-grid-item\" role=\"listitem\">\n\t\t\t\t\t<a class=\"elementor-icon elementor-social-icon elementor-social-icon-tiktok elementor-repeater-item-1134e34\" href=\"https:\/\/www.tiktok.com\/@monlau_fp\" target=\"_blank\">\n\t\t\t\t\t\t<span class=\"elementor-screen-only\">Tiktok<\/span>\n\t\t\t\t\t\t<svg aria-hidden=\"true\" class=\"e-font-icon-svg e-fab-tiktok\" viewBox=\"0 0 448 512\" xmlns=\"http:\/\/www.w3.org\/2000\/svg\"><path d=\"M448,209.91a210.06,210.06,0,0,1-122.77-39.25V349.38A162.55,162.55,0,1,1,185,188.31V278.2a74.62,74.62,0,1,0,52.23,71.18V0l88,0a121.18,121.18,0,0,0,1.86,22.17h0A122.18,122.18,0,0,0,381,102.39a121.43,121.43,0,0,0,67,20.14Z\"><\/path><\/svg>\t\t\t\t\t<\/a>\n\t\t\t\t<\/span>\n\t\t\t\t\t\t\t<span class=\"elementor-grid-item\" role=\"listitem\">\n\t\t\t\t\t<a class=\"elementor-icon elementor-social-icon elementor-social-icon-facebook-f elementor-repeater-item-d26cb9b\" href=\"https:\/\/www.facebook.com\/monlau.fp\" target=\"_blank\">\n\t\t\t\t\t\t<span class=\"elementor-screen-only\">Facebook-f<\/span>\n\t\t\t\t\t\t<svg aria-hidden=\"true\" class=\"e-font-icon-svg e-fab-facebook-f\" viewBox=\"0 0 320 512\" xmlns=\"http:\/\/www.w3.org\/2000\/svg\"><path d=\"M279.14 288l14.22-92.66h-88.91v-60.13c0-25.35 12.42-50.06 52.24-50.06h40.42V6.26S260.43 0 225.36 0c-73.22 0-121.08 44.38-121.08 124.72v70.62H22.89V288h81.39v224h100.17V288z\"><\/path><\/svg>\t\t\t\t\t<\/a>\n\t\t\t\t<\/span>\n\t\t\t\t\t\t\t<span class=\"elementor-grid-item\" role=\"listitem\">\n\t\t\t\t\t<a class=\"elementor-icon elementor-social-icon elementor-social-icon-x-twitter elementor-repeater-item-0c00569\" href=\"https:\/\/x.com\/Monlau_FP\" target=\"_blank\">\n\t\t\t\t\t\t<span class=\"elementor-screen-only\">X-twitter<\/span>\n\t\t\t\t\t\t<svg aria-hidden=\"true\" class=\"e-font-icon-svg e-fab-x-twitter\" viewBox=\"0 0 512 512\" xmlns=\"http:\/\/www.w3.org\/2000\/svg\"><path d=\"M389.2 48h70.6L305.6 224.2 487 464H345L233.7 318.6 106.5 464H35.8L200.7 275.5 26.8 48H172.4L272.9 180.9 389.2 48zM364.4 421.8h39.1L151.1 88h-42L364.4 421.8z\"><\/path><\/svg>\t\t\t\t\t<\/a>\n\t\t\t\t<\/span>\n\t\t\t\t\t\t\t<span class=\"elementor-grid-item\" role=\"listitem\">\n\t\t\t\t\t<a class=\"elementor-icon elementor-social-icon elementor-social-icon-youtube elementor-repeater-item-9ff4e7b\" href=\"https:\/\/www.youtube.com\/c\/monlauformacionprofesional\" target=\"_blank\">\n\t\t\t\t\t\t<span class=\"elementor-screen-only\">Youtube<\/span>\n\t\t\t\t\t\t<svg aria-hidden=\"true\" class=\"e-font-icon-svg e-fab-youtube\" viewBox=\"0 0 576 512\" xmlns=\"http:\/\/www.w3.org\/2000\/svg\"><path d=\"M549.655 124.083c-6.281-23.65-24.787-42.276-48.284-48.597C458.781 64 288 64 288 64S117.22 64 74.629 75.486c-23.497 6.322-42.003 24.947-48.284 48.597-11.412 42.867-11.412 132.305-11.412 132.305s0 89.438 11.412 132.305c6.281 23.65 24.787 41.5 48.284 47.821C117.22 448 288 448 288 448s170.78 0 213.371-11.486c23.497-6.321 42.003-24.171 48.284-47.821 11.412-42.867 11.412-132.305 11.412-132.305s0-89.438-11.412-132.305zm-317.51 213.508V175.185l142.739 81.205-142.739 81.201z\"><\/path><\/svg>\t\t\t\t\t<\/a>\n\t\t\t\t<\/span>\n\t\t\t\t\t<\/div>\n\t\t\t\t\t\t<\/div>\n\t\t\t\t<\/div>\n\t\t<div class=\"elementor-element elementor-element-076cbd5 e-con-full e-flex e-con e-child\" data-id=\"076cbd5\" data-element_type=\"container\">\n\t\t\t\t<div class=\"elementor-element elementor-element-f4e821d elementor-widget elementor-widget-shortcode\" data-id=\"f4e821d\" data-element_type=\"widget\" data-widget_type=\"shortcode.default\">\n\t\t\t\t\t\t\t<div class=\"elementor-shortcode\"><style id=\"wpforms-css-vars-601\">\n\t\t\t\t#wpforms-601 {\n\t\t\t\t--wpforms-field-border-style: none;\n--wpforms-field-border-radius: 5px;\n--wpforms-field-background-color: #f5f5f5;\n--wpforms-field-border-color: #000000;\n--wpforms-field-border-color-spare: #000000;\n--wpforms-field-text-color: rgba(0, 0, 0, 0.7);\n--wpforms-label-color: rgba(0, 0, 0, 0.85);\n--wpforms-label-sublabel-color: rgba(0, 0, 0, 0.55);\n--wpforms-button-border-radius: 30px;\n--wpforms-button-background-color: #08539D;\n--wpforms-container-padding: 0px;\n--wpforms-container-border-width: 1px;\n--wpforms-container-border-radius: 3px;\n--wpforms-background-color: rgba(0, 0, 0, 0);\n--wpforms-field-border-size: 0px;\n--wpforms-field-size-input-height: 50px;\n--wpforms-field-size-input-spacing: 20px;\n--wpforms-field-size-font-size: 18px;\n--wpforms-field-size-line-height: 21px;\n--wpforms-field-size-padding-h: 14px;\n--wpforms-field-size-checkbox-size: 18px;\n--wpforms-field-size-sublabel-spacing: 10px;\n--wpforms-field-size-icon-size: 1.25;\n--wpforms-label-size-font-size: 16px;\n--wpforms-label-size-line-height: 19px;\n--wpforms-label-size-sublabel-font-size: 14px;\n--wpforms-label-size-sublabel-line-height: 17px;\n--wpforms-button-size-font-size: 17px;\n--wpforms-button-size-height: 41px;\n--wpforms-button-size-padding-h: 15px;\n--wpforms-button-size-margin-top: 10px;\n--wpforms-container-shadow-size-box-shadow: none;\n\t\t\t}\n\t\t\t<\/style><div class=\"wpforms-container wpforms-container-full send-to-erp wpforms-render-modern\" id=\"wpforms-601\"><form id=\"wpforms-form-601\" class=\"wpforms-validate wpforms-form\" data-formid=\"601\" method=\"post\" enctype=\"multipart\/form-data\" action=\"\/fp\/wp-json\/wp\/v2\/pages\/8198\" data-token=\"4cb85730f5295aba665340534b02e303\" data-token-time=\"1777694211\"><noscript class=\"wpforms-error-noscript\">Por favor, activa JavaScript en tu navegador para completar este formulario.<\/noscript><div id=\"wpforms-error-noscript\" style=\"display: none;\">Por favor, activa JavaScript en tu navegador para completar este formulario.<\/div><div class=\"wpforms-field-container\"><div id=\"wpforms-601-field_1-container\" class=\"wpforms-field wpforms-field-text erp-name\" data-field-id=\"1\"><label class=\"wpforms-field-label\" for=\"wpforms-601-field_1\">Nombre <span class=\"wpforms-required-label\" aria-hidden=\"true\">*<\/span><\/label><input type=\"text\" id=\"wpforms-601-field_1\" class=\"wpforms-field-medium wpforms-field-required\" name=\"wpforms[fields][1]\" placeholder=\"Nombre completo\" aria-errormessage=\"wpforms-601-field_1-error\" required><\/div><div id=\"wpforms-601-field_2-container\" class=\"wpforms-field wpforms-field-email erp-email\" data-field-id=\"2\"><label class=\"wpforms-field-label\" for=\"wpforms-601-field_2\">Email <span class=\"wpforms-required-label\" aria-hidden=\"true\">*<\/span><\/label><input type=\"email\" id=\"wpforms-601-field_2\" class=\"wpforms-field-medium wpforms-field-required\" name=\"wpforms[fields][2]\" placeholder=\"info@tucorreoelectronico.com\" spellcheck=\"false\" aria-errormessage=\"wpforms-601-field_2-error\" required><\/div>\t\t<div id=\"wpforms-601-field_3-container\"\n\t\t\tclass=\"wpforms-field wpforms-field-text\"\n\t\t\tdata-field-type=\"text\"\n\t\t\tdata-field-id=\"3\"\n\t\t\t>\n\t\t\t<label class=\"wpforms-field-label\" for=\"wpforms-601-field_3\" >Mensaje de privacitat<\/label>\n\t\t\t<input type=\"text\" id=\"wpforms-601-field_3\" class=\"wpforms-field-medium\" name=\"wpforms[fields][3]\" >\n\t\t<\/div>\n\t\t<div id=\"wpforms-601-field_6-container\" class=\"wpforms-field wpforms-field-text erp-phone\" data-field-id=\"6\"><label class=\"wpforms-field-label\" for=\"wpforms-601-field_6\">Tel\u00e9fono<\/label><input type=\"text\" id=\"wpforms-601-field_6\" class=\"wpforms-field-medium wpforms-masked-input\" data-rule-inputmask-incomplete=\"1\" data-inputmask-mask=\"[+34 ]999 999 999\" name=\"wpforms[fields][6]\" placeholder=\"+34 123 456 780\" aria-errormessage=\"wpforms-601-field_6-error\" ><\/div><div id=\"wpforms-601-field_4-container\" class=\"wpforms-field wpforms-field-textarea erp-message\" data-field-id=\"4\"><label class=\"wpforms-field-label\" for=\"wpforms-601-field_4\">Mensaje<\/label><textarea id=\"wpforms-601-field_4\" class=\"wpforms-field-medium\" name=\"wpforms[fields][4]\" placeholder=\"tu mensaje\" aria-errormessage=\"wpforms-601-field_4-error\" ><\/textarea><\/div><div id=\"wpforms-601-field_7-container\" class=\"wpforms-field wpforms-field-checkbox erp-policity\" data-field-id=\"7\"><fieldset><legend class=\"wpforms-field-label wpforms-label-hide\" aria-hidden=\"false\">Pol\u00edtica de privacitat<\/legend><ul id=\"wpforms-601-field_7\"><li class=\"choice-1 depth-1\"><input type=\"checkbox\" id=\"wpforms-601-field_7_1\" name=\"wpforms[fields][7][]\" value=\"Acepto la &lt;a href=&quot;https:\/\/monlau.com\/fp\/politica-de-privacidad-y-cookies\/&quot; target=&quot;_blank&quot;&gt;pol\u00edtica de privacidad&lt;\/a&gt;\" aria-errormessage=\"wpforms-601-field_7_1-error\"  ><label class=\"wpforms-field-label-inline\" for=\"wpforms-601-field_7_1\">Acepto la <a href=\"https:\/\/monlau.com\/fp\/politica-de-privacidad-y-cookies\/\" target=\"_blank\">pol\u00edtica de privacidad<\/a><\/label><\/li><\/ul><\/fieldset><\/div><script>\n\t\t\t\t( function() {\n\t\t\t\t\tconst style = document.createElement( 'style' );\n\t\t\t\t\tstyle.appendChild( document.createTextNode( '#wpforms-601-field_3-container { position: absolute !important; overflow: hidden !important; display: inline !important; height: 1px !important; width: 1px !important; z-index: -1000 !important; padding: 0 !important; } #wpforms-601-field_3-container input { visibility: hidden; } #wpforms-conversational-form-page #wpforms-601-field_3-container label { counter-increment: none; }' ) );\n\t\t\t\t\tdocument.head.appendChild( style );\n\t\t\t\t\tdocument.currentScript?.remove();\n\t\t\t\t} )();\n\t\t\t<\/script><\/div><!-- .wpforms-field-container --><div class=\"wpforms-submit-container\" ><input type=\"hidden\" name=\"wpforms[id]\" value=\"601\"><input type=\"hidden\" name=\"page_title\" value=\"\"><input type=\"hidden\" name=\"page_url\" value=\"https:\/\/www.monlau.com\/fp\/wp-json\/wp\/v2\/pages\/8198\"><input type=\"hidden\" name=\"url_referer\" value=\"\"><button type=\"submit\" name=\"wpforms[submit]\" id=\"wpforms-submit-601\" class=\"wpforms-submit btn-blue\" data-alt-text=\"Enviando...\" data-submit-text=\"Enviar\" aria-live=\"assertive\" value=\"wpforms-submit\">Enviar<\/button><\/div><\/form><\/div>  <!-- .wpforms-container --><\/div>\n\t\t\t\t\t\t<\/div>\n\t\t\t\t<\/div>\n\t\t\t\t\t<\/div>\n\t\t\t\t<\/div>\n\t\t\t\t<\/div>\n\t\t<\/div>\n\t\t\t\t\t\t<\/div>\n\t\t\t\t\t<\/div>\n\t\t\t\t<\/div>\n\t\t\t\t<\/div>\n\t\t","protected":false},"excerpt":{"rendered":"<p>Jornada de la Automoci\u00f3n 2026 Tras el \u00e9xito de 2025 \u2014con m\u00e1s de 1.200 asistentes, 75 empresas y 200 contactos que se tradujeron en 70 entrevistas\u2014 la V Jornada de la Automoci\u00f3n 2026 vuelve para impulsar la empleabilidad y la innovaci\u00f3n en FP. Si eres empresa, docente o alumno, aqu\u00ed encontrar\u00e1s networking de calidad, demos [&hellip;]<\/p>\n","protected":false},"author":1,"featured_media":0,"parent":0,"menu_order":0,"comment_status":"closed","ping_status":"closed","template":"elementor_header_footer","meta":{"footnotes":""},"class_list":["post-8198","page","type-page","status-publish","hentry"],"yoast_head":"<!-- This site is optimized with the Yoast SEO plugin v27.2 - https:\/\/yoast.com\/product\/yoast-seo-wordpress\/ -->\n<title>Jornada de la Automoci\u00f3n 2026 - Formaci\u00f3n profesional<\/title>\n<meta name=\"description\" content=\"En la Jornada de la Automoci\u00f3n m\u00e1s de 700 alumnos y alumnas participan exponiendo sus trabajos de final de curso. \u00a1Ya tenemos fecha!\" \/>\n<meta name=\"robots\" content=\"index, follow, max-snippet:-1, max-image-preview:large, max-video-preview:-1\" \/>\n<link rel=\"canonical\" href=\"https:\/\/www.monlau.com\/fp\/jornada-de-la-automocion-2026\/\" \/>\n<meta property=\"og:locale\" content=\"es_ES\" \/>\n<meta property=\"og:type\" content=\"article\" \/>\n<meta property=\"og:title\" content=\"Jornada de la Automoci\u00f3n 2026 - Formaci\u00f3n profesional\" \/>\n<meta property=\"og:description\" content=\"En la Jornada de la Automoci\u00f3n m\u00e1s de 700 alumnos y alumnas participan exponiendo sus trabajos de final de curso. \u00a1Ya tenemos fecha!\" \/>\n<meta property=\"og:url\" content=\"https:\/\/www.monlau.com\/fp\/jornada-de-la-automocion-2026\/\" \/>\n<meta property=\"og:site_name\" content=\"Formaci\u00f3n profesional\" \/>\n<meta property=\"article:modified_time\" content=\"2026-04-24T09:36:32+00:00\" \/>\n<meta property=\"og:image\" content=\"https:\/\/www.monlau.com\/app\/uploads\/sites\/3\/2026\/03\/jornada.jpg\" \/>\n<meta name=\"twitter:card\" content=\"summary_large_image\" \/>\n<meta name=\"twitter:label1\" content=\"Tiempo de lectura\" \/>\n\t<meta name=\"twitter:data1\" content=\"4 minutos\" \/>\n<script type=\"application\/ld+json\" class=\"yoast-schema-graph\">{\"@context\":\"https:\/\/schema.org\",\"@graph\":[{\"@type\":\"WebPage\",\"@id\":\"https:\/\/www.monlau.com\/fp\/jornada-de-la-automocion-2026\/\",\"url\":\"https:\/\/www.monlau.com\/fp\/jornada-de-la-automocion-2026\/\",\"name\":\"Jornada de la Automoci\u00f3n 2026 - Formaci\u00f3n profesional\",\"isPartOf\":{\"@id\":\"https:\/\/www.monlau.com\/fp\/#website\"},\"primaryImageOfPage\":{\"@id\":\"https:\/\/www.monlau.com\/fp\/jornada-de-la-automocion-2026\/#primaryimage\"},\"image\":{\"@id\":\"https:\/\/www.monlau.com\/fp\/jornada-de-la-automocion-2026\/#primaryimage\"},\"thumbnailUrl\":\"https:\/\/www.monlau.com\/app\/uploads\/sites\/3\/2026\/03\/jornada.jpg\",\"datePublished\":\"2026-03-16T13:53:19+00:00\",\"dateModified\":\"2026-04-24T09:36:32+00:00\",\"description\":\"En la Jornada de la Automoci\u00f3n m\u00e1s de 700 alumnos y alumnas participan exponiendo sus trabajos de final de curso. \u00a1Ya tenemos fecha!\",\"breadcrumb\":{\"@id\":\"https:\/\/www.monlau.com\/fp\/jornada-de-la-automocion-2026\/#breadcrumb\"},\"inLanguage\":\"es\",\"potentialAction\":[{\"@type\":\"ReadAction\",\"target\":[\"https:\/\/www.monlau.com\/fp\/jornada-de-la-automocion-2026\/\"]}]},{\"@type\":\"ImageObject\",\"inLanguage\":\"es\",\"@id\":\"https:\/\/www.monlau.com\/fp\/jornada-de-la-automocion-2026\/#primaryimage\",\"url\":\"https:\/\/www.monlau.com\/app\/uploads\/sites\/3\/2026\/03\/jornada.jpg\",\"contentUrl\":\"https:\/\/www.monlau.com\/app\/uploads\/sites\/3\/2026\/03\/jornada.jpg\"},{\"@type\":\"BreadcrumbList\",\"@id\":\"https:\/\/www.monlau.com\/fp\/jornada-de-la-automocion-2026\/#breadcrumb\",\"itemListElement\":[{\"@type\":\"ListItem\",\"position\":1,\"name\":\"Portada\",\"item\":\"https:\/\/www.monlau.com\/fp\/\"},{\"@type\":\"ListItem\",\"position\":2,\"name\":\"Jornada de la Automoci\u00f3n 2026\"}]},{\"@type\":\"WebSite\",\"@id\":\"https:\/\/www.monlau.com\/fp\/#website\",\"url\":\"https:\/\/www.monlau.com\/fp\/\",\"name\":\"Formaci\u00f3n profesional\",\"description\":\"Monlau\",\"publisher\":{\"@id\":\"https:\/\/www.monlau.com\/fp\/#organization\"},\"potentialAction\":[{\"@type\":\"SearchAction\",\"target\":{\"@type\":\"EntryPoint\",\"urlTemplate\":\"https:\/\/www.monlau.com\/fp\/?s={search_term_string}\"},\"query-input\":{\"@type\":\"PropertyValueSpecification\",\"valueRequired\":true,\"valueName\":\"search_term_string\"}}],\"inLanguage\":\"es\"},{\"@type\":\"Organization\",\"@id\":\"https:\/\/www.monlau.com\/fp\/#organization\",\"name\":\"Formaci\u00f3n profesional\",\"url\":\"https:\/\/www.monlau.com\/fp\/\",\"logo\":{\"@type\":\"ImageObject\",\"inLanguage\":\"es\",\"@id\":\"https:\/\/www.monlau.com\/fp\/#\/schema\/logo\/image\/\",\"url\":\"https:\/\/www.monlau.com\/app\/uploads\/sites\/3\/2026\/01\/fp.png\",\"contentUrl\":\"https:\/\/www.monlau.com\/app\/uploads\/sites\/3\/2026\/01\/fp.png\",\"width\":1024,\"height\":878,\"caption\":\"Formaci\u00f3n profesional\"},\"image\":{\"@id\":\"https:\/\/www.monlau.com\/fp\/#\/schema\/logo\/image\/\"}}]}<\/script>\n<!-- \/ Yoast SEO plugin. -->","yoast_head_json":{"title":"Jornada de la Automoci\u00f3n 2026 - Formaci\u00f3n profesional","description":"En la Jornada de la Automoci\u00f3n m\u00e1s de 700 alumnos y alumnas participan exponiendo sus trabajos de final de curso. \u00a1Ya tenemos fecha!","robots":{"index":"index","follow":"follow","max-snippet":"max-snippet:-1","max-image-preview":"max-image-preview:large","max-video-preview":"max-video-preview:-1"},"canonical":"https:\/\/www.monlau.com\/fp\/jornada-de-la-automocion-2026\/","og_locale":"es_ES","og_type":"article","og_title":"Jornada de la Automoci\u00f3n 2026 - Formaci\u00f3n profesional","og_description":"En la Jornada de la Automoci\u00f3n m\u00e1s de 700 alumnos y alumnas participan exponiendo sus trabajos de final de curso. \u00a1Ya tenemos fecha!","og_url":"https:\/\/www.monlau.com\/fp\/jornada-de-la-automocion-2026\/","og_site_name":"Formaci\u00f3n profesional","article_modified_time":"2026-04-24T09:36:32+00:00","og_image":[{"url":"https:\/\/www.monlau.com\/app\/uploads\/sites\/3\/2026\/03\/jornada.jpg","type":"","width":"","height":""}],"twitter_card":"summary_large_image","twitter_misc":{"Tiempo de lectura":"4 minutos"},"schema":{"@context":"https:\/\/schema.org","@graph":[{"@type":"WebPage","@id":"https:\/\/www.monlau.com\/fp\/jornada-de-la-automocion-2026\/","url":"https:\/\/www.monlau.com\/fp\/jornada-de-la-automocion-2026\/","name":"Jornada de la Automoci\u00f3n 2026 - Formaci\u00f3n profesional","isPartOf":{"@id":"https:\/\/www.monlau.com\/fp\/#website"},"primaryImageOfPage":{"@id":"https:\/\/www.monlau.com\/fp\/jornada-de-la-automocion-2026\/#primaryimage"},"image":{"@id":"https:\/\/www.monlau.com\/fp\/jornada-de-la-automocion-2026\/#primaryimage"},"thumbnailUrl":"https:\/\/www.monlau.com\/app\/uploads\/sites\/3\/2026\/03\/jornada.jpg","datePublished":"2026-03-16T13:53:19+00:00","dateModified":"2026-04-24T09:36:32+00:00","description":"En la Jornada de la Automoci\u00f3n m\u00e1s de 700 alumnos y alumnas participan exponiendo sus trabajos de final de curso. \u00a1Ya tenemos fecha!","breadcrumb":{"@id":"https:\/\/www.monlau.com\/fp\/jornada-de-la-automocion-2026\/#breadcrumb"},"inLanguage":"es","potentialAction":[{"@type":"ReadAction","target":["https:\/\/www.monlau.com\/fp\/jornada-de-la-automocion-2026\/"]}]},{"@type":"ImageObject","inLanguage":"es","@id":"https:\/\/www.monlau.com\/fp\/jornada-de-la-automocion-2026\/#primaryimage","url":"https:\/\/www.monlau.com\/app\/uploads\/sites\/3\/2026\/03\/jornada.jpg","contentUrl":"https:\/\/www.monlau.com\/app\/uploads\/sites\/3\/2026\/03\/jornada.jpg"},{"@type":"BreadcrumbList","@id":"https:\/\/www.monlau.com\/fp\/jornada-de-la-automocion-2026\/#breadcrumb","itemListElement":[{"@type":"ListItem","position":1,"name":"Portada","item":"https:\/\/www.monlau.com\/fp\/"},{"@type":"ListItem","position":2,"name":"Jornada de la Automoci\u00f3n 2026"}]},{"@type":"WebSite","@id":"https:\/\/www.monlau.com\/fp\/#website","url":"https:\/\/www.monlau.com\/fp\/","name":"Formaci\u00f3n profesional","description":"Monlau","publisher":{"@id":"https:\/\/www.monlau.com\/fp\/#organization"},"potentialAction":[{"@type":"SearchAction","target":{"@type":"EntryPoint","urlTemplate":"https:\/\/www.monlau.com\/fp\/?s={search_term_string}"},"query-input":{"@type":"PropertyValueSpecification","valueRequired":true,"valueName":"search_term_string"}}],"inLanguage":"es"},{"@type":"Organization","@id":"https:\/\/www.monlau.com\/fp\/#organization","name":"Formaci\u00f3n profesional","url":"https:\/\/www.monlau.com\/fp\/","logo":{"@type":"ImageObject","inLanguage":"es","@id":"https:\/\/www.monlau.com\/fp\/#\/schema\/logo\/image\/","url":"https:\/\/www.monlau.com\/app\/uploads\/sites\/3\/2026\/01\/fp.png","contentUrl":"https:\/\/www.monlau.com\/app\/uploads\/sites\/3\/2026\/01\/fp.png","width":1024,"height":878,"caption":"Formaci\u00f3n profesional"},"image":{"@id":"https:\/\/www.monlau.com\/fp\/#\/schema\/logo\/image\/"}}]}},"_links":{"self":[{"href":"https:\/\/www.monlau.com\/fp\/wp-json\/wp\/v2\/pages\/8198","targetHints":{"allow":["GET"]}}],"collection":[{"href":"https:\/\/www.monlau.com\/fp\/wp-json\/wp\/v2\/pages"}],"about":[{"href":"https:\/\/www.monlau.com\/fp\/wp-json\/wp\/v2\/types\/page"}],"author":[{"embeddable":true,"href":"https:\/\/www.monlau.com\/fp\/wp-json\/wp\/v2\/users\/1"}],"replies":[{"embeddable":true,"href":"https:\/\/www.monlau.com\/fp\/wp-json\/wp\/v2\/comments?post=8198"}],"version-history":[{"count":70,"href":"https:\/\/www.monlau.com\/fp\/wp-json\/wp\/v2\/pages\/8198\/revisions"}],"predecessor-version":[{"id":10592,"href":"https:\/\/www.monlau.com\/fp\/wp-json\/wp\/v2\/pages\/8198\/revisions\/10592"}],"wp:attachment":[{"href":"https:\/\/www.monlau.com\/fp\/wp-json\/wp\/v2\/media?parent=8198"}],"curies":[{"name":"wp","href":"https:\/\/api.w.org\/{rel}","templated":true}]}}