{"id":10457,"date":"2026-04-23T08:30:46","date_gmt":"2026-04-23T06:30:46","guid":{"rendered":"https:\/\/www.monlau.com\/fp\/?page_id=10457"},"modified":"2026-04-23T08:35:40","modified_gmt":"2026-04-23T06:35:40","slug":"moventia-y-monlau","status":"publish","type":"page","link":"https:\/\/www.monlau.com\/fp\/moventia-y-monlau\/","title":{"rendered":"Moventia y Monlau"},"content":{"rendered":"\t\t<div data-elementor-type=\"wp-page\" data-elementor-id=\"10457\" class=\"elementor elementor-10457\" data-elementor-post-type=\"page\">\n\t\t\t\t<div class=\"elementor-element elementor-element-cc311dd e-flex e-con-boxed e-con e-parent\" data-id=\"cc311dd\" data-element_type=\"container\" data-settings=\"{&quot;background_background&quot;:&quot;classic&quot;}\">\n\t\t\t\t\t<div class=\"e-con-inner\">\n\t\t\t\t<div class=\"elementor-element elementor-element-240d32b elementor-widget__width-initial elementor-widget elementor-widget-text-editor\" data-id=\"240d32b\" data-element_type=\"widget\" data-widget_type=\"text-editor.default\">\n\t\t\t\t\t\t\t\t\t<h1 class=\"elementor-heading-title elementor-size-default\"><b>Moventia\u00a0<\/b>y Monlau<\/h1>\t\t\t\t\t\t\t\t<\/div>\n\t\t\t\t\t<\/div>\n\t\t\t\t<\/div>\n\t\t<div class=\"elementor-element elementor-element-f19af4e e-flex e-con-boxed e-con e-parent\" data-id=\"f19af4e\" data-element_type=\"container\">\n\t\t\t\t\t<div class=\"e-con-inner\">\n\t\t<div class=\"elementor-element elementor-element-134a7cc e-con-full e-flex e-con e-child\" data-id=\"134a7cc\" data-element_type=\"container\" data-settings=\"{&quot;background_background&quot;:&quot;classic&quot;}\">\n\t\t\t\t<div class=\"elementor-element elementor-element-1ce0e01 elementor-widget elementor-widget-heading\" data-id=\"1ce0e01\" data-element_type=\"widget\" data-widget_type=\"heading.default\">\n\t\t\t\t\t<h2 class=\"elementor-heading-title elementor-size-default\">En Monlau,<b> reforzamos nuestro compromiso con la formaci\u00f3n pr\u00e1ctica y las oportunidades laborales de nuestros estudiantes<\/b> mediante un nuevo acuerdo con Grupo Moventia.<\/h2>\t\t\t\t<\/div>\n\t\t\t\t<div class=\"elementor-element elementor-element-a24870f elementor-widget elementor-widget-text-editor\" data-id=\"a24870f\" data-element_type=\"widget\" data-widget_type=\"text-editor.default\">\n\t\t\t\t\t\t\t\t\t<p data-start=\"395\" data-end=\"590\">Por ello, esta alianza, que incluye a sus \u00e1reas Moventis y Movento, les brindar\u00e1 acceso a experiencias \u00fanicas en el sector de la movilidad, tanto en transporte colectivo como en automoci\u00f3n.<\/p><p class=\"x_MsoNormal\"><strong>Un paso m\u00e1s en la formaci\u00f3n del talento: nace el \u2018Aula Moventia\u2019 en Monlau. <\/strong>A partir de ahora, nuestras instalaciones dedicadas a la Formaci\u00f3n Profesional en Automoci\u00f3n cuentan con un nuevo espacio de aprendizaje: el \u2018<strong>Aula Moventia<\/strong>\u2018. De este modo, este aula ser\u00e1 un punto de encuentro donde los estudiantes recibir\u00e1n formaci\u00f3n te\u00f3rica desde el primer d\u00eda. Como consecuencia, podr\u00e1n acercarse a la realidad del sector de una forma mucho m\u00e1s directa.<\/p>\t\t\t\t\t\t\t\t<\/div>\n\t\t\t\t<\/div>\n\t\t\t\t\t<\/div>\n\t\t\t\t<\/div>\n\t\t<div class=\"elementor-element elementor-element-eab1616 e-flex e-con-boxed e-con e-parent\" data-id=\"eab1616\" data-element_type=\"container\">\n\t\t\t\t\t<div class=\"e-con-inner\">\n\t\t<div class=\"elementor-element elementor-element-3764deb e-con-full e-flex elementor-invisible e-con e-child\" data-id=\"3764deb\" data-element_type=\"container\" data-settings=\"{&quot;animation&quot;:&quot;fadeInRight&quot;,&quot;background_background&quot;:&quot;classic&quot;}\">\n\t\t\t\t<\/div>\n\t\t<div class=\"elementor-element elementor-element-f05245d e-con-full e-flex elementor-invisible e-con e-child\" data-id=\"f05245d\" data-element_type=\"container\" data-settings=\"{&quot;animation&quot;:&quot;fadeInLeft&quot;}\">\n\t\t\t\t<div class=\"elementor-element elementor-element-e383416 elementor-widget elementor-widget-heading\" data-id=\"e383416\" data-element_type=\"widget\" data-widget_type=\"heading.default\">\n\t\t\t\t\t<h2 class=\"elementor-heading-title elementor-size-default\">Moventia: un <b>referente en movilidad colectiva y privada<\/b><\/h2>\t\t\t\t<\/div>\n\t\t\t\t<div class=\"elementor-element elementor-element-70d3e0f elementor-widget elementor-widget-text-editor\" data-id=\"70d3e0f\" data-element_type=\"widget\" data-widget_type=\"text-editor.default\">\n\t\t\t\t\t\t\t\t\t<div class=\"et_pb_row et_pb_row_1\"><div class=\"et_pb_column et_pb_column_4_4 et_pb_column_1 et_pb_css_mix_blend_mode_passthrough et-last-child\"><div class=\"et_pb_module et_pb_text et_pb_text_3 et_pb_text_align_left et_pb_bg_layout_light\"><div class=\"et_pb_text_inner\"><p data-start=\"1128\" data-end=\"1265\">Grupo Moventia es una empresa con m\u00e1s de 100 a\u00f1os de experiencia en movilidad. Por un lado, est\u00e1 estructurada en dos grandes \u00e1reas:<\/p><p><strong data-start=\"1145\" data-end=\"1160\"><a href=\"https:\/\/www.moventis.es\/es\">Moventis<\/a><\/strong>, enfocada en el transporte colectivo. Gestiona autobuses, autocares, tranv\u00edas y servicios de micro movilidad.<\/p><p><strong data-start=\"1320\" data-end=\"1334\"><a href=\"https:\/\/www.movento.es\/\">Movento<\/a><\/strong>, especializada en movilidad privada. Ofrece soluciones avanzadas en automoci\u00f3n, como venta, reparaci\u00f3n y modelos de pago por uso.<\/p><p data-start=\"1547\" data-end=\"1790\">Gracias a esta colaboraci\u00f3n, los estudiantes de Monlau podr\u00e1n acceder a pr\u00e1cticas, formaci\u00f3n dual y empleos estables en \u00e1reas como mec\u00e1nica, chapa y pintura, y asesor\u00eda de taller, tanto en transporte colectivo como en automoci\u00f3n privada. En definitiva, esta alianza representa un paso adelante en la conexi\u00f3n entre educaci\u00f3n y mundo laboral, facilitando que los alumnos adquieran experiencia y accedan a mejores oportunidades profesionales.<\/p><\/div><\/div><\/div><\/div><div class=\"et_pb_row et_pb_row_2\"><div class=\"et_pb_column et_pb_column_1_2 et_pb_column_2 et_pb_css_mix_blend_mode_passthrough\">\u00a0<\/div><\/div>\t\t\t\t\t\t\t\t<\/div>\n\t\t\t\t<\/div>\n\t\t\t\t\t<\/div>\n\t\t\t\t<\/div>\n\t\t<div class=\"elementor-element elementor-element-f337660 e-flex e-con-boxed e-con e-parent\" data-id=\"f337660\" data-element_type=\"container\">\n\t\t\t\t\t<div class=\"e-con-inner\">\n\t\t<div class=\"elementor-element elementor-element-31c4a16 e-con-full e-flex e-con e-child\" data-id=\"31c4a16\" data-element_type=\"container\" data-settings=\"{&quot;background_background&quot;:&quot;classic&quot;}\">\n\t\t\t\t<div class=\"elementor-element elementor-element-e153754 elementor-widget elementor-widget-heading\" data-id=\"e153754\" data-element_type=\"widget\" data-widget_type=\"heading.default\">\n\t\t\t\t\t<p class=\"elementor-heading-title elementor-size-default\">Te invitamos a <b>leer el art\u00edculo completo <br>en nuestro blog<\/b>\n<\/p>\t\t\t\t<\/div>\n\t\t\t\t<div class=\"elementor-element elementor-element-d2c46a4 elementor-align-right btn-blue-inverse elementor-widget elementor-widget-button\" data-id=\"d2c46a4\" data-element_type=\"widget\" data-widget_type=\"button.default\">\n\t\t\t\t\t\t\t\t\t\t<a class=\"elementor-button elementor-button-link elementor-size-sm\" href=\"https:\/\/www.monlau.com\/fp\/2025\/03\/11\/grupo-moventia-y-monlau-un-nuevo-acuerdo-que-impulsa-la-empleabilidad-en-el-sector-de-la-movilidad\/\">\n\t\t\t\t\t\t<span class=\"elementor-button-content-wrapper\">\n\t\t\t\t\t\t\t\t\t<span class=\"elementor-button-text\">Leer blog<\/span>\n\t\t\t\t\t<\/span>\n\t\t\t\t\t<\/a>\n\t\t\t\t\t\t\t\t<\/div>\n\t\t\t\t<\/div>\n\t\t\t\t\t<\/div>\n\t\t\t\t<\/div>\n\t\t\t\t<\/div>\n\t\t","protected":false},"excerpt":{"rendered":"<p>Moventia\u00a0y Monlau En Monlau, reforzamos nuestro compromiso con la formaci\u00f3n pr\u00e1ctica y las oportunidades laborales de nuestros estudiantes mediante un nuevo acuerdo con Grupo Moventia. Por ello, esta alianza, que incluye a sus \u00e1reas Moventis y Movento, les brindar\u00e1 acceso a experiencias \u00fanicas en el sector de la movilidad, tanto en transporte colectivo como en [&hellip;]<\/p>\n","protected":false},"author":1,"featured_media":0,"parent":0,"menu_order":0,"comment_status":"closed","ping_status":"closed","template":"elementor_header_footer","meta":{"footnotes":""},"class_list":["post-10457","page","type-page","status-publish","hentry"],"yoast_head":"<!-- This site is optimized with the Yoast SEO plugin v27.2 - https:\/\/yoast.com\/product\/yoast-seo-wordpress\/ -->\n<title>Moventia y Monlau - Formaci\u00f3n profesional<\/title>\n<meta name=\"robots\" content=\"index, follow, max-snippet:-1, max-image-preview:large, max-video-preview:-1\" \/>\n<link rel=\"canonical\" href=\"https:\/\/www.monlau.com\/fp\/moventia-y-monlau\/\" \/>\n<meta property=\"og:locale\" content=\"es_ES\" \/>\n<meta property=\"og:type\" content=\"article\" \/>\n<meta property=\"og:title\" content=\"Moventia y Monlau - Formaci\u00f3n profesional\" \/>\n<meta property=\"og:description\" content=\"Moventia\u00a0y Monlau En Monlau, reforzamos nuestro compromiso con la formaci\u00f3n pr\u00e1ctica y las oportunidades laborales de nuestros estudiantes mediante un nuevo acuerdo con Grupo Moventia. Por ello, esta alianza, que incluye a sus \u00e1reas Moventis y Movento, les brindar\u00e1 acceso a experiencias \u00fanicas en el sector de la movilidad, tanto en transporte colectivo como en [&hellip;]\" \/>\n<meta property=\"og:url\" content=\"https:\/\/www.monlau.com\/fp\/moventia-y-monlau\/\" \/>\n<meta property=\"og:site_name\" content=\"Formaci\u00f3n profesional\" \/>\n<meta property=\"article:modified_time\" content=\"2026-04-23T06:35:40+00:00\" \/>\n<meta name=\"twitter:card\" content=\"summary_large_image\" \/>\n<meta name=\"twitter:label1\" content=\"Tiempo de lectura\" \/>\n\t<meta name=\"twitter:data1\" content=\"2 minutos\" \/>\n<script type=\"application\/ld+json\" class=\"yoast-schema-graph\">{\"@context\":\"https:\/\/schema.org\",\"@graph\":[{\"@type\":\"WebPage\",\"@id\":\"https:\/\/www.monlau.com\/fp\/moventia-y-monlau\/\",\"url\":\"https:\/\/www.monlau.com\/fp\/moventia-y-monlau\/\",\"name\":\"Moventia y Monlau - Formaci\u00f3n profesional\",\"isPartOf\":{\"@id\":\"https:\/\/www.monlau.com\/fp\/#website\"},\"datePublished\":\"2026-04-23T06:30:46+00:00\",\"dateModified\":\"2026-04-23T06:35:40+00:00\",\"breadcrumb\":{\"@id\":\"https:\/\/www.monlau.com\/fp\/moventia-y-monlau\/#breadcrumb\"},\"inLanguage\":\"es\",\"potentialAction\":[{\"@type\":\"ReadAction\",\"target\":[\"https:\/\/www.monlau.com\/fp\/moventia-y-monlau\/\"]}]},{\"@type\":\"BreadcrumbList\",\"@id\":\"https:\/\/www.monlau.com\/fp\/moventia-y-monlau\/#breadcrumb\",\"itemListElement\":[{\"@type\":\"ListItem\",\"position\":1,\"name\":\"Portada\",\"item\":\"https:\/\/www.monlau.com\/fp\/\"},{\"@type\":\"ListItem\",\"position\":2,\"name\":\"Moventia y Monlau\"}]},{\"@type\":\"WebSite\",\"@id\":\"https:\/\/www.monlau.com\/fp\/#website\",\"url\":\"https:\/\/www.monlau.com\/fp\/\",\"name\":\"Formaci\u00f3n profesional\",\"description\":\"Monlau\",\"publisher\":{\"@id\":\"https:\/\/www.monlau.com\/fp\/#organization\"},\"potentialAction\":[{\"@type\":\"SearchAction\",\"target\":{\"@type\":\"EntryPoint\",\"urlTemplate\":\"https:\/\/www.monlau.com\/fp\/?s={search_term_string}\"},\"query-input\":{\"@type\":\"PropertyValueSpecification\",\"valueRequired\":true,\"valueName\":\"search_term_string\"}}],\"inLanguage\":\"es\"},{\"@type\":\"Organization\",\"@id\":\"https:\/\/www.monlau.com\/fp\/#organization\",\"name\":\"Formaci\u00f3n profesional\",\"url\":\"https:\/\/www.monlau.com\/fp\/\",\"logo\":{\"@type\":\"ImageObject\",\"inLanguage\":\"es\",\"@id\":\"https:\/\/www.monlau.com\/fp\/#\/schema\/logo\/image\/\",\"url\":\"https:\/\/www.monlau.com\/app\/uploads\/sites\/3\/2026\/01\/fp.png\",\"contentUrl\":\"https:\/\/www.monlau.com\/app\/uploads\/sites\/3\/2026\/01\/fp.png\",\"width\":1024,\"height\":878,\"caption\":\"Formaci\u00f3n profesional\"},\"image\":{\"@id\":\"https:\/\/www.monlau.com\/fp\/#\/schema\/logo\/image\/\"}}]}<\/script>\n<!-- \/ Yoast SEO plugin. -->","yoast_head_json":{"title":"Moventia y Monlau - Formaci\u00f3n profesional","robots":{"index":"index","follow":"follow","max-snippet":"max-snippet:-1","max-image-preview":"max-image-preview:large","max-video-preview":"max-video-preview:-1"},"canonical":"https:\/\/www.monlau.com\/fp\/moventia-y-monlau\/","og_locale":"es_ES","og_type":"article","og_title":"Moventia y Monlau - Formaci\u00f3n profesional","og_description":"Moventia\u00a0y Monlau En Monlau, reforzamos nuestro compromiso con la formaci\u00f3n pr\u00e1ctica y las oportunidades laborales de nuestros estudiantes mediante un nuevo acuerdo con Grupo Moventia. Por ello, esta alianza, que incluye a sus \u00e1reas Moventis y Movento, les brindar\u00e1 acceso a experiencias \u00fanicas en el sector de la movilidad, tanto en transporte colectivo como en [&hellip;]","og_url":"https:\/\/www.monlau.com\/fp\/moventia-y-monlau\/","og_site_name":"Formaci\u00f3n profesional","article_modified_time":"2026-04-23T06:35:40+00:00","twitter_card":"summary_large_image","twitter_misc":{"Tiempo de lectura":"2 minutos"},"schema":{"@context":"https:\/\/schema.org","@graph":[{"@type":"WebPage","@id":"https:\/\/www.monlau.com\/fp\/moventia-y-monlau\/","url":"https:\/\/www.monlau.com\/fp\/moventia-y-monlau\/","name":"Moventia y Monlau - Formaci\u00f3n profesional","isPartOf":{"@id":"https:\/\/www.monlau.com\/fp\/#website"},"datePublished":"2026-04-23T06:30:46+00:00","dateModified":"2026-04-23T06:35:40+00:00","breadcrumb":{"@id":"https:\/\/www.monlau.com\/fp\/moventia-y-monlau\/#breadcrumb"},"inLanguage":"es","potentialAction":[{"@type":"ReadAction","target":["https:\/\/www.monlau.com\/fp\/moventia-y-monlau\/"]}]},{"@type":"BreadcrumbList","@id":"https:\/\/www.monlau.com\/fp\/moventia-y-monlau\/#breadcrumb","itemListElement":[{"@type":"ListItem","position":1,"name":"Portada","item":"https:\/\/www.monlau.com\/fp\/"},{"@type":"ListItem","position":2,"name":"Moventia y Monlau"}]},{"@type":"WebSite","@id":"https:\/\/www.monlau.com\/fp\/#website","url":"https:\/\/www.monlau.com\/fp\/","name":"Formaci\u00f3n profesional","description":"Monlau","publisher":{"@id":"https:\/\/www.monlau.com\/fp\/#organization"},"potentialAction":[{"@type":"SearchAction","target":{"@type":"EntryPoint","urlTemplate":"https:\/\/www.monlau.com\/fp\/?s={search_term_string}"},"query-input":{"@type":"PropertyValueSpecification","valueRequired":true,"valueName":"search_term_string"}}],"inLanguage":"es"},{"@type":"Organization","@id":"https:\/\/www.monlau.com\/fp\/#organization","name":"Formaci\u00f3n profesional","url":"https:\/\/www.monlau.com\/fp\/","logo":{"@type":"ImageObject","inLanguage":"es","@id":"https:\/\/www.monlau.com\/fp\/#\/schema\/logo\/image\/","url":"https:\/\/www.monlau.com\/app\/uploads\/sites\/3\/2026\/01\/fp.png","contentUrl":"https:\/\/www.monlau.com\/app\/uploads\/sites\/3\/2026\/01\/fp.png","width":1024,"height":878,"caption":"Formaci\u00f3n profesional"},"image":{"@id":"https:\/\/www.monlau.com\/fp\/#\/schema\/logo\/image\/"}}]}},"_links":{"self":[{"href":"https:\/\/www.monlau.com\/fp\/wp-json\/wp\/v2\/pages\/10457","targetHints":{"allow":["GET"]}}],"collection":[{"href":"https:\/\/www.monlau.com\/fp\/wp-json\/wp\/v2\/pages"}],"about":[{"href":"https:\/\/www.monlau.com\/fp\/wp-json\/wp\/v2\/types\/page"}],"author":[{"embeddable":true,"href":"https:\/\/www.monlau.com\/fp\/wp-json\/wp\/v2\/users\/1"}],"replies":[{"embeddable":true,"href":"https:\/\/www.monlau.com\/fp\/wp-json\/wp\/v2\/comments?post=10457"}],"version-history":[{"count":7,"href":"https:\/\/www.monlau.com\/fp\/wp-json\/wp\/v2\/pages\/10457\/revisions"}],"predecessor-version":[{"id":10466,"href":"https:\/\/www.monlau.com\/fp\/wp-json\/wp\/v2\/pages\/10457\/revisions\/10466"}],"wp:attachment":[{"href":"https:\/\/www.monlau.com\/fp\/wp-json\/wp\/v2\/media?parent=10457"}],"curies":[{"name":"wp","href":"https:\/\/api.w.org\/{rel}","templated":true}]}}