{"version":"1.0","provider_name":"Formaci\u00f3n profesional","provider_url":"https:\/\/www.monlau.com\/fp","author_name":"adsmurai","author_url":"https:\/\/www.monlau.com\/fp\/author\/adsmurai\/","title":"\u00bfC\u00f3mo trabajamos en el aula del ciclo formativo de Turismo? - Formaci\u00f3n profesional","type":"rich","width":600,"height":338,"html":"<blockquote class=\"wp-embedded-content\" data-secret=\"TGaG00EQv2\"><a href=\"https:\/\/www.monlau.com\/fp\/2020\/03\/12\/hoteleria-turismo-como-trabajamos-aula\/\">\u00bfC\u00f3mo trabajamos en el aula del ciclo formativo de Turismo?<\/a><\/blockquote><iframe sandbox=\"allow-scripts\" security=\"restricted\" src=\"https:\/\/www.monlau.com\/fp\/2020\/03\/12\/hoteleria-turismo-como-trabajamos-aula\/embed\/#?secret=TGaG00EQv2\" width=\"600\" height=\"338\" title=\"\u00ab\u00bfC\u00f3mo trabajamos en el aula del ciclo formativo de Turismo?\u00bb \u2014 Formaci\u00f3n profesional\" data-secret=\"TGaG00EQv2\" frameborder=\"0\" marginwidth=\"0\" marginheight=\"0\" scrolling=\"no\" class=\"wp-embedded-content\"><\/iframe><script>\n\/*! This file is auto-generated *\/\n!function(d,l){\"use strict\";l.querySelector&&d.addEventListener&&\"undefined\"!=typeof URL&&(d.wp=d.wp||{},d.wp.receiveEmbedMessage||(d.wp.receiveEmbedMessage=function(e){var t=e.data;if((t||t.secret||t.message||t.value)&&!\/[^a-zA-Z0-9]\/.test(t.secret)){for(var s,r,n,a=l.querySelectorAll('iframe[data-secret=\"'+t.secret+'\"]'),o=l.querySelectorAll('blockquote[data-secret=\"'+t.secret+'\"]'),c=new RegExp(\"^https?:$\",\"i\"),i=0;i<o.length;i++)o[i].style.display=\"none\";for(i=0;i<a.length;i++)s=a[i],e.source===s.contentWindow&&(s.removeAttribute(\"style\"),\"height\"===t.message?(1e3<(r=parseInt(t.value,10))?r=1e3:~~r<200&&(r=200),s.height=r):\"link\"===t.message&&(r=new URL(s.getAttribute(\"src\")),n=new URL(t.value),c.test(n.protocol))&&n.host===r.host&&l.activeElement===s&&(d.top.location.href=t.value))}},d.addEventListener(\"message\",d.wp.receiveEmbedMessage,!1),l.addEventListener(\"DOMContentLoaded\",function(){for(var e,t,s=l.querySelectorAll(\"iframe.wp-embedded-content\"),r=0;r<s.length;r++)(t=(e=s[r]).getAttribute(\"data-secret\"))||(t=Math.random().toString(36).substring(2,12),e.src+=\"#?secret=\"+t,e.setAttribute(\"data-secret\",t)),e.contentWindow.postMessage({message:\"ready\",secret:t},\"*\")},!1)))}(window,document);\n\/\/# sourceURL=https:\/\/www.monlau.com\/fp\/wp-includes\/js\/wp-embed.min.js\n<\/script>\n","thumbnail_url":"https:\/\/www.monlau.com\/app\/uploads\/sites\/3\/2026\/03\/MG_165222-scaled.jpg","thumbnail_width":2560,"thumbnail_height":1707,"description":"El paso del mundo educativo al \u00e1mbito profesional es uno de los cambios m\u00e1s importantes para un estudiante. Ya hace a\u00f1os que desde las aulas de Formaci\u00f3n Profesional trabajamos para intentar que su inserci\u00f3n laboral sea lo m\u00e1s f\u00e1cil posible. La manera de conseguirlo es, sin duda, integrando en el aula todo lo que encontrar\u00e1n [&hellip;]"}