{"version":"1.0","provider_name":"Formaci\u00f3n profesional","provider_url":"https:\/\/www.monlau.com\/fp","author_name":"adsmurai","author_url":"https:\/\/www.monlau.com\/fp\/author\/adsmurai\/","title":"FP Dual en Automoci\u00f3n, la formaci\u00f3n compartida con la empresa - Formaci\u00f3n profesional","type":"rich","width":600,"height":338,"html":"<blockquote class=\"wp-embedded-content\" data-secret=\"9t0tTbIMmI\"><a href=\"https:\/\/www.monlau.com\/fp\/2020\/03\/02\/formacion-dual-automocion\/\">FP Dual en Automoci\u00f3n, la formaci\u00f3n compartida con la empresa<\/a><\/blockquote><iframe sandbox=\"allow-scripts\" security=\"restricted\" src=\"https:\/\/www.monlau.com\/fp\/2020\/03\/02\/formacion-dual-automocion\/embed\/#?secret=9t0tTbIMmI\" width=\"600\" height=\"338\" title=\"\u00abFP Dual en Automoci\u00f3n, la formaci\u00f3n compartida con la empresa\u00bb \u2014 Formaci\u00f3n profesional\" data-secret=\"9t0tTbIMmI\" frameborder=\"0\" marginwidth=\"0\" marginheight=\"0\" scrolling=\"no\" class=\"wp-embedded-content\"><\/iframe><script>\n\/*! This file is auto-generated *\/\n!function(d,l){\"use strict\";l.querySelector&&d.addEventListener&&\"undefined\"!=typeof URL&&(d.wp=d.wp||{},d.wp.receiveEmbedMessage||(d.wp.receiveEmbedMessage=function(e){var t=e.data;if((t||t.secret||t.message||t.value)&&!\/[^a-zA-Z0-9]\/.test(t.secret)){for(var s,r,n,a=l.querySelectorAll('iframe[data-secret=\"'+t.secret+'\"]'),o=l.querySelectorAll('blockquote[data-secret=\"'+t.secret+'\"]'),c=new RegExp(\"^https?:$\",\"i\"),i=0;i<o.length;i++)o[i].style.display=\"none\";for(i=0;i<a.length;i++)s=a[i],e.source===s.contentWindow&&(s.removeAttribute(\"style\"),\"height\"===t.message?(1e3<(r=parseInt(t.value,10))?r=1e3:~~r<200&&(r=200),s.height=r):\"link\"===t.message&&(r=new URL(s.getAttribute(\"src\")),n=new URL(t.value),c.test(n.protocol))&&n.host===r.host&&l.activeElement===s&&(d.top.location.href=t.value))}},d.addEventListener(\"message\",d.wp.receiveEmbedMessage,!1),l.addEventListener(\"DOMContentLoaded\",function(){for(var e,t,s=l.querySelectorAll(\"iframe.wp-embedded-content\"),r=0;r<s.length;r++)(t=(e=s[r]).getAttribute(\"data-secret\"))||(t=Math.random().toString(36).substring(2,12),e.src+=\"#?secret=\"+t,e.setAttribute(\"data-secret\",t)),e.contentWindow.postMessage({message:\"ready\",secret:t},\"*\")},!1)))}(window,document);\n\/\/# sourceURL=https:\/\/www.monlau.com\/fp\/wp-includes\/js\/wp-embed.min.js\n<\/script>\n","thumbnail_url":"https:\/\/www.monlau.com\/app\/uploads\/sites\/3\/2026\/03\/MG_14262-scaled.jpg","thumbnail_width":2560,"thumbnail_height":1707,"description":"El sector de la automoci\u00f3n est\u00e1 en un momento de grandes cambios y con gran incertidumbre acerca del modelo de futuro, conocimientos necesarios, perfiles profesionales\u2026 y por supuesto con una redefinici\u00f3n casi a diario de la formaci\u00f3n que es necesaria. Con este escenario, la formaci\u00f3n dual est\u00e1 ayudando tanto a las empresas como a las [&hellip;]"}