{"id":7587,"date":"2026-02-09T14:20:15","date_gmt":"2026-02-09T13:20:15","guid":{"rendered":"https:\/\/www.monlau.com\/formacion-profesional\/coneix-monlau-la-sagrera\/"},"modified":"2026-03-16T13:31:15","modified_gmt":"2026-03-16T12:31:15","slug":"coneix-monlau-la-sagrera","status":"publish","type":"page","link":"https:\/\/www.monlau.com\/fp\/ca\/coneix-monlau-la-sagrera\/","title":{"rendered":"Coneix Monlau \u2013 La Sagrera"},"content":{"rendered":"\t\t<div data-elementor-type=\"wp-page\" data-elementor-id=\"7587\" class=\"elementor elementor-7587 elementor-1395\" data-elementor-post-type=\"page\">\n\t\t\t\t<div class=\"elementor-element elementor-element-e259419 e-flex e-con-boxed e-con e-parent\" data-id=\"e259419\" data-element_type=\"container\" data-settings=\"{&quot;background_background&quot;:&quot;classic&quot;}\">\n\t\t\t\t\t<div class=\"e-con-inner\">\n\t\t\t\t<div class=\"elementor-element elementor-element-59243fa elementor-widget__width-initial elementor-widget elementor-widget-text-editor\" data-id=\"59243fa\" data-element_type=\"widget\" data-widget_type=\"text-editor.default\">\n\t\t\t\t\t\t\t\t\t<h1>Monlau<br><strong>La Sagrera<\/strong><\/h1>\t\t\t\t\t\t\t\t<\/div>\n\t\t\t\t\t<\/div>\n\t\t\t\t<\/div>\n\t\t<div class=\"elementor-element elementor-element-8a47d06 e-flex e-con-boxed e-con e-parent\" data-id=\"8a47d06\" data-element_type=\"container\">\n\t\t\t\t\t<div class=\"e-con-inner\">\n\t\t<div class=\"elementor-element elementor-element-64cec2b e-con-full e-flex elementor-invisible e-con e-child\" data-id=\"64cec2b\" data-element_type=\"container\" data-settings=\"{&quot;animation&quot;:&quot;fadeInRight&quot;,&quot;background_background&quot;:&quot;classic&quot;}\">\n\t\t\t\t<\/div>\n\t\t<div class=\"elementor-element elementor-element-a05debb e-con-full e-flex elementor-invisible e-con e-child\" data-id=\"a05debb\" data-element_type=\"container\" data-settings=\"{&quot;animation&quot;:&quot;fadeInLeft&quot;}\">\n\t\t\t\t<div class=\"elementor-element elementor-element-9e04178 elementor-widget elementor-widget-heading\" data-id=\"9e04178\" data-element_type=\"widget\" data-widget_type=\"heading.default\">\n\t\t\t\t\t<h2 class=\"elementor-heading-title elementor-size-default\">Espais <br>dissenyats per a l'<span style=\"color: #08539D\"><b>aprenentatge actiu<\/b><\/span><\/h2>\t\t\t\t<\/div>\n\t\t\t\t<div class=\"elementor-element elementor-element-e044780 elementor-widget elementor-widget-text-editor\" data-id=\"e044780\" data-element_type=\"widget\" data-widget_type=\"text-editor.default\">\n\t\t\t\t\t\t\t\t\t<p>Al <b>carrer Monlau, 6 (Barcelona)<\/b> es troba el nostre centre especialitzat en les \u00e0rees d&#8217;<b>Empresa i M\u00e0rqueting<\/b> i d&#8217;<b>Inform\u00e0tica<\/b>. L&#8217;emblem\u00e0tic edifici envidrat de La Sagrera acull cada dia <b>m\u00e9s de 1.300 alumnes<\/b> de Formaci\u00f3 Professional, en unes instal\u00b7lacions modernes, que han estat renovades recentment per respondre a les necessitats dels nous perfils professionals. <\/p><p>Es tracta d&#8217;un entorn dissenyat per a la <b>innovaci\u00f3, la creativitat i la tecnologia<\/b>. El centre compta amb una <b>aula immersiva, \u00fanica a Barcelona<\/b>, equipada amb tecnologia puntera que permet dinamitzar continguts de tot tipus: presentacions, simulacions, treball col\u00b7laboratiu, projectes interactius, experi\u00e8ncies 360\u00ba\u2026 Un espai pensat perqu\u00e8 l&#8217;alumnat visqui l&#8217;aprenentatge de manera activa i participativa. <\/p>\t\t\t\t\t\t\t\t<\/div>\n\t\t\t\t<\/div>\n\t\t\t\t\t<\/div>\n\t\t\t\t<\/div>\n\t\t<div class=\"elementor-element elementor-element-ad9d47f e-flex e-con-boxed e-con e-parent\" data-id=\"ad9d47f\" data-element_type=\"container\" data-settings=\"{&quot;background_background&quot;:&quot;classic&quot;}\">\n\t\t\t\t\t<div class=\"e-con-inner\">\n\t\t<div class=\"elementor-element elementor-element-8b97cb7 e-con-full e-flex e-con e-child\" data-id=\"8b97cb7\" data-element_type=\"container\">\n\t\t\t\t<div class=\"elementor-element elementor-element-ddccfbf elementor-widget elementor-widget-heading\" data-id=\"ddccfbf\" data-element_type=\"widget\" data-widget_type=\"heading.default\">\n\t\t\t\t\t<h2 class=\"elementor-heading-title elementor-size-default\">Comptem amb una <b>aula immersiva \u00fanica a Barcelona<\/b>: tecnologia puntera per viure experi\u00e8ncies d'aprenentatge 360\u00ba.<\/h2>\t\t\t\t<\/div>\n\t\t\t\t<\/div>\n\t\t\t\t\t<\/div>\n\t\t\t\t<\/div>\n\t\t<div class=\"elementor-element elementor-element-2b7ae38 e-flex e-con-boxed e-con e-parent\" data-id=\"2b7ae38\" data-element_type=\"container\">\n\t\t\t\t\t<div class=\"e-con-inner\">\n\t\t<div class=\"elementor-element elementor-element-a1ba5f4 e-con-full e-flex elementor-invisible e-con e-child\" data-id=\"a1ba5f4\" data-element_type=\"container\" data-settings=\"{&quot;animation&quot;:&quot;fadeInLeft&quot;,&quot;background_background&quot;:&quot;classic&quot;}\">\n\t\t\t\t<\/div>\n\t\t<div class=\"elementor-element elementor-element-b053869 e-con-full e-flex elementor-invisible e-con e-child\" data-id=\"b053869\" data-element_type=\"container\" data-settings=\"{&quot;animation&quot;:&quot;fadeInRight&quot;}\">\n\t\t\t\t<div class=\"elementor-element elementor-element-ee9f792 elementor-widget elementor-widget-heading\" data-id=\"ee9f792\" data-element_type=\"widget\" data-widget_type=\"heading.default\">\n\t\t\t\t\t<h2 class=\"elementor-heading-title elementor-size-default\">Formaci\u00f3 pr\u00e0ctica per als <span style=\"color: #08539D\"><b>reptes del futur<\/b><\/span><\/h2>\t\t\t\t<\/div>\n\t\t\t\t<div class=\"elementor-element elementor-element-d964727 elementor-widget elementor-widget-text-editor\" data-id=\"d964727\" data-element_type=\"widget\" data-widget_type=\"text-editor.default\">\n\t\t\t\t\t\t\t\t\t<p>En l&#8217;\u00e0mbit de la <b>Inform\u00e0tica<\/b>, els <b>m\u00e0sters d&#8217;FP<\/b> estan creixent de manera exponencial en els \u00faltims anys. Monlau Sagrera s&#8217;ha consolidat com un referent a Barcelona i \u00e9s <b>l&#8217;\u00fanic centre que imparteix els m\u00e0sters oficials d&#8217;FP de Ciberseguretat, Intel\u00b7lig\u00e8ncia Artificial i Videojocs<\/b>, oferint una formaci\u00f3 alineada amb els perfils digitals m\u00e9s demandats per les empreses. Les \u00e0rees d&#8217;<b>Empresa i M\u00e0rqueting<\/b> comparteixen aquest enfocament pr\u00e0ctic i actual: projectes reals, treball amb eines professionals i una metodologia basada en el <b>\u00ablearning by doing\u00bb<\/b>, on l&#8217;alumnat apr\u00e8n fent, presentant, analitzant dades i prenent decisions com en una empresa real.  <\/p><p> <\/p><p>Monlau La Sagrera \u00e9s, en definitiva, un centre orientat al <b>talent digital i empresarial<\/b>, que combina un edifici emblem\u00e0tic amb espais renovats i tecnologia avan\u00e7ada per preparar els i les professionals que lideraran els reptes del futur.<\/p>\t\t\t\t\t\t\t\t<\/div>\n\t\t\t\t<\/div>\n\t\t\t\t\t<\/div>\n\t\t\t\t<\/div>\n\t\t<div class=\"elementor-element elementor-element-b4484bc e-flex e-con-boxed e-con e-parent\" data-id=\"b4484bc\" data-element_type=\"container\">\n\t\t\t\t\t<div class=\"e-con-inner\">\n\t\t<div class=\"elementor-element elementor-element-f547b5d e-con-full e-flex e-con e-child\" data-id=\"f547b5d\" data-element_type=\"container\" data-settings=\"{&quot;background_background&quot;:&quot;classic&quot;}\">\n\t\t<div class=\"elementor-element elementor-element-6373f34 e-con-full e-flex e-con e-child\" data-id=\"6373f34\" data-element_type=\"container\">\n\t\t\t\t<div class=\"elementor-element elementor-element-c43f475 elementor-widget elementor-widget-heading\" data-id=\"c43f475\" data-element_type=\"widget\" data-widget_type=\"heading.default\">\n\t\t\t\t\t<p class=\"elementor-heading-title elementor-size-default\"><b>Esteu a punt per fer el seg\u00fcent pas?<\/b><\/p>\t\t\t\t<\/div>\n\t\t\t\t<div class=\"elementor-element elementor-element-c501a1e elementor-widget elementor-widget-text-editor\" data-id=\"c501a1e\" data-element_type=\"widget\" data-widget_type=\"text-editor.default\">\n\t\t\t\t\t\t\t\t\t<p data-start=\"79\" data-end=\"248\">Veniu a con\u00e8ixer les nostres instal\u00b7lacions i descobriu per qu\u00e8 som el centre d&#8217;FP de refer\u00e8ncia.<\/p>\t\t\t\t\t\t\t\t<\/div>\n\t\t\t\t<div class=\"elementor-element elementor-element-278491b elementor-widget elementor-widget-button\" data-id=\"278491b\" data-element_type=\"widget\" data-widget_type=\"button.default\">\n\t\t\t\t\t\t\t\t\t\t<a class=\"elementor-button elementor-button-link elementor-size-sm\" href=\"https:\/\/www.monlau.com\/contactar\/\">\n\t\t\t\t\t\t<span class=\"elementor-button-content-wrapper\">\n\t\t\t\t\t\t<span class=\"elementor-button-icon\">\n\t\t\t\t<svg xmlns=\"http:\/\/www.w3.org\/2000\/svg\" width=\"27\" height=\"27\" viewBox=\"0 0 27 27\" fill=\"none\"><path d=\"M7.875 7.875H19.125V19.125\" stroke=\"white\" stroke-linecap=\"square\"><\/path><path d=\"M7.20001 19.65L18.45 8.40002\" stroke=\"white\" stroke-linecap=\"square\"><\/path><\/svg>\t\t\t<\/span>\n\t\t\t\t\t\t\t\t\t<span class=\"elementor-button-text\">Sol\u00b7licitar informaci\u00f3<\/span>\n\t\t\t\t\t<\/span>\n\t\t\t\t\t<\/a>\n\t\t\t\t\t\t\t\t<\/div>\n\t\t\t\t<\/div>\n\t\t\t\t<\/div>\n\t\t\t\t\t<\/div>\n\t\t\t\t<\/div>\n\t\t\t\t<\/div>\n\t\t","protected":false},"excerpt":{"rendered":"<p>MonlauLa Sagrera Espais dissenyats per a l&#8217;aprenentatge actiu Al carrer Monlau, 6 (Barcelona) es troba el nostre centre especialitzat en les \u00e0rees d&#8217;Empresa i M\u00e0rqueting i d&#8217;Inform\u00e0tica. L&#8217;emblem\u00e0tic edifici envidrat de La Sagrera acull cada dia m\u00e9s de 1.300 alumnes de Formaci\u00f3 Professional, en unes instal\u00b7lacions modernes, que han estat renovades recentment per respondre a [&hellip;]<\/p>\n","protected":false},"author":1,"featured_media":0,"parent":0,"menu_order":0,"comment_status":"closed","ping_status":"closed","template":"elementor_header_footer","meta":{"footnotes":""},"class_list":["post-7587","page","type-page","status-publish","hentry"],"yoast_head":"<!-- This site is optimized with the Yoast SEO plugin v27.2 - https:\/\/yoast.com\/product\/yoast-seo-wordpress\/ -->\n<title>Coneix Monlau \u2013 La Sagrera - Formaci\u00f3n profesional<\/title>\n<meta name=\"robots\" content=\"index, follow, max-snippet:-1, max-image-preview:large, max-video-preview:-1\" \/>\n<link rel=\"canonical\" href=\"https:\/\/www.monlau.com\/fp\/ca\/coneix-monlau-la-sagrera\/\" \/>\n<meta property=\"og:locale\" content=\"ca_ES\" \/>\n<meta property=\"og:type\" content=\"article\" \/>\n<meta property=\"og:title\" content=\"Coneix Monlau \u2013 La Sagrera - Formaci\u00f3n profesional\" \/>\n<meta property=\"og:description\" content=\"MonlauLa Sagrera Espais dissenyats per a l&#8217;aprenentatge actiu Al carrer Monlau, 6 (Barcelona) es troba el nostre centre especialitzat en les \u00e0rees d&#8217;Empresa i M\u00e0rqueting i d&#8217;Inform\u00e0tica. L&#8217;emblem\u00e0tic edifici envidrat de La Sagrera acull cada dia m\u00e9s de 1.300 alumnes de Formaci\u00f3 Professional, en unes instal\u00b7lacions modernes, que han estat renovades recentment per respondre a [&hellip;]\" \/>\n<meta property=\"og:url\" content=\"https:\/\/www.monlau.com\/fp\/ca\/coneix-monlau-la-sagrera\/\" \/>\n<meta property=\"og:site_name\" content=\"Formaci\u00f3n profesional\" \/>\n<meta property=\"article:modified_time\" content=\"2026-03-16T12:31:15+00:00\" \/>\n<meta name=\"twitter:card\" content=\"summary_large_image\" \/>\n<meta name=\"twitter:label1\" content=\"Temps estimat de lectura\" \/>\n\t<meta name=\"twitter:data1\" content=\"2 minuts\" \/>\n<script type=\"application\/ld+json\" class=\"yoast-schema-graph\">{\"@context\":\"https:\/\/schema.org\",\"@graph\":[{\"@type\":\"WebPage\",\"@id\":\"https:\/\/www.monlau.com\/fp\/ca\/coneix-monlau-la-sagrera\/\",\"url\":\"https:\/\/www.monlau.com\/fp\/ca\/coneix-monlau-la-sagrera\/\",\"name\":\"Coneix Monlau \u2013 La Sagrera - Formaci\u00f3n profesional\",\"isPartOf\":{\"@id\":\"https:\/\/www.monlau.com\/fp\/ca\/#website\"},\"datePublished\":\"2026-02-09T13:20:15+00:00\",\"dateModified\":\"2026-03-16T12:31:15+00:00\",\"breadcrumb\":{\"@id\":\"https:\/\/www.monlau.com\/fp\/ca\/coneix-monlau-la-sagrera\/#breadcrumb\"},\"inLanguage\":\"ca\",\"potentialAction\":[{\"@type\":\"ReadAction\",\"target\":[\"https:\/\/www.monlau.com\/fp\/ca\/coneix-monlau-la-sagrera\/\"]}]},{\"@type\":\"BreadcrumbList\",\"@id\":\"https:\/\/www.monlau.com\/fp\/ca\/coneix-monlau-la-sagrera\/#breadcrumb\",\"itemListElement\":[{\"@type\":\"ListItem\",\"position\":1,\"name\":\"Portada\",\"item\":\"https:\/\/www.monlau.com\/fp\/ca\/inici\/\"},{\"@type\":\"ListItem\",\"position\":2,\"name\":\"Coneix Monlau \u2013 La Sagrera\"}]},{\"@type\":\"WebSite\",\"@id\":\"https:\/\/www.monlau.com\/fp\/ca\/#website\",\"url\":\"https:\/\/www.monlau.com\/fp\/ca\/\",\"name\":\"Formaci\u00f3n profesional\",\"description\":\"Monlau\",\"publisher\":{\"@id\":\"https:\/\/www.monlau.com\/fp\/ca\/#organization\"},\"potentialAction\":[{\"@type\":\"SearchAction\",\"target\":{\"@type\":\"EntryPoint\",\"urlTemplate\":\"https:\/\/www.monlau.com\/fp\/ca\/?s={search_term_string}\"},\"query-input\":{\"@type\":\"PropertyValueSpecification\",\"valueRequired\":true,\"valueName\":\"search_term_string\"}}],\"inLanguage\":\"ca\"},{\"@type\":\"Organization\",\"@id\":\"https:\/\/www.monlau.com\/fp\/ca\/#organization\",\"name\":\"Formaci\u00f3n profesional\",\"url\":\"https:\/\/www.monlau.com\/fp\/ca\/\",\"logo\":{\"@type\":\"ImageObject\",\"inLanguage\":\"ca\",\"@id\":\"https:\/\/www.monlau.com\/fp\/ca\/#\/schema\/logo\/image\/\",\"url\":\"https:\/\/www.monlau.com\/app\/uploads\/sites\/3\/2026\/01\/fp.png\",\"contentUrl\":\"https:\/\/www.monlau.com\/app\/uploads\/sites\/3\/2026\/01\/fp.png\",\"width\":1024,\"height\":878,\"caption\":\"Formaci\u00f3n profesional\"},\"image\":{\"@id\":\"https:\/\/www.monlau.com\/fp\/ca\/#\/schema\/logo\/image\/\"}}]}<\/script>\n<!-- \/ Yoast SEO plugin. -->","yoast_head_json":{"title":"Coneix Monlau \u2013 La Sagrera - Formaci\u00f3n profesional","robots":{"index":"index","follow":"follow","max-snippet":"max-snippet:-1","max-image-preview":"max-image-preview:large","max-video-preview":"max-video-preview:-1"},"canonical":"https:\/\/www.monlau.com\/fp\/ca\/coneix-monlau-la-sagrera\/","og_locale":"ca_ES","og_type":"article","og_title":"Coneix Monlau \u2013 La Sagrera - Formaci\u00f3n profesional","og_description":"MonlauLa Sagrera Espais dissenyats per a l&#8217;aprenentatge actiu Al carrer Monlau, 6 (Barcelona) es troba el nostre centre especialitzat en les \u00e0rees d&#8217;Empresa i M\u00e0rqueting i d&#8217;Inform\u00e0tica. L&#8217;emblem\u00e0tic edifici envidrat de La Sagrera acull cada dia m\u00e9s de 1.300 alumnes de Formaci\u00f3 Professional, en unes instal\u00b7lacions modernes, que han estat renovades recentment per respondre a [&hellip;]","og_url":"https:\/\/www.monlau.com\/fp\/ca\/coneix-monlau-la-sagrera\/","og_site_name":"Formaci\u00f3n profesional","article_modified_time":"2026-03-16T12:31:15+00:00","twitter_card":"summary_large_image","twitter_misc":{"Temps estimat de lectura":"2 minuts"},"schema":{"@context":"https:\/\/schema.org","@graph":[{"@type":"WebPage","@id":"https:\/\/www.monlau.com\/fp\/ca\/coneix-monlau-la-sagrera\/","url":"https:\/\/www.monlau.com\/fp\/ca\/coneix-monlau-la-sagrera\/","name":"Coneix Monlau \u2013 La Sagrera - Formaci\u00f3n profesional","isPartOf":{"@id":"https:\/\/www.monlau.com\/fp\/ca\/#website"},"datePublished":"2026-02-09T13:20:15+00:00","dateModified":"2026-03-16T12:31:15+00:00","breadcrumb":{"@id":"https:\/\/www.monlau.com\/fp\/ca\/coneix-monlau-la-sagrera\/#breadcrumb"},"inLanguage":"ca","potentialAction":[{"@type":"ReadAction","target":["https:\/\/www.monlau.com\/fp\/ca\/coneix-monlau-la-sagrera\/"]}]},{"@type":"BreadcrumbList","@id":"https:\/\/www.monlau.com\/fp\/ca\/coneix-monlau-la-sagrera\/#breadcrumb","itemListElement":[{"@type":"ListItem","position":1,"name":"Portada","item":"https:\/\/www.monlau.com\/fp\/ca\/inici\/"},{"@type":"ListItem","position":2,"name":"Coneix Monlau \u2013 La Sagrera"}]},{"@type":"WebSite","@id":"https:\/\/www.monlau.com\/fp\/ca\/#website","url":"https:\/\/www.monlau.com\/fp\/ca\/","name":"Formaci\u00f3n profesional","description":"Monlau","publisher":{"@id":"https:\/\/www.monlau.com\/fp\/ca\/#organization"},"potentialAction":[{"@type":"SearchAction","target":{"@type":"EntryPoint","urlTemplate":"https:\/\/www.monlau.com\/fp\/ca\/?s={search_term_string}"},"query-input":{"@type":"PropertyValueSpecification","valueRequired":true,"valueName":"search_term_string"}}],"inLanguage":"ca"},{"@type":"Organization","@id":"https:\/\/www.monlau.com\/fp\/ca\/#organization","name":"Formaci\u00f3n profesional","url":"https:\/\/www.monlau.com\/fp\/ca\/","logo":{"@type":"ImageObject","inLanguage":"ca","@id":"https:\/\/www.monlau.com\/fp\/ca\/#\/schema\/logo\/image\/","url":"https:\/\/www.monlau.com\/app\/uploads\/sites\/3\/2026\/01\/fp.png","contentUrl":"https:\/\/www.monlau.com\/app\/uploads\/sites\/3\/2026\/01\/fp.png","width":1024,"height":878,"caption":"Formaci\u00f3n profesional"},"image":{"@id":"https:\/\/www.monlau.com\/fp\/ca\/#\/schema\/logo\/image\/"}}]}},"_links":{"self":[{"href":"https:\/\/www.monlau.com\/fp\/ca\/wp-json\/wp\/v2\/pages\/7587","targetHints":{"allow":["GET"]}}],"collection":[{"href":"https:\/\/www.monlau.com\/fp\/ca\/wp-json\/wp\/v2\/pages"}],"about":[{"href":"https:\/\/www.monlau.com\/fp\/ca\/wp-json\/wp\/v2\/types\/page"}],"author":[{"embeddable":true,"href":"https:\/\/www.monlau.com\/fp\/ca\/wp-json\/wp\/v2\/users\/1"}],"replies":[{"embeddable":true,"href":"https:\/\/www.monlau.com\/fp\/ca\/wp-json\/wp\/v2\/comments?post=7587"}],"version-history":[{"count":1,"href":"https:\/\/www.monlau.com\/fp\/ca\/wp-json\/wp\/v2\/pages\/7587\/revisions"}],"predecessor-version":[{"id":7598,"href":"https:\/\/www.monlau.com\/fp\/ca\/wp-json\/wp\/v2\/pages\/7587\/revisions\/7598"}],"wp:attachment":[{"href":"https:\/\/www.monlau.com\/fp\/ca\/wp-json\/wp\/v2\/media?parent=7587"}],"curies":[{"name":"wp","href":"https:\/\/api.w.org\/{rel}","templated":true}]}}