{"id":7564,"date":"2026-02-09T15:13:26","date_gmt":"2026-02-09T14:13:26","guid":{"rendered":"https:\/\/www.monlau.com\/formacion-profesional\/conegueu-monlau-la-maquinista\/"},"modified":"2026-03-16T13:31:01","modified_gmt":"2026-03-16T12:31:01","slug":"conegueu-monlau-la-maquinista","status":"publish","type":"page","link":"https:\/\/www.monlau.com\/fp\/ca\/conegueu-monlau-la-maquinista\/","title":{"rendered":"Conegueu Monlau \u2013 La Maquinista"},"content":{"rendered":"\t\t<div data-elementor-type=\"wp-page\" data-elementor-id=\"7564\" class=\"elementor elementor-7564 elementor-1417\" data-elementor-post-type=\"page\">\n\t\t\t\t<div class=\"elementor-element elementor-element-63441bc e-flex e-con-boxed e-con e-parent\" data-id=\"63441bc\" data-element_type=\"container\" data-settings=\"{&quot;background_background&quot;:&quot;classic&quot;}\">\n\t\t\t\t\t<div class=\"e-con-inner\">\n\t\t\t\t<div class=\"elementor-element elementor-element-3e58219 elementor-widget__width-initial elementor-widget elementor-widget-text-editor\" data-id=\"3e58219\" data-element_type=\"widget\" data-widget_type=\"text-editor.default\">\n\t\t\t\t\t\t\t\t\t<h1>Monlau <br><strong>La<\/strong> <strong>Maquinista<\/strong><\/h1>\t\t\t\t\t\t\t\t<\/div>\n\t\t\t\t\t<\/div>\n\t\t\t\t<\/div>\n\t\t<div class=\"elementor-element elementor-element-0675f63 e-flex e-con-boxed e-con e-parent\" data-id=\"0675f63\" data-element_type=\"container\">\n\t\t\t\t\t<div class=\"e-con-inner\">\n\t\t<div class=\"elementor-element elementor-element-2028786 e-con-full e-flex elementor-invisible e-con e-child\" data-id=\"2028786\" data-element_type=\"container\" data-settings=\"{&quot;animation&quot;:&quot;fadeInLeft&quot;,&quot;background_background&quot;:&quot;classic&quot;}\">\n\t\t\t\t<\/div>\n\t\t<div class=\"elementor-element elementor-element-41138b3 e-con-full e-flex elementor-invisible e-con e-child\" data-id=\"41138b3\" data-element_type=\"container\" data-settings=\"{&quot;animation&quot;:&quot;fadeInRight&quot;}\">\n\t\t\t\t<div class=\"elementor-element elementor-element-64d95f5 elementor-widget elementor-widget-heading\" data-id=\"64d95f5\" data-element_type=\"widget\" data-widget_type=\"heading.default\">\n\t\t\t\t\t<h2 class=\"elementor-heading-title elementor-size-default\">Tradici\u00f3 i <span style=\"color: #08539D\"><b>excel\u00b7l\u00e8ncia t\u00e8cnica<\/b><\/span><\/h2>\t\t\t\t<\/div>\n\t\t\t\t<div class=\"elementor-element elementor-element-bae05ac elementor-widget elementor-widget-text-editor\" data-id=\"bae05ac\" data-element_type=\"widget\" data-widget_type=\"text-editor.default\">\n\t\t\t\t\t\t\t\t\t<p>A l\u2019edifici del <b>carrer Caracas, 35 (Barcelona)<\/b> impartim tots els cicles d\u2019<b>Automoci\u00f3<\/b>: graus mitjans, graus superiors i cursos d\u2019especialitzaci\u00f3. Tamb\u00e9 aqu\u00ed s\u2019hi imparteixen altres cursos de formaci\u00f3 no reglada, com els cursos del SOC. Cada dia, m\u00e9s de <b>1.600 alumnes<\/b> estudien en aquest centre de Formaci\u00f3 Professional, en torn de mat\u00ed i tarda, en unes instal\u00b7lacions dissenyades espec\u00edficament per aprendre en un entorn t\u00e8cnic i professional.  <\/p><p> <\/p><p><b>Monlau \u00e9s el centre de formaci\u00f3 en Postvenda d\u2019Automoci\u00f3 amb m\u00e9s alumnes de tot Europa.<\/b> Aquesta traject\u00f2ria ens ha perm\u00e8s consolidar-nos com un referent del sector, tant pel volum d\u2019estudiants com pel vincle constant amb tallers, concessionaris i empreses de l\u2019\u00e0mbit de l\u2019Automoci\u00f3.<\/p>\t\t\t\t\t\t\t\t<\/div>\n\t\t\t\t<\/div>\n\t\t\t\t\t<\/div>\n\t\t\t\t<\/div>\n\t\t<div class=\"elementor-element elementor-element-ad9d47f e-flex e-con-boxed e-con e-parent\" data-id=\"ad9d47f\" data-element_type=\"container\" data-settings=\"{&quot;background_background&quot;:&quot;classic&quot;}\">\n\t\t\t\t\t<div class=\"e-con-inner\">\n\t\t<div class=\"elementor-element elementor-element-8b97cb7 e-con-full e-flex e-con e-child\" data-id=\"8b97cb7\" data-element_type=\"container\">\n\t\t\t\t<div class=\"elementor-element elementor-element-ddccfbf elementor-widget elementor-widget-heading\" data-id=\"ddccfbf\" data-element_type=\"widget\" data-widget_type=\"heading.default\">\n\t\t\t\t\t<h2 class=\"elementor-heading-title elementor-size-default\">M\u00e9s de <b>7.000 m\u00b2 d\u2019instal\u00b7lacions<\/b> amb <b>15 tallers especialitzats<\/b> i una <b>r\u00e0tio d\u20191 vehicle per cada 4 alumnes.<\/b><\/h2>\t\t\t\t<\/div>\n\t\t\t\t<\/div>\n\t\t\t\t\t<\/div>\n\t\t\t\t<\/div>\n\t\t<div class=\"elementor-element elementor-element-2db3589 e-flex e-con-boxed e-con e-parent\" data-id=\"2db3589\" data-element_type=\"container\">\n\t\t\t\t\t<div class=\"e-con-inner\">\n\t\t<div class=\"elementor-element elementor-element-537c21a e-con-full e-flex elementor-invisible e-con e-child\" data-id=\"537c21a\" data-element_type=\"container\" data-settings=\"{&quot;animation&quot;:&quot;fadeInRight&quot;,&quot;background_background&quot;:&quot;classic&quot;}\">\n\t\t\t\t<\/div>\n\t\t<div class=\"elementor-element elementor-element-793512c e-con-full e-flex elementor-invisible e-con e-child\" data-id=\"793512c\" data-element_type=\"container\" data-settings=\"{&quot;animation&quot;:&quot;fadeInLeft&quot;}\">\n\t\t\t\t<div class=\"elementor-element elementor-element-f2ca839 elementor-widget elementor-widget-heading\" data-id=\"f2ca839\" data-element_type=\"widget\" data-widget_type=\"heading.default\">\n\t\t\t\t\t<h2 class=\"elementor-heading-title elementor-size-default\">Un entorn <span style=\"color: #08539D\"><b>professional real<\/b><\/span><\/h2>\t\t\t\t<\/div>\n\t\t\t\t<div class=\"elementor-element elementor-element-dde4769 elementor-widget elementor-widget-text-editor\" data-id=\"dde4769\" data-element_type=\"widget\" data-widget_type=\"text-editor.default\">\n\t\t\t\t\t\t\t\t\t<p>Comptem amb <b>m\u00e9s de 40 anys d\u2019hist\u00f2ria i estem compromesos amb l\u2019excel\u00b7l\u00e8ncia en la Formaci\u00f3 Professional<\/b>. En total, m\u00e9s de <b>85.000 persones s\u2019han format a les nostres instal\u00b7lacions<\/b>. Moltes d\u2019elles treballen avui en empreses l\u00edders del sector, ocupant posicions clau en \u00e0rees t\u00e8cniques, de postvenda i de gesti\u00f3.  <\/p><p> <\/p><p>Les nostres instal\u00b7lacions destaquen per tenir <b>15 tallers<\/b> distribu\u00efts en m\u00e9s de <b>7.000 m\u00b2<\/b>, que ens permeten disposar d\u2019<b>1 vehicle per cada 4 alumnes<\/b>, assegurant una pr\u00e0ctica constant i realista. A m\u00e9s, recentment<b> s\u2019ha dut a terme una reforma integral de les aules<\/b>, amb mobiliari completament renovat i classes i tallers amb el <i>naming<\/i> i la imatge d\u2019<b>empreses patrocinadores<\/b>, que apropen l\u2019aula a l\u2019entorn professional actual. A Monlau <b>preparem els professionals del futur<\/b> aplicant la metodologia <b>\u201clearning by doing\u201d<\/b>, amb un enfocament eminentment pr\u00e0ctic, molt similar a l\u2019entorn laboral real. L\u2019alumnat apr\u00e8n treballant sobre vehicles, equipaments i situacions que es trobar\u00e0 en el seu dia a dia professional, desenvolupant tant compet\u00e8ncies t\u00e8cniques com habilitats transversals molt valorades per les empreses.  <\/p>\t\t\t\t\t\t\t\t<\/div>\n\t\t\t\t<\/div>\n\t\t\t\t\t<\/div>\n\t\t\t\t<\/div>\n\t\t<div class=\"elementor-element elementor-element-b4484bc e-flex e-con-boxed e-con e-parent\" data-id=\"b4484bc\" data-element_type=\"container\">\n\t\t\t\t\t<div class=\"e-con-inner\">\n\t\t<div class=\"elementor-element elementor-element-f547b5d e-con-full e-flex e-con e-child\" data-id=\"f547b5d\" data-element_type=\"container\" data-settings=\"{&quot;background_background&quot;:&quot;classic&quot;}\">\n\t\t<div class=\"elementor-element elementor-element-6373f34 e-con-full e-flex e-con e-child\" data-id=\"6373f34\" data-element_type=\"container\">\n\t\t\t\t<div class=\"elementor-element elementor-element-c43f475 elementor-widget elementor-widget-heading\" data-id=\"c43f475\" data-element_type=\"widget\" data-widget_type=\"heading.default\">\n\t\t\t\t\t<p class=\"elementor-heading-title elementor-size-default\"><b>Impulsi la vostra carrera en l\u2019Automoci\u00f3<\/b><\/p>\t\t\t\t<\/div>\n\t\t\t\t<div class=\"elementor-element elementor-element-c501a1e elementor-widget elementor-widget-text-editor\" data-id=\"c501a1e\" data-element_type=\"widget\" data-widget_type=\"text-editor.default\">\n\t\t\t\t\t\t\t\t\t<p data-start=\"79\" data-end=\"248\">Formeu-vos al centre l\u00edder i accediu a una xarxa d\u2019empreses de primer nivell.<\/p>\t\t\t\t\t\t\t\t<\/div>\n\t\t\t\t<div class=\"elementor-element elementor-element-f3e76ae elementor-widget elementor-widget-button\" data-id=\"f3e76ae\" data-element_type=\"widget\" data-widget_type=\"button.default\">\n\t\t\t\t\t\t\t\t\t\t<a class=\"elementor-button elementor-button-link elementor-size-sm\" href=\"https:\/\/www.monlau.com\/contactar\/\">\n\t\t\t\t\t\t<span class=\"elementor-button-content-wrapper\">\n\t\t\t\t\t\t<span class=\"elementor-button-icon\">\n\t\t\t\t<svg xmlns=\"http:\/\/www.w3.org\/2000\/svg\" width=\"27\" height=\"27\" viewBox=\"0 0 27 27\" fill=\"none\"><path d=\"M7.875 7.875H19.125V19.125\" stroke=\"white\" stroke-linecap=\"square\"><\/path><path d=\"M7.20001 19.65L18.45 8.40002\" stroke=\"white\" stroke-linecap=\"square\"><\/path><\/svg>\t\t\t<\/span>\n\t\t\t\t\t\t\t\t\t<span class=\"elementor-button-text\">Sol\u00b7licitar informaci\u00f3<\/span>\n\t\t\t\t\t<\/span>\n\t\t\t\t\t<\/a>\n\t\t\t\t\t\t\t\t<\/div>\n\t\t\t\t<\/div>\n\t\t\t\t<\/div>\n\t\t\t\t\t<\/div>\n\t\t\t\t<\/div>\n\t\t\t\t<\/div>\n\t\t","protected":false},"excerpt":{"rendered":"<p>Monlau La Maquinista Tradici\u00f3 i excel\u00b7l\u00e8ncia t\u00e8cnica A l\u2019edifici del carrer Caracas, 35 (Barcelona) impartim tots els cicles d\u2019Automoci\u00f3: graus mitjans, graus superiors i cursos d\u2019especialitzaci\u00f3. Tamb\u00e9 aqu\u00ed s\u2019hi imparteixen altres cursos de formaci\u00f3 no reglada, com els cursos del SOC. Cada dia, m\u00e9s de 1.600 alumnes estudien en aquest centre de Formaci\u00f3 Professional, en [&hellip;]<\/p>\n","protected":false},"author":1,"featured_media":0,"parent":0,"menu_order":0,"comment_status":"closed","ping_status":"closed","template":"elementor_header_footer","meta":{"footnotes":""},"class_list":["post-7564","page","type-page","status-publish","hentry"],"yoast_head":"<!-- This site is optimized with the Yoast SEO plugin v27.2 - https:\/\/yoast.com\/product\/yoast-seo-wordpress\/ -->\n<title>Conegueu Monlau \u2013 La Maquinista - Formaci\u00f3n profesional<\/title>\n<meta name=\"robots\" content=\"index, follow, max-snippet:-1, max-image-preview:large, max-video-preview:-1\" \/>\n<link rel=\"canonical\" href=\"https:\/\/www.monlau.com\/fp\/ca\/conegueu-monlau-la-maquinista\/\" \/>\n<meta property=\"og:locale\" content=\"ca_ES\" \/>\n<meta property=\"og:type\" content=\"article\" \/>\n<meta property=\"og:title\" content=\"Conegueu Monlau \u2013 La Maquinista - Formaci\u00f3n profesional\" \/>\n<meta property=\"og:description\" content=\"Monlau La Maquinista Tradici\u00f3 i excel\u00b7l\u00e8ncia t\u00e8cnica A l\u2019edifici del carrer Caracas, 35 (Barcelona) impartim tots els cicles d\u2019Automoci\u00f3: graus mitjans, graus superiors i cursos d\u2019especialitzaci\u00f3. Tamb\u00e9 aqu\u00ed s\u2019hi imparteixen altres cursos de formaci\u00f3 no reglada, com els cursos del SOC. Cada dia, m\u00e9s de 1.600 alumnes estudien en aquest centre de Formaci\u00f3 Professional, en [&hellip;]\" \/>\n<meta property=\"og:url\" content=\"https:\/\/www.monlau.com\/fp\/ca\/conegueu-monlau-la-maquinista\/\" \/>\n<meta property=\"og:site_name\" content=\"Formaci\u00f3n profesional\" \/>\n<meta property=\"article:modified_time\" content=\"2026-03-16T12:31:01+00:00\" \/>\n<meta name=\"twitter:card\" content=\"summary_large_image\" \/>\n<meta name=\"twitter:label1\" content=\"Temps estimat de lectura\" \/>\n\t<meta name=\"twitter:data1\" content=\"2 minuts\" \/>\n<script type=\"application\/ld+json\" class=\"yoast-schema-graph\">{\"@context\":\"https:\/\/schema.org\",\"@graph\":[{\"@type\":\"WebPage\",\"@id\":\"https:\/\/www.monlau.com\/fp\/ca\/conegueu-monlau-la-maquinista\/\",\"url\":\"https:\/\/www.monlau.com\/fp\/ca\/conegueu-monlau-la-maquinista\/\",\"name\":\"Conegueu Monlau \u2013 La Maquinista - Formaci\u00f3n profesional\",\"isPartOf\":{\"@id\":\"https:\/\/www.monlau.com\/fp\/ca\/#website\"},\"datePublished\":\"2026-02-09T14:13:26+00:00\",\"dateModified\":\"2026-03-16T12:31:01+00:00\",\"breadcrumb\":{\"@id\":\"https:\/\/www.monlau.com\/fp\/ca\/conegueu-monlau-la-maquinista\/#breadcrumb\"},\"inLanguage\":\"ca\",\"potentialAction\":[{\"@type\":\"ReadAction\",\"target\":[\"https:\/\/www.monlau.com\/fp\/ca\/conegueu-monlau-la-maquinista\/\"]}]},{\"@type\":\"BreadcrumbList\",\"@id\":\"https:\/\/www.monlau.com\/fp\/ca\/conegueu-monlau-la-maquinista\/#breadcrumb\",\"itemListElement\":[{\"@type\":\"ListItem\",\"position\":1,\"name\":\"Portada\",\"item\":\"https:\/\/www.monlau.com\/fp\/ca\/inici\/\"},{\"@type\":\"ListItem\",\"position\":2,\"name\":\"Conegueu Monlau \u2013 La Maquinista\"}]},{\"@type\":\"WebSite\",\"@id\":\"https:\/\/www.monlau.com\/fp\/ca\/#website\",\"url\":\"https:\/\/www.monlau.com\/fp\/ca\/\",\"name\":\"Formaci\u00f3n profesional\",\"description\":\"Monlau\",\"publisher\":{\"@id\":\"https:\/\/www.monlau.com\/fp\/ca\/#organization\"},\"potentialAction\":[{\"@type\":\"SearchAction\",\"target\":{\"@type\":\"EntryPoint\",\"urlTemplate\":\"https:\/\/www.monlau.com\/fp\/ca\/?s={search_term_string}\"},\"query-input\":{\"@type\":\"PropertyValueSpecification\",\"valueRequired\":true,\"valueName\":\"search_term_string\"}}],\"inLanguage\":\"ca\"},{\"@type\":\"Organization\",\"@id\":\"https:\/\/www.monlau.com\/fp\/ca\/#organization\",\"name\":\"Formaci\u00f3n profesional\",\"url\":\"https:\/\/www.monlau.com\/fp\/ca\/\",\"logo\":{\"@type\":\"ImageObject\",\"inLanguage\":\"ca\",\"@id\":\"https:\/\/www.monlau.com\/fp\/ca\/#\/schema\/logo\/image\/\",\"url\":\"https:\/\/www.monlau.com\/app\/uploads\/sites\/3\/2026\/01\/fp.png\",\"contentUrl\":\"https:\/\/www.monlau.com\/app\/uploads\/sites\/3\/2026\/01\/fp.png\",\"width\":1024,\"height\":878,\"caption\":\"Formaci\u00f3n profesional\"},\"image\":{\"@id\":\"https:\/\/www.monlau.com\/fp\/ca\/#\/schema\/logo\/image\/\"}}]}<\/script>\n<!-- \/ Yoast SEO plugin. -->","yoast_head_json":{"title":"Conegueu Monlau \u2013 La Maquinista - Formaci\u00f3n profesional","robots":{"index":"index","follow":"follow","max-snippet":"max-snippet:-1","max-image-preview":"max-image-preview:large","max-video-preview":"max-video-preview:-1"},"canonical":"https:\/\/www.monlau.com\/fp\/ca\/conegueu-monlau-la-maquinista\/","og_locale":"ca_ES","og_type":"article","og_title":"Conegueu Monlau \u2013 La Maquinista - Formaci\u00f3n profesional","og_description":"Monlau La Maquinista Tradici\u00f3 i excel\u00b7l\u00e8ncia t\u00e8cnica A l\u2019edifici del carrer Caracas, 35 (Barcelona) impartim tots els cicles d\u2019Automoci\u00f3: graus mitjans, graus superiors i cursos d\u2019especialitzaci\u00f3. Tamb\u00e9 aqu\u00ed s\u2019hi imparteixen altres cursos de formaci\u00f3 no reglada, com els cursos del SOC. Cada dia, m\u00e9s de 1.600 alumnes estudien en aquest centre de Formaci\u00f3 Professional, en [&hellip;]","og_url":"https:\/\/www.monlau.com\/fp\/ca\/conegueu-monlau-la-maquinista\/","og_site_name":"Formaci\u00f3n profesional","article_modified_time":"2026-03-16T12:31:01+00:00","twitter_card":"summary_large_image","twitter_misc":{"Temps estimat de lectura":"2 minuts"},"schema":{"@context":"https:\/\/schema.org","@graph":[{"@type":"WebPage","@id":"https:\/\/www.monlau.com\/fp\/ca\/conegueu-monlau-la-maquinista\/","url":"https:\/\/www.monlau.com\/fp\/ca\/conegueu-monlau-la-maquinista\/","name":"Conegueu Monlau \u2013 La Maquinista - Formaci\u00f3n profesional","isPartOf":{"@id":"https:\/\/www.monlau.com\/fp\/ca\/#website"},"datePublished":"2026-02-09T14:13:26+00:00","dateModified":"2026-03-16T12:31:01+00:00","breadcrumb":{"@id":"https:\/\/www.monlau.com\/fp\/ca\/conegueu-monlau-la-maquinista\/#breadcrumb"},"inLanguage":"ca","potentialAction":[{"@type":"ReadAction","target":["https:\/\/www.monlau.com\/fp\/ca\/conegueu-monlau-la-maquinista\/"]}]},{"@type":"BreadcrumbList","@id":"https:\/\/www.monlau.com\/fp\/ca\/conegueu-monlau-la-maquinista\/#breadcrumb","itemListElement":[{"@type":"ListItem","position":1,"name":"Portada","item":"https:\/\/www.monlau.com\/fp\/ca\/inici\/"},{"@type":"ListItem","position":2,"name":"Conegueu Monlau \u2013 La Maquinista"}]},{"@type":"WebSite","@id":"https:\/\/www.monlau.com\/fp\/ca\/#website","url":"https:\/\/www.monlau.com\/fp\/ca\/","name":"Formaci\u00f3n profesional","description":"Monlau","publisher":{"@id":"https:\/\/www.monlau.com\/fp\/ca\/#organization"},"potentialAction":[{"@type":"SearchAction","target":{"@type":"EntryPoint","urlTemplate":"https:\/\/www.monlau.com\/fp\/ca\/?s={search_term_string}"},"query-input":{"@type":"PropertyValueSpecification","valueRequired":true,"valueName":"search_term_string"}}],"inLanguage":"ca"},{"@type":"Organization","@id":"https:\/\/www.monlau.com\/fp\/ca\/#organization","name":"Formaci\u00f3n profesional","url":"https:\/\/www.monlau.com\/fp\/ca\/","logo":{"@type":"ImageObject","inLanguage":"ca","@id":"https:\/\/www.monlau.com\/fp\/ca\/#\/schema\/logo\/image\/","url":"https:\/\/www.monlau.com\/app\/uploads\/sites\/3\/2026\/01\/fp.png","contentUrl":"https:\/\/www.monlau.com\/app\/uploads\/sites\/3\/2026\/01\/fp.png","width":1024,"height":878,"caption":"Formaci\u00f3n profesional"},"image":{"@id":"https:\/\/www.monlau.com\/fp\/ca\/#\/schema\/logo\/image\/"}}]}},"_links":{"self":[{"href":"https:\/\/www.monlau.com\/fp\/ca\/wp-json\/wp\/v2\/pages\/7564","targetHints":{"allow":["GET"]}}],"collection":[{"href":"https:\/\/www.monlau.com\/fp\/ca\/wp-json\/wp\/v2\/pages"}],"about":[{"href":"https:\/\/www.monlau.com\/fp\/ca\/wp-json\/wp\/v2\/types\/page"}],"author":[{"embeddable":true,"href":"https:\/\/www.monlau.com\/fp\/ca\/wp-json\/wp\/v2\/users\/1"}],"replies":[{"embeddable":true,"href":"https:\/\/www.monlau.com\/fp\/ca\/wp-json\/wp\/v2\/comments?post=7564"}],"version-history":[{"count":1,"href":"https:\/\/www.monlau.com\/fp\/ca\/wp-json\/wp\/v2\/pages\/7564\/revisions"}],"predecessor-version":[{"id":7574,"href":"https:\/\/www.monlau.com\/fp\/ca\/wp-json\/wp\/v2\/pages\/7564\/revisions\/7574"}],"wp:attachment":[{"href":"https:\/\/www.monlau.com\/fp\/ca\/wp-json\/wp\/v2\/media?parent=7564"}],"curies":[{"name":"wp","href":"https:\/\/api.w.org\/{rel}","templated":true}]}}