{"id":10670,"date":"2026-04-22T13:49:08","date_gmt":"2026-04-22T11:49:08","guid":{"rendered":"https:\/\/www.monlau.com\/fp\/lever-touch-y-monlau\/"},"modified":"2026-04-27T11:15:01","modified_gmt":"2026-04-27T09:15:01","slug":"lever-touch-y-monlau","status":"publish","type":"page","link":"https:\/\/www.monlau.com\/fp\/ca\/lever-touch-y-monlau\/","title":{"rendered":"Lever Touch i Monlau"},"content":{"rendered":"\t\t<div data-elementor-type=\"wp-page\" data-elementor-id=\"10670\" class=\"elementor elementor-10670 elementor-10431\" data-elementor-post-type=\"page\">\n\t\t\t\t<div class=\"elementor-element elementor-element-5e605d0 e-flex e-con-boxed e-con e-parent\" data-id=\"5e605d0\" data-element_type=\"container\" data-settings=\"{&quot;background_background&quot;:&quot;classic&quot;}\">\n\t\t\t\t\t<div class=\"e-con-inner\">\n\t\t\t\t<div class=\"elementor-element elementor-element-f3344a2 elementor-widget__width-initial elementor-widget elementor-widget-text-editor\" data-id=\"f3344a2\" data-element_type=\"widget\" data-widget_type=\"text-editor.default\">\n\t\t\t\t\t\t\t\t\t<h1 class=\"elementor-heading-title elementor-size-default\"><strong>Levertouch<\/strong> i Monlau<\/h1>\t\t\t\t\t\t\t\t<\/div>\n\t\t\t\t\t<\/div>\n\t\t\t\t<\/div>\n\t\t<div class=\"elementor-element elementor-element-d789c76 e-flex e-con-boxed e-con e-parent\" data-id=\"d789c76\" data-element_type=\"container\">\n\t\t\t\t\t<div class=\"e-con-inner\">\n\t\t<div class=\"elementor-element elementor-element-9967aa7 e-con-full e-flex e-con e-child\" data-id=\"9967aa7\" data-element_type=\"container\" data-settings=\"{&quot;background_background&quot;:&quot;classic&quot;}\">\n\t\t\t\t<div class=\"elementor-element elementor-element-f04593a elementor-widget elementor-widget-heading\" data-id=\"f04593a\" data-element_type=\"widget\" data-widget_type=\"heading.default\">\n\t\t\t\t\t<h2 class=\"elementor-heading-title elementor-size-default\">Monlau i LeverTouch han fet <b>un pas m\u00e9s en la seva relaci\u00f3 estrat\u00e8gica<\/b><\/h2>\t\t\t\t<\/div>\n\t\t\t\t<div class=\"elementor-element elementor-element-4a231c6 elementor-widget elementor-widget-text-editor\" data-id=\"4a231c6\" data-element_type=\"widget\" data-widget_type=\"text-editor.default\">\n\t\t\t\t\t\t\t\t\t<p>La signatura d&#8217;un nou acord de col\u00b7laboraci\u00f3, que intensifica el comprom\u00eds establert el gener de l&#8217;any passat. Aquest acord posiciona LeverTouch com a patrocinador oficial de Monlau, reafirmant l&#8217;aposta conjunta pel creixement i el desenvolupament del talent en el sector de l&#8217;automoci\u00f3. Com a part d&#8217;aquest nou acord, l&#8217;aula 5 passa a anomenar-se <strong>aula Lever Touch<\/strong>, un gest que refor\u00e7a la pres\u00e8ncia de LeverTouch en el dia a dia de Monlau i subratlla el seu comprom\u00eds amb la formaci\u00f3 de qualitat. Des de l&#8217;inici de la seva col\u00b7laboraci\u00f3, ambdues entitats han compartit una visi\u00f3 comuna: fomentar l&#8217;excel\u00b7l\u00e8ncia i la innovaci\u00f3 en el m\u00f3n de l&#8217;automoci\u00f3. Amb aquest nou acord, LeverTouch refor\u00e7a el seu suport a Monlau, contribuint a enfortir la formaci\u00f3 i la projecci\u00f3 dels futurs professionals del sector.    <\/p>\t\t\t\t\t\t\t\t<\/div>\n\t\t\t\t<\/div>\n\t\t\t\t\t<\/div>\n\t\t\t\t<\/div>\n\t\t<div class=\"elementor-element elementor-element-1b6d6d4 e-flex e-con-boxed e-con e-parent\" data-id=\"1b6d6d4\" data-element_type=\"container\">\n\t\t\t\t\t<div class=\"e-con-inner\">\n\t\t<div class=\"elementor-element elementor-element-01ec5d9 e-con-full e-flex elementor-invisible e-con e-child\" data-id=\"01ec5d9\" data-element_type=\"container\" data-settings=\"{&quot;animation&quot;:&quot;fadeInRight&quot;,&quot;background_background&quot;:&quot;classic&quot;}\">\n\t\t\t\t<\/div>\n\t\t<div class=\"elementor-element elementor-element-1f39eb9 e-con-full e-flex elementor-invisible e-con e-child\" data-id=\"1f39eb9\" data-element_type=\"container\" data-settings=\"{&quot;animation&quot;:&quot;fadeInLeft&quot;}\">\n\t\t\t\t<div class=\"elementor-element elementor-element-0329d5b elementor-widget elementor-widget-heading\" data-id=\"0329d5b\" data-element_type=\"widget\" data-widget_type=\"heading.default\">\n\t\t\t\t\t<h2 class=\"elementor-heading-title elementor-size-default\">Units per <b>formar els futurs referents de l'automoci\u00f3<\/b><\/h2>\t\t\t\t<\/div>\n\t\t\t\t<div class=\"elementor-element elementor-element-2d9a1f9 elementor-widget elementor-widget-text-editor\" data-id=\"2d9a1f9\" data-element_type=\"widget\" data-widget_type=\"text-editor.default\">\n\t\t\t\t\t\t\t\t\t<div class=\"et_pb_row et_pb_row_1\"><div class=\"et_pb_column et_pb_column_4_4 et_pb_column_1 et_pb_css_mix_blend_mode_passthrough et-last-child\"><div class=\"et_pb_module et_pb_text et_pb_text_3 et_pb_text_align_left et_pb_bg_layout_light\"><div class=\"et_pb_text_inner\"><p>El director general del Grup Monlau, Iban Ventura, va destacar durant l&#8217;acte de signatura: <em>\u201cLeverTouch ha demostrat ser un soci clau en la nostra missi\u00f3 de formar els millors professionals de l&#8217;automoci\u00f3. Aquest nou acord reflecteix la confian\u00e7a m\u00fatua i el comprom\u00eds que tenim amb l&#8217;excel\u00b7l\u00e8ncia.\u201d<\/em><\/p><p>Per la seva banda, l&#8217;equip directiu de LeverTouch va expressar el seu entusiasme per continuar donant suport a Monlau, subratllant la import\u00e0ncia de fomentar el talent jove i el desenvolupament del sector a trav\u00e9s de col\u00b7laboracions s\u00f2lides com aquesta.<\/p><p>Aquesta alian\u00e7a no nom\u00e9s simbolitza un vincle m\u00e9s fort entre Monlau i LeverTouch, sin\u00f3 que tamb\u00e9 refor\u00e7a el paper de totes dues entitats com a referents en l&#8217;\u00e0mbit de la formaci\u00f3 i la innovaci\u00f3 en el sector de l&#8217;automoci\u00f3.<\/p><\/div><\/div><\/div><\/div><div class=\"et_pb_row et_pb_row_2\"><div class=\"et_pb_column et_pb_column_1_2 et_pb_column_2 et_pb_css_mix_blend_mode_passthrough\"> <\/div><\/div>\t\t\t\t\t\t\t\t<\/div>\n\t\t\t\t<\/div>\n\t\t\t\t\t<\/div>\n\t\t\t\t<\/div>\n\t\t<div class=\"elementor-element elementor-element-349123b e-flex e-con-boxed e-con e-parent\" data-id=\"349123b\" data-element_type=\"container\">\n\t\t\t\t\t<div class=\"e-con-inner\">\n\t\t<div class=\"elementor-element elementor-element-85d6006 e-con-full e-flex e-con e-child\" data-id=\"85d6006\" data-element_type=\"container\" data-settings=\"{&quot;background_background&quot;:&quot;classic&quot;}\">\n\t\t\t\t<div class=\"elementor-element elementor-element-4a11a62 elementor-widget elementor-widget-heading\" data-id=\"4a11a62\" data-element_type=\"widget\" data-widget_type=\"heading.default\">\n\t\t\t\t\t<p class=\"elementor-heading-title elementor-size-default\">Us convidem a <b>llegir l'article complet <br>al nostre blog<\/b>\n<\/p>\t\t\t\t<\/div>\n\t\t\t\t<div class=\"elementor-element elementor-element-e01c1bc elementor-align-right btn-blue-inverse elementor-widget elementor-widget-button\" data-id=\"e01c1bc\" data-element_type=\"widget\" data-widget_type=\"button.default\">\n\t\t\t\t\t\t\t\t\t\t<a class=\"elementor-button elementor-button-link elementor-size-sm\" href=\"https:\/\/www.monlau.com\/fp\/2024\/01\/29\/lever-touch-monlau-unen-fuerzas-promover-formacion\/\">\n\t\t\t\t\t\t<span class=\"elementor-button-content-wrapper\">\n\t\t\t\t\t\t\t\t\t<span class=\"elementor-button-text\">Llegir blog<\/span>\n\t\t\t\t\t<\/span>\n\t\t\t\t\t<\/a>\n\t\t\t\t\t\t\t\t<\/div>\n\t\t\t\t<\/div>\n\t\t\t\t\t<\/div>\n\t\t\t\t<\/div>\n\t\t\t\t<\/div>\n\t\t","protected":false},"excerpt":{"rendered":"<p>Levertouch i Monlau Monlau i LeverTouch han fet un pas m\u00e9s en la seva relaci\u00f3 estrat\u00e8gica La signatura d&#8217;un nou acord de col\u00b7laboraci\u00f3, que intensifica el comprom\u00eds establert el gener de l&#8217;any passat. Aquest acord posiciona LeverTouch com a patrocinador oficial de Monlau, reafirmant l&#8217;aposta conjunta pel creixement i el desenvolupament del talent en el [&hellip;]<\/p>\n","protected":false},"author":1,"featured_media":0,"parent":0,"menu_order":0,"comment_status":"closed","ping_status":"closed","template":"elementor_header_footer","meta":{"footnotes":""},"class_list":["post-10670","page","type-page","status-publish","hentry"],"yoast_head":"<!-- This site is optimized with the Yoast SEO plugin v27.2 - https:\/\/yoast.com\/product\/yoast-seo-wordpress\/ -->\n<title>Lever Touch i Monlau - Formaci\u00f3n profesional<\/title>\n<meta name=\"robots\" content=\"index, follow, max-snippet:-1, max-image-preview:large, max-video-preview:-1\" \/>\n<link rel=\"canonical\" href=\"https:\/\/www.monlau.com\/fp\/ca\/lever-touch-y-monlau\/\" \/>\n<meta property=\"og:locale\" content=\"ca_ES\" \/>\n<meta property=\"og:type\" content=\"article\" \/>\n<meta property=\"og:title\" content=\"Lever Touch i Monlau - Formaci\u00f3n profesional\" \/>\n<meta property=\"og:description\" content=\"Levertouch i Monlau Monlau i LeverTouch han fet un pas m\u00e9s en la seva relaci\u00f3 estrat\u00e8gica La signatura d&#8217;un nou acord de col\u00b7laboraci\u00f3, que intensifica el comprom\u00eds establert el gener de l&#8217;any passat. Aquest acord posiciona LeverTouch com a patrocinador oficial de Monlau, reafirmant l&#8217;aposta conjunta pel creixement i el desenvolupament del talent en el [&hellip;]\" \/>\n<meta property=\"og:url\" content=\"https:\/\/www.monlau.com\/fp\/ca\/lever-touch-y-monlau\/\" \/>\n<meta property=\"og:site_name\" content=\"Formaci\u00f3n profesional\" \/>\n<meta property=\"article:modified_time\" content=\"2026-04-27T09:15:01+00:00\" \/>\n<meta name=\"twitter:card\" content=\"summary_large_image\" \/>\n<meta name=\"twitter:label1\" content=\"Temps estimat de lectura\" \/>\n\t<meta name=\"twitter:data1\" content=\"2 minuts\" \/>\n<script type=\"application\/ld+json\" class=\"yoast-schema-graph\">{\"@context\":\"https:\/\/schema.org\",\"@graph\":[{\"@type\":\"WebPage\",\"@id\":\"https:\/\/www.monlau.com\/fp\/ca\/lever-touch-y-monlau\/\",\"url\":\"https:\/\/www.monlau.com\/fp\/ca\/lever-touch-y-monlau\/\",\"name\":\"Lever Touch i Monlau - Formaci\u00f3n profesional\",\"isPartOf\":{\"@id\":\"https:\/\/www.monlau.com\/fp\/ca\/#website\"},\"datePublished\":\"2026-04-22T11:49:08+00:00\",\"dateModified\":\"2026-04-27T09:15:01+00:00\",\"breadcrumb\":{\"@id\":\"https:\/\/www.monlau.com\/fp\/ca\/lever-touch-y-monlau\/#breadcrumb\"},\"inLanguage\":\"ca\",\"potentialAction\":[{\"@type\":\"ReadAction\",\"target\":[\"https:\/\/www.monlau.com\/fp\/ca\/lever-touch-y-monlau\/\"]}]},{\"@type\":\"BreadcrumbList\",\"@id\":\"https:\/\/www.monlau.com\/fp\/ca\/lever-touch-y-monlau\/#breadcrumb\",\"itemListElement\":[{\"@type\":\"ListItem\",\"position\":1,\"name\":\"Portada\",\"item\":\"https:\/\/www.monlau.com\/fp\/ca\/inici\/\"},{\"@type\":\"ListItem\",\"position\":2,\"name\":\"Lever Touch i Monlau\"}]},{\"@type\":\"WebSite\",\"@id\":\"https:\/\/www.monlau.com\/fp\/ca\/#website\",\"url\":\"https:\/\/www.monlau.com\/fp\/ca\/\",\"name\":\"Formaci\u00f3n profesional\",\"description\":\"Monlau\",\"publisher\":{\"@id\":\"https:\/\/www.monlau.com\/fp\/ca\/#organization\"},\"potentialAction\":[{\"@type\":\"SearchAction\",\"target\":{\"@type\":\"EntryPoint\",\"urlTemplate\":\"https:\/\/www.monlau.com\/fp\/ca\/?s={search_term_string}\"},\"query-input\":{\"@type\":\"PropertyValueSpecification\",\"valueRequired\":true,\"valueName\":\"search_term_string\"}}],\"inLanguage\":\"ca\"},{\"@type\":\"Organization\",\"@id\":\"https:\/\/www.monlau.com\/fp\/ca\/#organization\",\"name\":\"Formaci\u00f3n profesional\",\"url\":\"https:\/\/www.monlau.com\/fp\/ca\/\",\"logo\":{\"@type\":\"ImageObject\",\"inLanguage\":\"ca\",\"@id\":\"https:\/\/www.monlau.com\/fp\/ca\/#\/schema\/logo\/image\/\",\"url\":\"https:\/\/www.monlau.com\/app\/uploads\/sites\/3\/2026\/01\/fp.png\",\"contentUrl\":\"https:\/\/www.monlau.com\/app\/uploads\/sites\/3\/2026\/01\/fp.png\",\"width\":1024,\"height\":878,\"caption\":\"Formaci\u00f3n profesional\"},\"image\":{\"@id\":\"https:\/\/www.monlau.com\/fp\/ca\/#\/schema\/logo\/image\/\"}}]}<\/script>\n<!-- \/ Yoast SEO plugin. -->","yoast_head_json":{"title":"Lever Touch i Monlau - Formaci\u00f3n profesional","robots":{"index":"index","follow":"follow","max-snippet":"max-snippet:-1","max-image-preview":"max-image-preview:large","max-video-preview":"max-video-preview:-1"},"canonical":"https:\/\/www.monlau.com\/fp\/ca\/lever-touch-y-monlau\/","og_locale":"ca_ES","og_type":"article","og_title":"Lever Touch i Monlau - Formaci\u00f3n profesional","og_description":"Levertouch i Monlau Monlau i LeverTouch han fet un pas m\u00e9s en la seva relaci\u00f3 estrat\u00e8gica La signatura d&#8217;un nou acord de col\u00b7laboraci\u00f3, que intensifica el comprom\u00eds establert el gener de l&#8217;any passat. Aquest acord posiciona LeverTouch com a patrocinador oficial de Monlau, reafirmant l&#8217;aposta conjunta pel creixement i el desenvolupament del talent en el [&hellip;]","og_url":"https:\/\/www.monlau.com\/fp\/ca\/lever-touch-y-monlau\/","og_site_name":"Formaci\u00f3n profesional","article_modified_time":"2026-04-27T09:15:01+00:00","twitter_card":"summary_large_image","twitter_misc":{"Temps estimat de lectura":"2 minuts"},"schema":{"@context":"https:\/\/schema.org","@graph":[{"@type":"WebPage","@id":"https:\/\/www.monlau.com\/fp\/ca\/lever-touch-y-monlau\/","url":"https:\/\/www.monlau.com\/fp\/ca\/lever-touch-y-monlau\/","name":"Lever Touch i Monlau - Formaci\u00f3n profesional","isPartOf":{"@id":"https:\/\/www.monlau.com\/fp\/ca\/#website"},"datePublished":"2026-04-22T11:49:08+00:00","dateModified":"2026-04-27T09:15:01+00:00","breadcrumb":{"@id":"https:\/\/www.monlau.com\/fp\/ca\/lever-touch-y-monlau\/#breadcrumb"},"inLanguage":"ca","potentialAction":[{"@type":"ReadAction","target":["https:\/\/www.monlau.com\/fp\/ca\/lever-touch-y-monlau\/"]}]},{"@type":"BreadcrumbList","@id":"https:\/\/www.monlau.com\/fp\/ca\/lever-touch-y-monlau\/#breadcrumb","itemListElement":[{"@type":"ListItem","position":1,"name":"Portada","item":"https:\/\/www.monlau.com\/fp\/ca\/inici\/"},{"@type":"ListItem","position":2,"name":"Lever Touch i Monlau"}]},{"@type":"WebSite","@id":"https:\/\/www.monlau.com\/fp\/ca\/#website","url":"https:\/\/www.monlau.com\/fp\/ca\/","name":"Formaci\u00f3n profesional","description":"Monlau","publisher":{"@id":"https:\/\/www.monlau.com\/fp\/ca\/#organization"},"potentialAction":[{"@type":"SearchAction","target":{"@type":"EntryPoint","urlTemplate":"https:\/\/www.monlau.com\/fp\/ca\/?s={search_term_string}"},"query-input":{"@type":"PropertyValueSpecification","valueRequired":true,"valueName":"search_term_string"}}],"inLanguage":"ca"},{"@type":"Organization","@id":"https:\/\/www.monlau.com\/fp\/ca\/#organization","name":"Formaci\u00f3n profesional","url":"https:\/\/www.monlau.com\/fp\/ca\/","logo":{"@type":"ImageObject","inLanguage":"ca","@id":"https:\/\/www.monlau.com\/fp\/ca\/#\/schema\/logo\/image\/","url":"https:\/\/www.monlau.com\/app\/uploads\/sites\/3\/2026\/01\/fp.png","contentUrl":"https:\/\/www.monlau.com\/app\/uploads\/sites\/3\/2026\/01\/fp.png","width":1024,"height":878,"caption":"Formaci\u00f3n profesional"},"image":{"@id":"https:\/\/www.monlau.com\/fp\/ca\/#\/schema\/logo\/image\/"}}]}},"_links":{"self":[{"href":"https:\/\/www.monlau.com\/fp\/ca\/wp-json\/wp\/v2\/pages\/10670","targetHints":{"allow":["GET"]}}],"collection":[{"href":"https:\/\/www.monlau.com\/fp\/ca\/wp-json\/wp\/v2\/pages"}],"about":[{"href":"https:\/\/www.monlau.com\/fp\/ca\/wp-json\/wp\/v2\/types\/page"}],"author":[{"embeddable":true,"href":"https:\/\/www.monlau.com\/fp\/ca\/wp-json\/wp\/v2\/users\/1"}],"replies":[{"embeddable":true,"href":"https:\/\/www.monlau.com\/fp\/ca\/wp-json\/wp\/v2\/comments?post=10670"}],"version-history":[{"count":1,"href":"https:\/\/www.monlau.com\/fp\/ca\/wp-json\/wp\/v2\/pages\/10670\/revisions"}],"predecessor-version":[{"id":10672,"href":"https:\/\/www.monlau.com\/fp\/ca\/wp-json\/wp\/v2\/pages\/10670\/revisions\/10672"}],"wp:attachment":[{"href":"https:\/\/www.monlau.com\/fp\/ca\/wp-json\/wp\/v2\/media?parent=10670"}],"curies":[{"name":"wp","href":"https:\/\/api.w.org\/{rel}","templated":true}]}}