{"id":10659,"date":"2026-04-22T13:29:13","date_gmt":"2026-04-22T11:29:13","guid":{"rendered":"https:\/\/www.monlau.com\/fp\/autel-equipataller-y-monlau\/"},"modified":"2026-04-27T11:15:01","modified_gmt":"2026-04-27T09:15:01","slug":"autel-equipataller-y-monlau","status":"publish","type":"page","link":"https:\/\/www.monlau.com\/fp\/ca\/autel-equipataller-y-monlau\/","title":{"rendered":"Autel Equipataller i Monlau"},"content":{"rendered":"\t\t<div data-elementor-type=\"wp-page\" data-elementor-id=\"10659\" class=\"elementor elementor-10659 elementor-10413\" data-elementor-post-type=\"page\">\n\t\t\t\t<div class=\"elementor-element elementor-element-71986f2 e-flex e-con-boxed e-con e-parent\" data-id=\"71986f2\" data-element_type=\"container\" data-settings=\"{&quot;background_background&quot;:&quot;classic&quot;}\">\n\t\t\t\t\t<div class=\"e-con-inner\">\n\t\t\t\t<div class=\"elementor-element elementor-element-1b09b38 elementor-widget__width-initial elementor-widget elementor-widget-text-editor\" data-id=\"1b09b38\" data-element_type=\"widget\" data-widget_type=\"text-editor.default\">\n\t\t\t\t\t\t\t\t\t<h1 class=\"elementor-heading-title elementor-size-default\"><strong>Autel Equipataller<\/strong> i Monlau<\/h1>\t\t\t\t\t\t\t\t<\/div>\n\t\t\t\t\t<\/div>\n\t\t\t\t<\/div>\n\t\t<div class=\"elementor-element elementor-element-38517c9 e-flex e-con-boxed e-con e-parent\" data-id=\"38517c9\" data-element_type=\"container\">\n\t\t\t\t\t<div class=\"e-con-inner\">\n\t\t<div class=\"elementor-element elementor-element-b6b17bc e-con-full e-flex e-con e-child\" data-id=\"b6b17bc\" data-element_type=\"container\" data-settings=\"{&quot;background_background&quot;:&quot;classic&quot;}\">\n\t\t\t\t<div class=\"elementor-element elementor-element-453bcd4 elementor-widget elementor-widget-heading\" data-id=\"453bcd4\" data-element_type=\"widget\" data-widget_type=\"heading.default\">\n\t\t\t\t\t<h2 class=\"elementor-heading-title elementor-size-default\">L'alumnat de Monlau tindr\u00e0 acc\u00e9s a la <b>tecnologia m\u00e9s avan\u00e7ada de diagnosi intel\u00b7ligent gr\u00e0cies a Autel Equipataller. <\/b> <\/h2>\t\t\t\t<\/div>\n\t\t\t\t<div class=\"elementor-element elementor-element-cb9b488 elementor-widget elementor-widget-text-editor\" data-id=\"cb9b488\" data-element_type=\"widget\" data-widget_type=\"text-editor.default\">\n\t\t\t\t\t\t\t\t\t<p>Aix\u00ed ho han acordat Grup Monlau i Autel Ib\u00e9rica \u2013 Equipataller, gr\u00e0cies a un nou acord de col\u00b7laboraci\u00f3 pel qual els dispositius m\u00e9s innovadors emprats per diagnosticar avaries en tot tipus de vehicles seran incorporats a les aules tan bon punt apareguin al mercat. Fa anys que Monlau va incorporar dispositius professionals d&#8217;Autel que empren tallers de tot el m\u00f3n per inspeccionar motors i localitzar avaries. Ara, juntament amb Autel Equipataller, es renovaran les eines de les quals disposa Monlau perqu\u00e8 els futurs mec\u00e0nics i mec\u00e0niques puguin, des de la formaci\u00f3, con\u00e8ixer el maneig d&#8217;eines complexes en la fase de llan\u00e7ament del producte. Aix\u00ed ho han acordat en un conveni de col\u00b7laboraci\u00f3 el director general del Grup Monlau, Iban Ventura, el gerent d&#8217;Autel Equipataller, Rosendo Pous, i la directora d&#8217;Administraci\u00f3 d&#8217;Autel Equipataller, Fina Soldado, en una reuni\u00f3 en la qual tamb\u00e9 ha estat present el director de l&#8217;\u00e0rea de Monlau Automoci\u00f3, Carlos Salazar.   <\/p>\t\t\t\t\t\t\t\t<\/div>\n\t\t\t\t<\/div>\n\t\t\t\t\t<\/div>\n\t\t\t\t<\/div>\n\t\t<div class=\"elementor-element elementor-element-d1961de e-flex e-con-boxed e-con e-parent\" data-id=\"d1961de\" data-element_type=\"container\">\n\t\t\t\t\t<div class=\"e-con-inner\">\n\t\t<div class=\"elementor-element elementor-element-860b071 e-con-full e-flex elementor-invisible e-con e-child\" data-id=\"860b071\" data-element_type=\"container\" data-settings=\"{&quot;animation&quot;:&quot;fadeInRight&quot;,&quot;background_background&quot;:&quot;classic&quot;}\">\n\t\t\t\t<\/div>\n\t\t<div class=\"elementor-element elementor-element-ceabb7b e-con-full e-flex elementor-invisible e-con e-child\" data-id=\"ceabb7b\" data-element_type=\"container\" data-settings=\"{&quot;animation&quot;:&quot;fadeInLeft&quot;}\">\n\t\t\t\t<div class=\"elementor-element elementor-element-d1b252b elementor-widget elementor-widget-heading\" data-id=\"d1b252b\" data-element_type=\"widget\" data-widget_type=\"heading.default\">\n\t\t\t\t\t<h2 class=\"elementor-heading-title elementor-size-default\"><b>Taller Autel Equipataller<\/b> a Monlau\n<\/h2>\t\t\t\t<\/div>\n\t\t\t\t<div class=\"elementor-element elementor-element-3f898c3 elementor-widget elementor-widget-text-editor\" data-id=\"3f898c3\" data-element_type=\"widget\" data-widget_type=\"text-editor.default\">\n\t\t\t\t\t\t\t\t\t<div class=\"et_pb_row et_pb_row_1\"><div class=\"et_pb_column et_pb_column_4_4 et_pb_column_1 et_pb_css_mix_blend_mode_passthrough et-last-child\"><div class=\"et_pb_module et_pb_text et_pb_text_3 et_pb_text_align_left et_pb_bg_layout_light\"><div class=\"et_pb_text_inner\"><p>Per refor\u00e7ar encara m\u00e9s aquesta connexi\u00f3, un dels tallers d&#8217;electricitat de Monlau s&#8217;anomenar\u00e0 a partir d&#8217;ara Taller Autel Equipataller. Un espai que fomentar\u00e0 i explorar\u00e0 la creaci\u00f3 d&#8217;espais de col\u00b7laboraci\u00f3 i treball conjunts. <\/p><p>El director general del Grup Monlau, Iban Ventura, ha agra\u00eft a <strong><a href=\"https:\/\/auteliberica.es\/\">Autel Equipataller<\/a><\/strong> la seva m\u00e0xima implicaci\u00f3 i el seu inter\u00e8s per millorar la formaci\u00f3 per a l&#8217;alumnat.  <\/p><\/div><\/div><\/div><\/div><div class=\"et_pb_row et_pb_row_2\"><div class=\"et_pb_column et_pb_column_1_2 et_pb_column_2 et_pb_css_mix_blend_mode_passthrough\"> <\/div><\/div>\t\t\t\t\t\t\t\t<\/div>\n\t\t\t\t<\/div>\n\t\t\t\t\t<\/div>\n\t\t\t\t<\/div>\n\t\t<div class=\"elementor-element elementor-element-7beebb9 e-flex e-con-boxed e-con e-parent\" data-id=\"7beebb9\" data-element_type=\"container\">\n\t\t\t\t\t<div class=\"e-con-inner\">\n\t\t\t\t<div class=\"elementor-element elementor-element-7f6b057 gallery-spacing-custom elementor-widget elementor-widget-image-gallery\" data-id=\"7f6b057\" data-element_type=\"widget\" data-widget_type=\"image-gallery.default\">\n\t\t\t\t\t\t\t<div class=\"elementor-image-gallery\">\n\t\t\t<div id='gallery-1' class='gallery galleryid-10659 gallery-columns-3 gallery-size-full'><figure class='gallery-item'>\n\t\t\t<div class='gallery-icon landscape'>\n\t\t\t\t<a data-elementor-open-lightbox=\"yes\" data-elementor-lightbox-slideshow=\"7f6b057\" data-elementor-lightbox-title=\"IMG_4078-2048x1365\" data-e-action-hash=\"#elementor-action%3Aaction%3Dlightbox%26settings%3DeyJpZCI6MTA2NjEsInVybCI6Imh0dHBzOlwvXC93d3cubW9ubGF1LmNvbVwvYXBwXC91cGxvYWRzXC9zaXRlc1wvM1wvMjAyNlwvMDRcL0lNR180MDc4LTIwNDh4MTM2NS0xLmpwZyIsInNsaWRlc2hvdyI6IjdmNmIwNTcifQ%3D%3D\" href='https:\/\/www.monlau.com\/app\/uploads\/sites\/3\/2026\/04\/IMG_4078-2048x1365-1.jpg'><img fetchpriority=\"high\" decoding=\"async\" width=\"2048\" height=\"1365\" src=\"https:\/\/www.monlau.com\/app\/uploads\/sites\/3\/2026\/04\/IMG_4078-2048x1365-1.jpg\" class=\"attachment-full size-full\" alt=\"\" srcset=\"https:\/\/www.monlau.com\/app\/uploads\/sites\/3\/2026\/04\/IMG_4078-2048x1365-1.jpg 2048w, https:\/\/www.monlau.com\/app\/uploads\/sites\/3\/2026\/04\/IMG_4078-2048x1365-1-300x200.jpg 300w, https:\/\/www.monlau.com\/app\/uploads\/sites\/3\/2026\/04\/IMG_4078-2048x1365-1-1024x683.jpg 1024w, https:\/\/www.monlau.com\/app\/uploads\/sites\/3\/2026\/04\/IMG_4078-2048x1365-1-768x512.jpg 768w, https:\/\/www.monlau.com\/app\/uploads\/sites\/3\/2026\/04\/IMG_4078-2048x1365-1-1536x1024.jpg 1536w\" sizes=\"(max-width: 2048px) 100vw, 2048px\" \/><\/a>\n\t\t\t<\/div><\/figure><figure class='gallery-item'>\n\t\t\t<div class='gallery-icon landscape'>\n\t\t\t\t<a data-elementor-open-lightbox=\"yes\" data-elementor-lightbox-slideshow=\"7f6b057\" data-elementor-lightbox-title=\"IMG_4053-2048x1365\" data-e-action-hash=\"#elementor-action%3Aaction%3Dlightbox%26settings%3DeyJpZCI6MTA2NjIsInVybCI6Imh0dHBzOlwvXC93d3cubW9ubGF1LmNvbVwvYXBwXC91cGxvYWRzXC9zaXRlc1wvM1wvMjAyNlwvMDRcL0lNR180MDUzLTIwNDh4MTM2NS0xLmpwZyIsInNsaWRlc2hvdyI6IjdmNmIwNTcifQ%3D%3D\" href='https:\/\/www.monlau.com\/app\/uploads\/sites\/3\/2026\/04\/IMG_4053-2048x1365-1.jpg'><img decoding=\"async\" width=\"2048\" height=\"1365\" src=\"https:\/\/www.monlau.com\/app\/uploads\/sites\/3\/2026\/04\/IMG_4053-2048x1365-1.jpg\" class=\"attachment-full size-full\" alt=\"\" srcset=\"https:\/\/www.monlau.com\/app\/uploads\/sites\/3\/2026\/04\/IMG_4053-2048x1365-1.jpg 2048w, https:\/\/www.monlau.com\/app\/uploads\/sites\/3\/2026\/04\/IMG_4053-2048x1365-1-300x200.jpg 300w, https:\/\/www.monlau.com\/app\/uploads\/sites\/3\/2026\/04\/IMG_4053-2048x1365-1-1024x683.jpg 1024w, https:\/\/www.monlau.com\/app\/uploads\/sites\/3\/2026\/04\/IMG_4053-2048x1365-1-768x512.jpg 768w, https:\/\/www.monlau.com\/app\/uploads\/sites\/3\/2026\/04\/IMG_4053-2048x1365-1-1536x1024.jpg 1536w\" sizes=\"(max-width: 2048px) 100vw, 2048px\" \/><\/a>\n\t\t\t<\/div><\/figure><figure class='gallery-item'>\n\t\t\t<div class='gallery-icon landscape'>\n\t\t\t\t<a data-elementor-open-lightbox=\"yes\" data-elementor-lightbox-slideshow=\"7f6b057\" data-elementor-lightbox-title=\"IMG_4021-2048x1365\" data-e-action-hash=\"#elementor-action%3Aaction%3Dlightbox%26settings%3DeyJpZCI6MTA2NjMsInVybCI6Imh0dHBzOlwvXC93d3cubW9ubGF1LmNvbVwvYXBwXC91cGxvYWRzXC9zaXRlc1wvM1wvMjAyNlwvMDRcL0lNR180MDIxLTIwNDh4MTM2NS0xLmpwZyIsInNsaWRlc2hvdyI6IjdmNmIwNTcifQ%3D%3D\" href='https:\/\/www.monlau.com\/app\/uploads\/sites\/3\/2026\/04\/IMG_4021-2048x1365-1.jpg'><img decoding=\"async\" width=\"2048\" height=\"1365\" src=\"https:\/\/www.monlau.com\/app\/uploads\/sites\/3\/2026\/04\/IMG_4021-2048x1365-1.jpg\" class=\"attachment-full size-full\" alt=\"\" srcset=\"https:\/\/www.monlau.com\/app\/uploads\/sites\/3\/2026\/04\/IMG_4021-2048x1365-1.jpg 2048w, https:\/\/www.monlau.com\/app\/uploads\/sites\/3\/2026\/04\/IMG_4021-2048x1365-1-300x200.jpg 300w, https:\/\/www.monlau.com\/app\/uploads\/sites\/3\/2026\/04\/IMG_4021-2048x1365-1-1024x683.jpg 1024w, https:\/\/www.monlau.com\/app\/uploads\/sites\/3\/2026\/04\/IMG_4021-2048x1365-1-768x512.jpg 768w, https:\/\/www.monlau.com\/app\/uploads\/sites\/3\/2026\/04\/IMG_4021-2048x1365-1-1536x1024.jpg 1536w\" sizes=\"(max-width: 2048px) 100vw, 2048px\" \/><\/a>\n\t\t\t<\/div><\/figure>\n\t\t<\/div>\n\t\t<\/div>\n\t\t\t\t\t\t<\/div>\n\t\t\t\t\t<\/div>\n\t\t\t\t<\/div>\n\t\t<div class=\"elementor-element elementor-element-e3e8633 e-flex e-con-boxed e-con e-parent\" data-id=\"e3e8633\" data-element_type=\"container\">\n\t\t\t\t\t<div class=\"e-con-inner\">\n\t\t<div class=\"elementor-element elementor-element-10f9ee2 e-con-full e-flex e-con e-child\" data-id=\"10f9ee2\" data-element_type=\"container\" data-settings=\"{&quot;background_background&quot;:&quot;classic&quot;}\">\n\t\t\t\t<div class=\"elementor-element elementor-element-82dc269 elementor-widget elementor-widget-heading\" data-id=\"82dc269\" data-element_type=\"widget\" data-widget_type=\"heading.default\">\n\t\t\t\t\t<p class=\"elementor-heading-title elementor-size-default\">Us convidem a <b>llegir l'article complet <br>al nostre blog<\/b>\n<\/p>\t\t\t\t<\/div>\n\t\t\t\t<div class=\"elementor-element elementor-element-8d06e9c elementor-align-right btn-blue-inverse elementor-widget elementor-widget-button\" data-id=\"8d06e9c\" data-element_type=\"widget\" data-widget_type=\"button.default\">\n\t\t\t\t\t\t\t\t\t\t<a class=\"elementor-button elementor-button-link elementor-size-sm\" href=\"https:\/\/www.monlau.com\/fp\/2025\/01\/08\/autel-equipataller-y-monlau-hacen-un-pacto-para-impulsar-la-fp\/\">\n\t\t\t\t\t\t<span class=\"elementor-button-content-wrapper\">\n\t\t\t\t\t\t\t\t\t<span class=\"elementor-button-text\">Llegir blog<\/span>\n\t\t\t\t\t<\/span>\n\t\t\t\t\t<\/a>\n\t\t\t\t\t\t\t\t<\/div>\n\t\t\t\t<\/div>\n\t\t\t\t\t<\/div>\n\t\t\t\t<\/div>\n\t\t\t\t<\/div>\n\t\t","protected":false},"excerpt":{"rendered":"<p>Autel Equipataller i Monlau L&#8217;alumnat de Monlau tindr\u00e0 acc\u00e9s a la tecnologia m\u00e9s avan\u00e7ada de diagnosi intel\u00b7ligent gr\u00e0cies a Autel Equipataller. Aix\u00ed ho han acordat Grup Monlau i Autel Ib\u00e9rica \u2013 Equipataller, gr\u00e0cies a un nou acord de col\u00b7laboraci\u00f3 pel qual els dispositius m\u00e9s innovadors emprats per diagnosticar avaries en tot tipus de vehicles seran [&hellip;]<\/p>\n","protected":false},"author":1,"featured_media":0,"parent":0,"menu_order":0,"comment_status":"closed","ping_status":"closed","template":"elementor_header_footer","meta":{"footnotes":""},"class_list":["post-10659","page","type-page","status-publish","hentry"],"yoast_head":"<!-- This site is optimized with the Yoast SEO plugin v27.2 - https:\/\/yoast.com\/product\/yoast-seo-wordpress\/ -->\n<title>Autel Equipataller i Monlau - Formaci\u00f3n profesional<\/title>\n<meta name=\"robots\" content=\"index, follow, max-snippet:-1, max-image-preview:large, max-video-preview:-1\" \/>\n<link rel=\"canonical\" href=\"https:\/\/www.monlau.com\/fp\/ca\/autel-equipataller-y-monlau\/\" \/>\n<meta property=\"og:locale\" content=\"ca_ES\" \/>\n<meta property=\"og:type\" content=\"article\" \/>\n<meta property=\"og:title\" content=\"Autel Equipataller i Monlau - Formaci\u00f3n profesional\" \/>\n<meta property=\"og:description\" content=\"Autel Equipataller i Monlau L&#8217;alumnat de Monlau tindr\u00e0 acc\u00e9s a la tecnologia m\u00e9s avan\u00e7ada de diagnosi intel\u00b7ligent gr\u00e0cies a Autel Equipataller. Aix\u00ed ho han acordat Grup Monlau i Autel Ib\u00e9rica \u2013 Equipataller, gr\u00e0cies a un nou acord de col\u00b7laboraci\u00f3 pel qual els dispositius m\u00e9s innovadors emprats per diagnosticar avaries en tot tipus de vehicles seran [&hellip;]\" \/>\n<meta property=\"og:url\" content=\"https:\/\/www.monlau.com\/fp\/ca\/autel-equipataller-y-monlau\/\" \/>\n<meta property=\"og:site_name\" content=\"Formaci\u00f3n profesional\" \/>\n<meta property=\"article:modified_time\" content=\"2026-04-27T09:15:01+00:00\" \/>\n<meta property=\"og:image\" content=\"https:\/\/www.monlau.com\/app\/uploads\/sites\/3\/2026\/04\/IMG_4078-2048x1365-1.jpg\" \/>\n<meta name=\"twitter:card\" content=\"summary_large_image\" \/>\n<meta name=\"twitter:label1\" content=\"Temps estimat de lectura\" \/>\n\t<meta name=\"twitter:data1\" content=\"1 minut\" \/>\n<script type=\"application\/ld+json\" class=\"yoast-schema-graph\">{\"@context\":\"https:\/\/schema.org\",\"@graph\":[{\"@type\":\"WebPage\",\"@id\":\"https:\/\/www.monlau.com\/fp\/ca\/autel-equipataller-y-monlau\/\",\"url\":\"https:\/\/www.monlau.com\/fp\/ca\/autel-equipataller-y-monlau\/\",\"name\":\"Autel Equipataller i Monlau - Formaci\u00f3n profesional\",\"isPartOf\":{\"@id\":\"https:\/\/www.monlau.com\/fp\/ca\/#website\"},\"primaryImageOfPage\":{\"@id\":\"https:\/\/www.monlau.com\/fp\/ca\/autel-equipataller-y-monlau\/#primaryimage\"},\"image\":{\"@id\":\"https:\/\/www.monlau.com\/fp\/ca\/autel-equipataller-y-monlau\/#primaryimage\"},\"thumbnailUrl\":\"https:\/\/www.monlau.com\/app\/uploads\/sites\/3\/2026\/04\/IMG_4078-2048x1365-1.jpg\",\"datePublished\":\"2026-04-22T11:29:13+00:00\",\"dateModified\":\"2026-04-27T09:15:01+00:00\",\"breadcrumb\":{\"@id\":\"https:\/\/www.monlau.com\/fp\/ca\/autel-equipataller-y-monlau\/#breadcrumb\"},\"inLanguage\":\"ca\",\"potentialAction\":[{\"@type\":\"ReadAction\",\"target\":[\"https:\/\/www.monlau.com\/fp\/ca\/autel-equipataller-y-monlau\/\"]}]},{\"@type\":\"ImageObject\",\"inLanguage\":\"ca\",\"@id\":\"https:\/\/www.monlau.com\/fp\/ca\/autel-equipataller-y-monlau\/#primaryimage\",\"url\":\"https:\/\/www.monlau.com\/app\/uploads\/sites\/3\/2026\/04\/IMG_4078-2048x1365-1.jpg\",\"contentUrl\":\"https:\/\/www.monlau.com\/app\/uploads\/sites\/3\/2026\/04\/IMG_4078-2048x1365-1.jpg\"},{\"@type\":\"BreadcrumbList\",\"@id\":\"https:\/\/www.monlau.com\/fp\/ca\/autel-equipataller-y-monlau\/#breadcrumb\",\"itemListElement\":[{\"@type\":\"ListItem\",\"position\":1,\"name\":\"Portada\",\"item\":\"https:\/\/www.monlau.com\/fp\/ca\/inici\/\"},{\"@type\":\"ListItem\",\"position\":2,\"name\":\"Autel Equipataller i Monlau\"}]},{\"@type\":\"WebSite\",\"@id\":\"https:\/\/www.monlau.com\/fp\/ca\/#website\",\"url\":\"https:\/\/www.monlau.com\/fp\/ca\/\",\"name\":\"Formaci\u00f3n profesional\",\"description\":\"Monlau\",\"publisher\":{\"@id\":\"https:\/\/www.monlau.com\/fp\/ca\/#organization\"},\"potentialAction\":[{\"@type\":\"SearchAction\",\"target\":{\"@type\":\"EntryPoint\",\"urlTemplate\":\"https:\/\/www.monlau.com\/fp\/ca\/?s={search_term_string}\"},\"query-input\":{\"@type\":\"PropertyValueSpecification\",\"valueRequired\":true,\"valueName\":\"search_term_string\"}}],\"inLanguage\":\"ca\"},{\"@type\":\"Organization\",\"@id\":\"https:\/\/www.monlau.com\/fp\/ca\/#organization\",\"name\":\"Formaci\u00f3n profesional\",\"url\":\"https:\/\/www.monlau.com\/fp\/ca\/\",\"logo\":{\"@type\":\"ImageObject\",\"inLanguage\":\"ca\",\"@id\":\"https:\/\/www.monlau.com\/fp\/ca\/#\/schema\/logo\/image\/\",\"url\":\"https:\/\/www.monlau.com\/app\/uploads\/sites\/3\/2026\/01\/fp.png\",\"contentUrl\":\"https:\/\/www.monlau.com\/app\/uploads\/sites\/3\/2026\/01\/fp.png\",\"width\":1024,\"height\":878,\"caption\":\"Formaci\u00f3n profesional\"},\"image\":{\"@id\":\"https:\/\/www.monlau.com\/fp\/ca\/#\/schema\/logo\/image\/\"}}]}<\/script>\n<!-- \/ Yoast SEO plugin. -->","yoast_head_json":{"title":"Autel Equipataller i Monlau - Formaci\u00f3n profesional","robots":{"index":"index","follow":"follow","max-snippet":"max-snippet:-1","max-image-preview":"max-image-preview:large","max-video-preview":"max-video-preview:-1"},"canonical":"https:\/\/www.monlau.com\/fp\/ca\/autel-equipataller-y-monlau\/","og_locale":"ca_ES","og_type":"article","og_title":"Autel Equipataller i Monlau - Formaci\u00f3n profesional","og_description":"Autel Equipataller i Monlau L&#8217;alumnat de Monlau tindr\u00e0 acc\u00e9s a la tecnologia m\u00e9s avan\u00e7ada de diagnosi intel\u00b7ligent gr\u00e0cies a Autel Equipataller. Aix\u00ed ho han acordat Grup Monlau i Autel Ib\u00e9rica \u2013 Equipataller, gr\u00e0cies a un nou acord de col\u00b7laboraci\u00f3 pel qual els dispositius m\u00e9s innovadors emprats per diagnosticar avaries en tot tipus de vehicles seran [&hellip;]","og_url":"https:\/\/www.monlau.com\/fp\/ca\/autel-equipataller-y-monlau\/","og_site_name":"Formaci\u00f3n profesional","article_modified_time":"2026-04-27T09:15:01+00:00","og_image":[{"url":"https:\/\/www.monlau.com\/app\/uploads\/sites\/3\/2026\/04\/IMG_4078-2048x1365-1.jpg","type":"","width":"","height":""}],"twitter_card":"summary_large_image","twitter_misc":{"Temps estimat de lectura":"1 minut"},"schema":{"@context":"https:\/\/schema.org","@graph":[{"@type":"WebPage","@id":"https:\/\/www.monlau.com\/fp\/ca\/autel-equipataller-y-monlau\/","url":"https:\/\/www.monlau.com\/fp\/ca\/autel-equipataller-y-monlau\/","name":"Autel Equipataller i Monlau - Formaci\u00f3n profesional","isPartOf":{"@id":"https:\/\/www.monlau.com\/fp\/ca\/#website"},"primaryImageOfPage":{"@id":"https:\/\/www.monlau.com\/fp\/ca\/autel-equipataller-y-monlau\/#primaryimage"},"image":{"@id":"https:\/\/www.monlau.com\/fp\/ca\/autel-equipataller-y-monlau\/#primaryimage"},"thumbnailUrl":"https:\/\/www.monlau.com\/app\/uploads\/sites\/3\/2026\/04\/IMG_4078-2048x1365-1.jpg","datePublished":"2026-04-22T11:29:13+00:00","dateModified":"2026-04-27T09:15:01+00:00","breadcrumb":{"@id":"https:\/\/www.monlau.com\/fp\/ca\/autel-equipataller-y-monlau\/#breadcrumb"},"inLanguage":"ca","potentialAction":[{"@type":"ReadAction","target":["https:\/\/www.monlau.com\/fp\/ca\/autel-equipataller-y-monlau\/"]}]},{"@type":"ImageObject","inLanguage":"ca","@id":"https:\/\/www.monlau.com\/fp\/ca\/autel-equipataller-y-monlau\/#primaryimage","url":"https:\/\/www.monlau.com\/app\/uploads\/sites\/3\/2026\/04\/IMG_4078-2048x1365-1.jpg","contentUrl":"https:\/\/www.monlau.com\/app\/uploads\/sites\/3\/2026\/04\/IMG_4078-2048x1365-1.jpg"},{"@type":"BreadcrumbList","@id":"https:\/\/www.monlau.com\/fp\/ca\/autel-equipataller-y-monlau\/#breadcrumb","itemListElement":[{"@type":"ListItem","position":1,"name":"Portada","item":"https:\/\/www.monlau.com\/fp\/ca\/inici\/"},{"@type":"ListItem","position":2,"name":"Autel Equipataller i Monlau"}]},{"@type":"WebSite","@id":"https:\/\/www.monlau.com\/fp\/ca\/#website","url":"https:\/\/www.monlau.com\/fp\/ca\/","name":"Formaci\u00f3n profesional","description":"Monlau","publisher":{"@id":"https:\/\/www.monlau.com\/fp\/ca\/#organization"},"potentialAction":[{"@type":"SearchAction","target":{"@type":"EntryPoint","urlTemplate":"https:\/\/www.monlau.com\/fp\/ca\/?s={search_term_string}"},"query-input":{"@type":"PropertyValueSpecification","valueRequired":true,"valueName":"search_term_string"}}],"inLanguage":"ca"},{"@type":"Organization","@id":"https:\/\/www.monlau.com\/fp\/ca\/#organization","name":"Formaci\u00f3n profesional","url":"https:\/\/www.monlau.com\/fp\/ca\/","logo":{"@type":"ImageObject","inLanguage":"ca","@id":"https:\/\/www.monlau.com\/fp\/ca\/#\/schema\/logo\/image\/","url":"https:\/\/www.monlau.com\/app\/uploads\/sites\/3\/2026\/01\/fp.png","contentUrl":"https:\/\/www.monlau.com\/app\/uploads\/sites\/3\/2026\/01\/fp.png","width":1024,"height":878,"caption":"Formaci\u00f3n profesional"},"image":{"@id":"https:\/\/www.monlau.com\/fp\/ca\/#\/schema\/logo\/image\/"}}]}},"_links":{"self":[{"href":"https:\/\/www.monlau.com\/fp\/ca\/wp-json\/wp\/v2\/pages\/10659","targetHints":{"allow":["GET"]}}],"collection":[{"href":"https:\/\/www.monlau.com\/fp\/ca\/wp-json\/wp\/v2\/pages"}],"about":[{"href":"https:\/\/www.monlau.com\/fp\/ca\/wp-json\/wp\/v2\/types\/page"}],"author":[{"embeddable":true,"href":"https:\/\/www.monlau.com\/fp\/ca\/wp-json\/wp\/v2\/users\/1"}],"replies":[{"embeddable":true,"href":"https:\/\/www.monlau.com\/fp\/ca\/wp-json\/wp\/v2\/comments?post=10659"}],"version-history":[{"count":1,"href":"https:\/\/www.monlau.com\/fp\/ca\/wp-json\/wp\/v2\/pages\/10659\/revisions"}],"predecessor-version":[{"id":10664,"href":"https:\/\/www.monlau.com\/fp\/ca\/wp-json\/wp\/v2\/pages\/10659\/revisions\/10664"}],"wp:attachment":[{"href":"https:\/\/www.monlau.com\/fp\/ca\/wp-json\/wp\/v2\/media?parent=10659"}],"curies":[{"name":"wp","href":"https:\/\/api.w.org\/{rel}","templated":true}]}}