{"id":10647,"date":"2026-04-22T13:57:39","date_gmt":"2026-04-22T11:57:39","guid":{"rendered":"https:\/\/www.monlau.com\/fp\/quadis-y-monlau\/"},"modified":"2026-04-27T11:14:48","modified_gmt":"2026-04-27T09:14:48","slug":"quadis-y-monlau","status":"publish","type":"page","link":"https:\/\/www.monlau.com\/fp\/ca\/quadis-y-monlau\/","title":{"rendered":"Quadis i Monlau"},"content":{"rendered":"\t\t<div data-elementor-type=\"wp-page\" data-elementor-id=\"10647\" class=\"elementor elementor-10647 elementor-10443\" data-elementor-post-type=\"page\">\n\t\t\t\t<div class=\"elementor-element elementor-element-7e2c8c8 e-flex e-con-boxed e-con e-parent\" data-id=\"7e2c8c8\" data-element_type=\"container\" data-settings=\"{&quot;background_background&quot;:&quot;classic&quot;}\">\n\t\t\t\t\t<div class=\"e-con-inner\">\n\t\t\t\t<div class=\"elementor-element elementor-element-df0c886 elementor-widget__width-initial elementor-widget elementor-widget-text-editor\" data-id=\"df0c886\" data-element_type=\"widget\" data-widget_type=\"text-editor.default\">\n\t\t\t\t\t\t\t\t\t<h1 class=\"elementor-heading-title elementor-size-default\"><b>Quadis<\/b> i Monlau<\/h1>\t\t\t\t\t\t\t\t<\/div>\n\t\t\t\t\t<\/div>\n\t\t\t\t<\/div>\n\t\t<div class=\"elementor-element elementor-element-65d438c e-flex e-con-boxed e-con e-parent\" data-id=\"65d438c\" data-element_type=\"container\">\n\t\t\t\t\t<div class=\"e-con-inner\">\n\t\t<div class=\"elementor-element elementor-element-697351a e-con-full e-flex e-con e-child\" data-id=\"697351a\" data-element_type=\"container\" data-settings=\"{&quot;background_background&quot;:&quot;classic&quot;}\">\n\t\t\t\t<div class=\"elementor-element elementor-element-ef2e198 elementor-widget elementor-widget-heading\" data-id=\"ef2e198\" data-element_type=\"widget\" data-widget_type=\"heading.default\">\n\t\t\t\t\t<h2 class=\"elementor-heading-title elementor-size-default\">A Monlau, <b>portem la formaci\u00f3 m\u00e9s enll\u00e0 de l'aula tradicional<\/b> gr\u00e0cies a la nostra alian\u00e7a amb QUADIS<\/h2>\t\t\t\t<\/div>\n\t\t\t\t<div class=\"elementor-element elementor-element-16022f1 elementor-widget elementor-widget-text-editor\" data-id=\"16022f1\" data-element_type=\"widget\" data-widget_type=\"text-editor.default\">\n\t\t\t\t\t\t\t\t\t<p>La major xarxa de concessionaris i tallers oficials d&#8217;Espanya. QUADIS representa m\u00e9s de 30 marques d&#8217;autom\u00f2bils l\u00edders i ofereix un servei integral que inclou venda, postvenda i solucions de mobilitat. <\/p><p>A trav\u00e9s de l&#8217;<strong>Aula QUADIS<\/strong>, un espai d&#8217;aprenentatge din\u00e0mic i innovador, els nostres estudiants d&#8217;automoci\u00f3 adquireixen coneixements pr\u00e0ctics de la m\u00e0 de professionals del sector. A m\u00e9s, accedeixen a les \u00faltimes tecnologies del mercat i estableixen contacte directe amb experts de marques de primer nivell. <\/p>\t\t\t\t\t\t\t\t<\/div>\n\t\t\t\t<\/div>\n\t\t\t\t\t<\/div>\n\t\t\t\t<\/div>\n\t\t<div class=\"elementor-element elementor-element-0f40ec0 e-flex e-con-boxed e-con e-parent\" data-id=\"0f40ec0\" data-element_type=\"container\">\n\t\t\t\t\t<div class=\"e-con-inner\">\n\t\t<div class=\"elementor-element elementor-element-6e1678c e-con-full e-flex elementor-invisible e-con e-child\" data-id=\"6e1678c\" data-element_type=\"container\" data-settings=\"{&quot;animation&quot;:&quot;fadeInRight&quot;,&quot;background_background&quot;:&quot;classic&quot;}\">\n\t\t\t\t<\/div>\n\t\t<div class=\"elementor-element elementor-element-935b1c6 e-con-full e-flex elementor-invisible e-con e-child\" data-id=\"935b1c6\" data-element_type=\"container\" data-settings=\"{&quot;animation&quot;:&quot;fadeInLeft&quot;}\">\n\t\t\t\t<div class=\"elementor-element elementor-element-345d561 elementor-widget elementor-widget-heading\" data-id=\"345d561\" data-element_type=\"widget\" data-widget_type=\"heading.default\">\n\t\t\t\t\t<h2 class=\"elementor-heading-title elementor-size-default\">Connectant amb l'<b>entorn laboral real<\/b><\/h2>\t\t\t\t<\/div>\n\t\t\t\t<div class=\"elementor-element elementor-element-c8d51d3 elementor-widget elementor-widget-text-editor\" data-id=\"c8d51d3\" data-element_type=\"widget\" data-widget_type=\"text-editor.default\">\n\t\t\t\t\t\t\t\t\t<div class=\"et_pb_row et_pb_row_1\"><div class=\"et_pb_column et_pb_column_4_4 et_pb_column_1 et_pb_css_mix_blend_mode_passthrough et-last-child\"><div class=\"et_pb_module et_pb_text et_pb_text_3 et_pb_text_align_left et_pb_bg_layout_light\"><div class=\"et_pb_text_inner\"><p>D&#8217;altra banda, les <strong>visites als centres de QUADIS<\/strong> permeten a l&#8217;alumnat connectar amb l&#8217;entorn laboral real. Aix\u00ed, poden aplicar els seus coneixements te\u00f2rics en contextos pr\u00e0ctics, cosa que potencia les seves habilitats i compet\u00e8ncies. Aquestes experi\u00e8ncies s\u00f3n clau per al seu desenvolupament professional.  <br><br><\/p><p>Aquesta col\u00b7laboraci\u00f3 estrat\u00e8gica refor\u00e7a la qualitat de la formaci\u00f3 t\u00e8cnica i professional. A m\u00e9s, obre portes a <strong>oportunitats d&#8217;inserci\u00f3 laboral<\/strong> en empreses l\u00edders del sector. Els estudiants no nom\u00e9s milloren la seva formaci\u00f3, sin\u00f3 que tamb\u00e9 incrementen les seves possibilitats d&#8217;ocupaci\u00f3.  <br><br><\/p><p><strong>Monlau i QUADIS<\/strong> comparteixen un ferm comprom\u00eds amb el desenvolupament del talent jove. Per aix\u00f2, treballem junts per impulsar el creixement dels futurs professionals de l&#8217;automoci\u00f3. Combinem teoria, pr\u00e0ctica i experi\u00e8ncia en un entorn que inspira, motiva i prepara per al futur.  <\/p><\/div><\/div><\/div><\/div>\t\t\t\t\t\t\t\t<\/div>\n\t\t\t\t<\/div>\n\t\t\t\t\t<\/div>\n\t\t\t\t<\/div>\n\t\t<div class=\"elementor-element elementor-element-a6cafe4 e-flex e-con-boxed e-con e-parent\" data-id=\"a6cafe4\" data-element_type=\"container\">\n\t\t\t\t\t<div class=\"e-con-inner\">\n\t\t<div class=\"elementor-element elementor-element-6e81ede e-con-full e-flex e-con e-child\" data-id=\"6e81ede\" data-element_type=\"container\" data-settings=\"{&quot;background_background&quot;:&quot;classic&quot;}\">\n\t\t\t\t<div class=\"elementor-element elementor-element-69bcf2b elementor-widget elementor-widget-heading\" data-id=\"69bcf2b\" data-element_type=\"widget\" data-widget_type=\"heading.default\">\n\t\t\t\t\t<p class=\"elementor-heading-title elementor-size-default\">Us convidem a <b>llegir l'article complet <br>al nostre blog<\/b>\n<\/p>\t\t\t\t<\/div>\n\t\t\t\t<div class=\"elementor-element elementor-element-da089e4 elementor-align-right btn-blue-inverse elementor-widget elementor-widget-button\" data-id=\"da089e4\" data-element_type=\"widget\" data-widget_type=\"button.default\">\n\t\t\t\t\t\t\t\t\t\t<a class=\"elementor-button elementor-button-link elementor-size-sm\" href=\"https:\/\/www.monlau.com\/fp\/2025\/01\/25\/nuevo-acuerdo-de-colaboracion-entre-monlau-y-quadis-impulsando-el-futuro-de-la-formacion-en-automocion\/\">\n\t\t\t\t\t\t<span class=\"elementor-button-content-wrapper\">\n\t\t\t\t\t\t\t\t\t<span class=\"elementor-button-text\">Llegir blog<\/span>\n\t\t\t\t\t<\/span>\n\t\t\t\t\t<\/a>\n\t\t\t\t\t\t\t\t<\/div>\n\t\t\t\t<\/div>\n\t\t\t\t\t<\/div>\n\t\t\t\t<\/div>\n\t\t\t\t<\/div>\n\t\t","protected":false},"excerpt":{"rendered":"<p>Quadis i Monlau A Monlau, portem la formaci\u00f3 m\u00e9s enll\u00e0 de l&#8217;aula tradicional gr\u00e0cies a la nostra alian\u00e7a amb QUADIS La major xarxa de concessionaris i tallers oficials d&#8217;Espanya. QUADIS representa m\u00e9s de 30 marques d&#8217;autom\u00f2bils l\u00edders i ofereix un servei integral que inclou venda, postvenda i solucions de mobilitat. A trav\u00e9s de l&#8217;Aula QUADIS, [&hellip;]<\/p>\n","protected":false},"author":1,"featured_media":0,"parent":0,"menu_order":0,"comment_status":"closed","ping_status":"closed","template":"elementor_header_footer","meta":{"footnotes":""},"class_list":["post-10647","page","type-page","status-publish","hentry"],"yoast_head":"<!-- This site is optimized with the Yoast SEO plugin v27.2 - https:\/\/yoast.com\/product\/yoast-seo-wordpress\/ -->\n<title>Quadis i Monlau - Formaci\u00f3n profesional<\/title>\n<meta name=\"robots\" content=\"index, follow, max-snippet:-1, max-image-preview:large, max-video-preview:-1\" \/>\n<link rel=\"canonical\" href=\"https:\/\/www.monlau.com\/fp\/ca\/quadis-y-monlau\/\" \/>\n<meta property=\"og:locale\" content=\"ca_ES\" \/>\n<meta property=\"og:type\" content=\"article\" \/>\n<meta property=\"og:title\" content=\"Quadis i Monlau - Formaci\u00f3n profesional\" \/>\n<meta property=\"og:description\" content=\"Quadis i Monlau A Monlau, portem la formaci\u00f3 m\u00e9s enll\u00e0 de l&#8217;aula tradicional gr\u00e0cies a la nostra alian\u00e7a amb QUADIS La major xarxa de concessionaris i tallers oficials d&#8217;Espanya. QUADIS representa m\u00e9s de 30 marques d&#8217;autom\u00f2bils l\u00edders i ofereix un servei integral que inclou venda, postvenda i solucions de mobilitat. A trav\u00e9s de l&#8217;Aula QUADIS, [&hellip;]\" \/>\n<meta property=\"og:url\" content=\"https:\/\/www.monlau.com\/fp\/ca\/quadis-y-monlau\/\" \/>\n<meta property=\"og:site_name\" content=\"Formaci\u00f3n profesional\" \/>\n<meta property=\"article:modified_time\" content=\"2026-04-27T09:14:48+00:00\" \/>\n<meta name=\"twitter:card\" content=\"summary_large_image\" \/>\n<meta name=\"twitter:label1\" content=\"Temps estimat de lectura\" \/>\n\t<meta name=\"twitter:data1\" content=\"1 minut\" \/>\n<script type=\"application\/ld+json\" class=\"yoast-schema-graph\">{\"@context\":\"https:\/\/schema.org\",\"@graph\":[{\"@type\":\"WebPage\",\"@id\":\"https:\/\/www.monlau.com\/fp\/ca\/quadis-y-monlau\/\",\"url\":\"https:\/\/www.monlau.com\/fp\/ca\/quadis-y-monlau\/\",\"name\":\"Quadis i Monlau - Formaci\u00f3n profesional\",\"isPartOf\":{\"@id\":\"https:\/\/www.monlau.com\/fp\/ca\/#website\"},\"datePublished\":\"2026-04-22T11:57:39+00:00\",\"dateModified\":\"2026-04-27T09:14:48+00:00\",\"breadcrumb\":{\"@id\":\"https:\/\/www.monlau.com\/fp\/ca\/quadis-y-monlau\/#breadcrumb\"},\"inLanguage\":\"ca\",\"potentialAction\":[{\"@type\":\"ReadAction\",\"target\":[\"https:\/\/www.monlau.com\/fp\/ca\/quadis-y-monlau\/\"]}]},{\"@type\":\"BreadcrumbList\",\"@id\":\"https:\/\/www.monlau.com\/fp\/ca\/quadis-y-monlau\/#breadcrumb\",\"itemListElement\":[{\"@type\":\"ListItem\",\"position\":1,\"name\":\"Portada\",\"item\":\"https:\/\/www.monlau.com\/fp\/ca\/inici\/\"},{\"@type\":\"ListItem\",\"position\":2,\"name\":\"Quadis i Monlau\"}]},{\"@type\":\"WebSite\",\"@id\":\"https:\/\/www.monlau.com\/fp\/ca\/#website\",\"url\":\"https:\/\/www.monlau.com\/fp\/ca\/\",\"name\":\"Formaci\u00f3n profesional\",\"description\":\"Monlau\",\"publisher\":{\"@id\":\"https:\/\/www.monlau.com\/fp\/ca\/#organization\"},\"potentialAction\":[{\"@type\":\"SearchAction\",\"target\":{\"@type\":\"EntryPoint\",\"urlTemplate\":\"https:\/\/www.monlau.com\/fp\/ca\/?s={search_term_string}\"},\"query-input\":{\"@type\":\"PropertyValueSpecification\",\"valueRequired\":true,\"valueName\":\"search_term_string\"}}],\"inLanguage\":\"ca\"},{\"@type\":\"Organization\",\"@id\":\"https:\/\/www.monlau.com\/fp\/ca\/#organization\",\"name\":\"Formaci\u00f3n profesional\",\"url\":\"https:\/\/www.monlau.com\/fp\/ca\/\",\"logo\":{\"@type\":\"ImageObject\",\"inLanguage\":\"ca\",\"@id\":\"https:\/\/www.monlau.com\/fp\/ca\/#\/schema\/logo\/image\/\",\"url\":\"https:\/\/www.monlau.com\/app\/uploads\/sites\/3\/2026\/01\/fp.png\",\"contentUrl\":\"https:\/\/www.monlau.com\/app\/uploads\/sites\/3\/2026\/01\/fp.png\",\"width\":1024,\"height\":878,\"caption\":\"Formaci\u00f3n profesional\"},\"image\":{\"@id\":\"https:\/\/www.monlau.com\/fp\/ca\/#\/schema\/logo\/image\/\"}}]}<\/script>\n<!-- \/ Yoast SEO plugin. -->","yoast_head_json":{"title":"Quadis i Monlau - Formaci\u00f3n profesional","robots":{"index":"index","follow":"follow","max-snippet":"max-snippet:-1","max-image-preview":"max-image-preview:large","max-video-preview":"max-video-preview:-1"},"canonical":"https:\/\/www.monlau.com\/fp\/ca\/quadis-y-monlau\/","og_locale":"ca_ES","og_type":"article","og_title":"Quadis i Monlau - Formaci\u00f3n profesional","og_description":"Quadis i Monlau A Monlau, portem la formaci\u00f3 m\u00e9s enll\u00e0 de l&#8217;aula tradicional gr\u00e0cies a la nostra alian\u00e7a amb QUADIS La major xarxa de concessionaris i tallers oficials d&#8217;Espanya. QUADIS representa m\u00e9s de 30 marques d&#8217;autom\u00f2bils l\u00edders i ofereix un servei integral que inclou venda, postvenda i solucions de mobilitat. A trav\u00e9s de l&#8217;Aula QUADIS, [&hellip;]","og_url":"https:\/\/www.monlau.com\/fp\/ca\/quadis-y-monlau\/","og_site_name":"Formaci\u00f3n profesional","article_modified_time":"2026-04-27T09:14:48+00:00","twitter_card":"summary_large_image","twitter_misc":{"Temps estimat de lectura":"1 minut"},"schema":{"@context":"https:\/\/schema.org","@graph":[{"@type":"WebPage","@id":"https:\/\/www.monlau.com\/fp\/ca\/quadis-y-monlau\/","url":"https:\/\/www.monlau.com\/fp\/ca\/quadis-y-monlau\/","name":"Quadis i Monlau - Formaci\u00f3n profesional","isPartOf":{"@id":"https:\/\/www.monlau.com\/fp\/ca\/#website"},"datePublished":"2026-04-22T11:57:39+00:00","dateModified":"2026-04-27T09:14:48+00:00","breadcrumb":{"@id":"https:\/\/www.monlau.com\/fp\/ca\/quadis-y-monlau\/#breadcrumb"},"inLanguage":"ca","potentialAction":[{"@type":"ReadAction","target":["https:\/\/www.monlau.com\/fp\/ca\/quadis-y-monlau\/"]}]},{"@type":"BreadcrumbList","@id":"https:\/\/www.monlau.com\/fp\/ca\/quadis-y-monlau\/#breadcrumb","itemListElement":[{"@type":"ListItem","position":1,"name":"Portada","item":"https:\/\/www.monlau.com\/fp\/ca\/inici\/"},{"@type":"ListItem","position":2,"name":"Quadis i Monlau"}]},{"@type":"WebSite","@id":"https:\/\/www.monlau.com\/fp\/ca\/#website","url":"https:\/\/www.monlau.com\/fp\/ca\/","name":"Formaci\u00f3n profesional","description":"Monlau","publisher":{"@id":"https:\/\/www.monlau.com\/fp\/ca\/#organization"},"potentialAction":[{"@type":"SearchAction","target":{"@type":"EntryPoint","urlTemplate":"https:\/\/www.monlau.com\/fp\/ca\/?s={search_term_string}"},"query-input":{"@type":"PropertyValueSpecification","valueRequired":true,"valueName":"search_term_string"}}],"inLanguage":"ca"},{"@type":"Organization","@id":"https:\/\/www.monlau.com\/fp\/ca\/#organization","name":"Formaci\u00f3n profesional","url":"https:\/\/www.monlau.com\/fp\/ca\/","logo":{"@type":"ImageObject","inLanguage":"ca","@id":"https:\/\/www.monlau.com\/fp\/ca\/#\/schema\/logo\/image\/","url":"https:\/\/www.monlau.com\/app\/uploads\/sites\/3\/2026\/01\/fp.png","contentUrl":"https:\/\/www.monlau.com\/app\/uploads\/sites\/3\/2026\/01\/fp.png","width":1024,"height":878,"caption":"Formaci\u00f3n profesional"},"image":{"@id":"https:\/\/www.monlau.com\/fp\/ca\/#\/schema\/logo\/image\/"}}]}},"_links":{"self":[{"href":"https:\/\/www.monlau.com\/fp\/ca\/wp-json\/wp\/v2\/pages\/10647","targetHints":{"allow":["GET"]}}],"collection":[{"href":"https:\/\/www.monlau.com\/fp\/ca\/wp-json\/wp\/v2\/pages"}],"about":[{"href":"https:\/\/www.monlau.com\/fp\/ca\/wp-json\/wp\/v2\/types\/page"}],"author":[{"embeddable":true,"href":"https:\/\/www.monlau.com\/fp\/ca\/wp-json\/wp\/v2\/users\/1"}],"replies":[{"embeddable":true,"href":"https:\/\/www.monlau.com\/fp\/ca\/wp-json\/wp\/v2\/comments?post=10647"}],"version-history":[{"count":1,"href":"https:\/\/www.monlau.com\/fp\/ca\/wp-json\/wp\/v2\/pages\/10647\/revisions"}],"predecessor-version":[{"id":10650,"href":"https:\/\/www.monlau.com\/fp\/ca\/wp-json\/wp\/v2\/pages\/10647\/revisions\/10650"}],"wp:attachment":[{"href":"https:\/\/www.monlau.com\/fp\/ca\/wp-json\/wp\/v2\/media?parent=10647"}],"curies":[{"name":"wp","href":"https:\/\/api.w.org\/{rel}","templated":true}]}}