{"id":10638,"date":"2026-04-23T08:55:32","date_gmt":"2026-04-23T06:55:32","guid":{"rendered":"https:\/\/www.monlau.com\/fp\/napa-y-monlau\/"},"modified":"2026-04-27T11:14:38","modified_gmt":"2026-04-27T09:14:38","slug":"napa-y-monlau","status":"publish","type":"page","link":"https:\/\/www.monlau.com\/fp\/ca\/napa-y-monlau\/","title":{"rendered":"NAPA i Monlau"},"content":{"rendered":"\t\t<div data-elementor-type=\"wp-page\" data-elementor-id=\"10638\" class=\"elementor elementor-10638 elementor-10492\" data-elementor-post-type=\"page\">\n\t\t\t\t<div class=\"elementor-element elementor-element-a917196 e-flex e-con-boxed e-con e-parent\" data-id=\"a917196\" data-element_type=\"container\" data-settings=\"{&quot;background_background&quot;:&quot;classic&quot;}\">\n\t\t\t\t\t<div class=\"e-con-inner\">\n\t\t\t\t<div class=\"elementor-element elementor-element-5b99b69 elementor-widget__width-initial elementor-widget elementor-widget-text-editor\" data-id=\"5b99b69\" data-element_type=\"widget\" data-widget_type=\"text-editor.default\">\n\t\t\t\t\t\t\t\t\t<div class=\"elementor-element elementor-element-eb6a573 elementor-widget elementor-widget-heading\" data-id=\"eb6a573\" data-element_type=\"widget\" data-widget_type=\"heading.default\"><h1 class=\"elementor-heading-title elementor-size-default\"><b>NAPA<\/b> i Monlau<\/h1><\/div>\t\t\t\t\t\t\t\t<\/div>\n\t\t\t\t\t<\/div>\n\t\t\t\t<\/div>\n\t\t<div class=\"elementor-element elementor-element-216abb6 e-flex e-con-boxed e-con e-parent\" data-id=\"216abb6\" data-element_type=\"container\">\n\t\t\t\t\t<div class=\"e-con-inner\">\n\t\t<div class=\"elementor-element elementor-element-44715f4 e-con-full e-flex e-con e-child\" data-id=\"44715f4\" data-element_type=\"container\" data-settings=\"{&quot;background_background&quot;:&quot;classic&quot;}\">\n\t\t\t\t<div class=\"elementor-element elementor-element-d5aa5d9 elementor-widget elementor-widget-heading\" data-id=\"d5aa5d9\" data-element_type=\"widget\" data-widget_type=\"heading.default\">\n\t\t\t\t\t<h2 class=\"elementor-heading-title elementor-size-default\">A Monlau FP <b>anunciem una nova alian\u00e7a en Formaci\u00f3 Professional d'Automoci\u00f3 juntament amb NAPA<\/b><\/h2>\t\t\t\t<\/div>\n\t\t\t\t<div class=\"elementor-element elementor-element-b4a2004 elementor-widget elementor-widget-text-editor\" data-id=\"b4a2004\" data-element_type=\"widget\" data-widget_type=\"text-editor.default\">\n\t\t\t\t\t\t\t\t\t<p>Marca l\u00edder mundial en recanvis amb gaireb\u00e9 100 anys d&#8217;experi\u00e8ncia i pres\u00e8ncia en m\u00e9s de 13 pa\u00efsos. Aix\u00ed, reforcem la connexi\u00f3 entre els nostres cicles de FP i la realitat del sector automobil\u00edstic. <\/p><div class=\"et_pb_module et_pb_text et_pb_text_2 et_pb_text_align_left et_pb_bg_layout_light\"><div class=\"et_pb_text_inner\"><p data-start=\"1068\" data-end=\"1344\"><strong data-start=\"1068\" data-end=\"1095\">Gr\u00e0cies a aquesta alian\u00e7a,<\/strong> els nostres estudiants tindran acc\u00e9s a <strong data-start=\"1134\" data-end=\"1253\">recursos t\u00e8cnics de primer nivell, \u00faltimes tend\u00e8ncies del mercat i contacte directe amb empreses l\u00edders com NAPA<\/strong>. <strong data-start=\"1255\" data-end=\"1272\">D&#8217;aquesta manera,<\/strong> mantenim la nostra FP alineada amb les demandes reals de la ind\u00fastria.<\/p><\/div><\/div><div class=\"et_pb_module et_pb_heading et_pb_heading_1 et_pb_bg_layout_\"><div class=\"et_pb_heading_container\"> <\/div><\/div>\t\t\t\t\t\t\t\t<\/div>\n\t\t\t\t<\/div>\n\t\t\t\t\t<\/div>\n\t\t\t\t<\/div>\n\t\t<div class=\"elementor-element elementor-element-e108b93 e-flex e-con-boxed e-con e-parent\" data-id=\"e108b93\" data-element_type=\"container\">\n\t\t\t\t\t<div class=\"e-con-inner\">\n\t\t<div class=\"elementor-element elementor-element-650cd72 e-con-full e-flex elementor-invisible e-con e-child\" data-id=\"650cd72\" data-element_type=\"container\" data-settings=\"{&quot;animation&quot;:&quot;fadeInRight&quot;,&quot;background_background&quot;:&quot;classic&quot;}\">\n\t\t\t\t<\/div>\n\t\t<div class=\"elementor-element elementor-element-769e206 e-con-full e-flex elementor-invisible e-con e-child\" data-id=\"769e206\" data-element_type=\"container\" data-settings=\"{&quot;animation&quot;:&quot;fadeInLeft&quot;}\">\n\t\t\t\t<div class=\"elementor-element elementor-element-6bfe2d3 elementor-widget elementor-widget-heading\" data-id=\"6bfe2d3\" data-element_type=\"widget\" data-widget_type=\"heading.default\">\n\t\t\t\t\t<h2 class=\"elementor-heading-title elementor-size-default\"><b>Visi\u00f3 compartida<\/b> de futur<\/h2>\t\t\t\t<\/div>\n\t\t\t\t<div class=\"elementor-element elementor-element-7c31951 elementor-widget elementor-widget-text-editor\" data-id=\"7c31951\" data-element_type=\"widget\" data-widget_type=\"text-editor.default\">\n\t\t\t\t\t\t\t\t\t<div class=\"et_pb_row et_pb_row_1\"><div class=\"et_pb_column et_pb_column_4_4 et_pb_column_1 et_pb_css_mix_blend_mode_passthrough et-last-child\"><div class=\"et_pb_module et_pb_text et_pb_text_3 et_pb_text_align_left et_pb_bg_layout_light\"><div class=\"et_pb_text_inner\"><p><strong data-start=\"1386\" data-end=\"1397\">A m\u00e9s,<\/strong> l&#8217;acord impulsa noves oportunitats de <strong data-start=\"1441\" data-end=\"1511\">pr\u00e0ctiques en empreses, projectes de FP dual i aprenentatge aplicat<\/strong>. <strong data-start=\"1513\" data-end=\"1532\">Com a resultat,<\/strong> reforcem el nostre comprom\u00eds amb l&#8217;ocupabilitat i el desenvolupament professional dels alumnes.<\/p><\/div><p data-start=\"1616\" data-end=\"2070\">En la signatura de l&#8217;acord van participar <a href=\"https:\/\/www.linkedin.com\/in\/danieltejadahidalgo\/\"><strong>Daniel Tejada<\/strong><\/a> (Regional Director) i <a href=\"http:\/\/20.82.21.31\/formacio-professional\/napa\/Conso%20Alarc%C3%B3n\"><strong data-start=\"1693\" data-end=\"1710\">Conso Alarc\u00f3n<\/strong><\/a> (HRBP Regional \u2013 Talent &amp; Development Specialist) de <strong>NAPA a Espanya<\/strong>.<\/p><p data-start=\"1616\" data-end=\"2070\">Per part de Monlau van assistir el nostre director general <a href=\"http:\/\/20.82.21.31\/formacio-professional\/napa\/Iban%20Ventura\"><strong data-start=\"1826\" data-end=\"1842\">Iban Ventura<\/strong><\/a>, el director d&#8217;Automoci\u00f3 <a href=\"http:\/\/20.82.21.31\/formacio-professional\/napa\/Carlos%20Salazar\"><strong data-start=\"1870\" data-end=\"1888\">Carlos Salazar<\/strong><\/a> i la directora de Relacions Externes <a href=\"https:\/\/www.linkedin.com\/in\/montsebarrera\/\"><strong>Montse Barrera<\/strong><\/a>.<\/p><p data-start=\"1616\" data-end=\"2070\"><strong data-start=\"2005\" data-end=\"2023\">En definitiva,<\/strong> es tracta d&#8217;una col\u00b7laboraci\u00f3 estrat\u00e8gica per continuar formant professionals preparats per al present i el futur de l&#8217;automoci\u00f3.<\/p><\/div><\/div><\/div>\t\t\t\t\t\t\t\t<\/div>\n\t\t\t\t<\/div>\n\t\t\t\t\t<\/div>\n\t\t\t\t<\/div>\n\t\t<div class=\"elementor-element elementor-element-5f00fc8 e-flex e-con-boxed e-con e-parent\" data-id=\"5f00fc8\" data-element_type=\"container\">\n\t\t\t\t\t<div class=\"e-con-inner\">\n\t\t<div class=\"elementor-element elementor-element-35da056 e-con-full e-flex e-con e-child\" data-id=\"35da056\" data-element_type=\"container\" data-settings=\"{&quot;background_background&quot;:&quot;classic&quot;}\">\n\t\t\t\t<div class=\"elementor-element elementor-element-e2ab8a0 elementor-widget elementor-widget-heading\" data-id=\"e2ab8a0\" data-element_type=\"widget\" data-widget_type=\"heading.default\">\n\t\t\t\t\t<p class=\"elementor-heading-title elementor-size-default\">Us convidem a <b>llegir l'article complet <br>al nostre blog<\/b>\n<\/p>\t\t\t\t<\/div>\n\t\t\t\t<div class=\"elementor-element elementor-element-275992f elementor-align-right btn-blue-inverse elementor-widget elementor-widget-button\" data-id=\"275992f\" data-element_type=\"widget\" data-widget_type=\"button.default\">\n\t\t\t\t\t\t\t\t\t\t<a class=\"elementor-button elementor-button-link elementor-size-sm\" href=\"https:\/\/www.monlau.com\/fp\/2025\/09\/26\/napa-y-monlau-fp-impulsan-la-fp-en-automocion-con-acceso-a-recambios-de-primer-nivel\/\">\n\t\t\t\t\t\t<span class=\"elementor-button-content-wrapper\">\n\t\t\t\t\t\t\t\t\t<span class=\"elementor-button-text\">Llegir blog<\/span>\n\t\t\t\t\t<\/span>\n\t\t\t\t\t<\/a>\n\t\t\t\t\t\t\t\t<\/div>\n\t\t\t\t<\/div>\n\t\t\t\t\t<\/div>\n\t\t\t\t<\/div>\n\t\t\t\t<\/div>\n\t\t","protected":false},"excerpt":{"rendered":"<p>NAPA i Monlau A Monlau FP anunciem una nova alian\u00e7a en Formaci\u00f3 Professional d&#8217;Automoci\u00f3 juntament amb NAPA Marca l\u00edder mundial en recanvis amb gaireb\u00e9 100 anys d&#8217;experi\u00e8ncia i pres\u00e8ncia en m\u00e9s de 13 pa\u00efsos. Aix\u00ed, reforcem la connexi\u00f3 entre els nostres cicles de FP i la realitat del sector automobil\u00edstic. Gr\u00e0cies a aquesta alian\u00e7a, els [&hellip;]<\/p>\n","protected":false},"author":1,"featured_media":0,"parent":0,"menu_order":0,"comment_status":"closed","ping_status":"closed","template":"elementor_header_footer","meta":{"footnotes":""},"class_list":["post-10638","page","type-page","status-publish","hentry"],"yoast_head":"<!-- This site is optimized with the Yoast SEO plugin v27.2 - https:\/\/yoast.com\/product\/yoast-seo-wordpress\/ -->\n<title>NAPA i Monlau - Formaci\u00f3n profesional<\/title>\n<meta name=\"robots\" content=\"index, follow, max-snippet:-1, max-image-preview:large, max-video-preview:-1\" \/>\n<link rel=\"canonical\" href=\"https:\/\/www.monlau.com\/fp\/ca\/napa-y-monlau\/\" \/>\n<meta property=\"og:locale\" content=\"ca_ES\" \/>\n<meta property=\"og:type\" content=\"article\" \/>\n<meta property=\"og:title\" content=\"NAPA i Monlau - Formaci\u00f3n profesional\" \/>\n<meta property=\"og:description\" content=\"NAPA i Monlau A Monlau FP anunciem una nova alian\u00e7a en Formaci\u00f3 Professional d&#8217;Automoci\u00f3 juntament amb NAPA Marca l\u00edder mundial en recanvis amb gaireb\u00e9 100 anys d&#8217;experi\u00e8ncia i pres\u00e8ncia en m\u00e9s de 13 pa\u00efsos. Aix\u00ed, reforcem la connexi\u00f3 entre els nostres cicles de FP i la realitat del sector automobil\u00edstic. Gr\u00e0cies a aquesta alian\u00e7a, els [&hellip;]\" \/>\n<meta property=\"og:url\" content=\"https:\/\/www.monlau.com\/fp\/ca\/napa-y-monlau\/\" \/>\n<meta property=\"og:site_name\" content=\"Formaci\u00f3n profesional\" \/>\n<meta property=\"article:modified_time\" content=\"2026-04-27T09:14:38+00:00\" \/>\n<meta name=\"twitter:card\" content=\"summary_large_image\" \/>\n<meta name=\"twitter:label1\" content=\"Temps estimat de lectura\" \/>\n\t<meta name=\"twitter:data1\" content=\"1 minut\" \/>\n<script type=\"application\/ld+json\" class=\"yoast-schema-graph\">{\"@context\":\"https:\/\/schema.org\",\"@graph\":[{\"@type\":\"WebPage\",\"@id\":\"https:\/\/www.monlau.com\/fp\/ca\/napa-y-monlau\/\",\"url\":\"https:\/\/www.monlau.com\/fp\/ca\/napa-y-monlau\/\",\"name\":\"NAPA i Monlau - Formaci\u00f3n profesional\",\"isPartOf\":{\"@id\":\"https:\/\/www.monlau.com\/fp\/ca\/#website\"},\"datePublished\":\"2026-04-23T06:55:32+00:00\",\"dateModified\":\"2026-04-27T09:14:38+00:00\",\"breadcrumb\":{\"@id\":\"https:\/\/www.monlau.com\/fp\/ca\/napa-y-monlau\/#breadcrumb\"},\"inLanguage\":\"ca\",\"potentialAction\":[{\"@type\":\"ReadAction\",\"target\":[\"https:\/\/www.monlau.com\/fp\/ca\/napa-y-monlau\/\"]}]},{\"@type\":\"BreadcrumbList\",\"@id\":\"https:\/\/www.monlau.com\/fp\/ca\/napa-y-monlau\/#breadcrumb\",\"itemListElement\":[{\"@type\":\"ListItem\",\"position\":1,\"name\":\"Portada\",\"item\":\"https:\/\/www.monlau.com\/fp\/ca\/inici\/\"},{\"@type\":\"ListItem\",\"position\":2,\"name\":\"NAPA i Monlau\"}]},{\"@type\":\"WebSite\",\"@id\":\"https:\/\/www.monlau.com\/fp\/ca\/#website\",\"url\":\"https:\/\/www.monlau.com\/fp\/ca\/\",\"name\":\"Formaci\u00f3n profesional\",\"description\":\"Monlau\",\"publisher\":{\"@id\":\"https:\/\/www.monlau.com\/fp\/ca\/#organization\"},\"potentialAction\":[{\"@type\":\"SearchAction\",\"target\":{\"@type\":\"EntryPoint\",\"urlTemplate\":\"https:\/\/www.monlau.com\/fp\/ca\/?s={search_term_string}\"},\"query-input\":{\"@type\":\"PropertyValueSpecification\",\"valueRequired\":true,\"valueName\":\"search_term_string\"}}],\"inLanguage\":\"ca\"},{\"@type\":\"Organization\",\"@id\":\"https:\/\/www.monlau.com\/fp\/ca\/#organization\",\"name\":\"Formaci\u00f3n profesional\",\"url\":\"https:\/\/www.monlau.com\/fp\/ca\/\",\"logo\":{\"@type\":\"ImageObject\",\"inLanguage\":\"ca\",\"@id\":\"https:\/\/www.monlau.com\/fp\/ca\/#\/schema\/logo\/image\/\",\"url\":\"https:\/\/www.monlau.com\/app\/uploads\/sites\/3\/2026\/01\/fp.png\",\"contentUrl\":\"https:\/\/www.monlau.com\/app\/uploads\/sites\/3\/2026\/01\/fp.png\",\"width\":1024,\"height\":878,\"caption\":\"Formaci\u00f3n profesional\"},\"image\":{\"@id\":\"https:\/\/www.monlau.com\/fp\/ca\/#\/schema\/logo\/image\/\"}}]}<\/script>\n<!-- \/ Yoast SEO plugin. -->","yoast_head_json":{"title":"NAPA i Monlau - Formaci\u00f3n profesional","robots":{"index":"index","follow":"follow","max-snippet":"max-snippet:-1","max-image-preview":"max-image-preview:large","max-video-preview":"max-video-preview:-1"},"canonical":"https:\/\/www.monlau.com\/fp\/ca\/napa-y-monlau\/","og_locale":"ca_ES","og_type":"article","og_title":"NAPA i Monlau - Formaci\u00f3n profesional","og_description":"NAPA i Monlau A Monlau FP anunciem una nova alian\u00e7a en Formaci\u00f3 Professional d&#8217;Automoci\u00f3 juntament amb NAPA Marca l\u00edder mundial en recanvis amb gaireb\u00e9 100 anys d&#8217;experi\u00e8ncia i pres\u00e8ncia en m\u00e9s de 13 pa\u00efsos. Aix\u00ed, reforcem la connexi\u00f3 entre els nostres cicles de FP i la realitat del sector automobil\u00edstic. Gr\u00e0cies a aquesta alian\u00e7a, els [&hellip;]","og_url":"https:\/\/www.monlau.com\/fp\/ca\/napa-y-monlau\/","og_site_name":"Formaci\u00f3n profesional","article_modified_time":"2026-04-27T09:14:38+00:00","twitter_card":"summary_large_image","twitter_misc":{"Temps estimat de lectura":"1 minut"},"schema":{"@context":"https:\/\/schema.org","@graph":[{"@type":"WebPage","@id":"https:\/\/www.monlau.com\/fp\/ca\/napa-y-monlau\/","url":"https:\/\/www.monlau.com\/fp\/ca\/napa-y-monlau\/","name":"NAPA i Monlau - Formaci\u00f3n profesional","isPartOf":{"@id":"https:\/\/www.monlau.com\/fp\/ca\/#website"},"datePublished":"2026-04-23T06:55:32+00:00","dateModified":"2026-04-27T09:14:38+00:00","breadcrumb":{"@id":"https:\/\/www.monlau.com\/fp\/ca\/napa-y-monlau\/#breadcrumb"},"inLanguage":"ca","potentialAction":[{"@type":"ReadAction","target":["https:\/\/www.monlau.com\/fp\/ca\/napa-y-monlau\/"]}]},{"@type":"BreadcrumbList","@id":"https:\/\/www.monlau.com\/fp\/ca\/napa-y-monlau\/#breadcrumb","itemListElement":[{"@type":"ListItem","position":1,"name":"Portada","item":"https:\/\/www.monlau.com\/fp\/ca\/inici\/"},{"@type":"ListItem","position":2,"name":"NAPA i Monlau"}]},{"@type":"WebSite","@id":"https:\/\/www.monlau.com\/fp\/ca\/#website","url":"https:\/\/www.monlau.com\/fp\/ca\/","name":"Formaci\u00f3n profesional","description":"Monlau","publisher":{"@id":"https:\/\/www.monlau.com\/fp\/ca\/#organization"},"potentialAction":[{"@type":"SearchAction","target":{"@type":"EntryPoint","urlTemplate":"https:\/\/www.monlau.com\/fp\/ca\/?s={search_term_string}"},"query-input":{"@type":"PropertyValueSpecification","valueRequired":true,"valueName":"search_term_string"}}],"inLanguage":"ca"},{"@type":"Organization","@id":"https:\/\/www.monlau.com\/fp\/ca\/#organization","name":"Formaci\u00f3n profesional","url":"https:\/\/www.monlau.com\/fp\/ca\/","logo":{"@type":"ImageObject","inLanguage":"ca","@id":"https:\/\/www.monlau.com\/fp\/ca\/#\/schema\/logo\/image\/","url":"https:\/\/www.monlau.com\/app\/uploads\/sites\/3\/2026\/01\/fp.png","contentUrl":"https:\/\/www.monlau.com\/app\/uploads\/sites\/3\/2026\/01\/fp.png","width":1024,"height":878,"caption":"Formaci\u00f3n profesional"},"image":{"@id":"https:\/\/www.monlau.com\/fp\/ca\/#\/schema\/logo\/image\/"}}]}},"_links":{"self":[{"href":"https:\/\/www.monlau.com\/fp\/ca\/wp-json\/wp\/v2\/pages\/10638","targetHints":{"allow":["GET"]}}],"collection":[{"href":"https:\/\/www.monlau.com\/fp\/ca\/wp-json\/wp\/v2\/pages"}],"about":[{"href":"https:\/\/www.monlau.com\/fp\/ca\/wp-json\/wp\/v2\/types\/page"}],"author":[{"embeddable":true,"href":"https:\/\/www.monlau.com\/fp\/ca\/wp-json\/wp\/v2\/users\/1"}],"replies":[{"embeddable":true,"href":"https:\/\/www.monlau.com\/fp\/ca\/wp-json\/wp\/v2\/comments?post=10638"}],"version-history":[{"count":1,"href":"https:\/\/www.monlau.com\/fp\/ca\/wp-json\/wp\/v2\/pages\/10638\/revisions"}],"predecessor-version":[{"id":10641,"href":"https:\/\/www.monlau.com\/fp\/ca\/wp-json\/wp\/v2\/pages\/10638\/revisions\/10641"}],"wp:attachment":[{"href":"https:\/\/www.monlau.com\/fp\/ca\/wp-json\/wp\/v2\/media?parent=10638"}],"curies":[{"name":"wp","href":"https:\/\/api.w.org\/{rel}","templated":true}]}}