{"id":10632,"date":"2026-04-23T08:30:46","date_gmt":"2026-04-23T06:30:46","guid":{"rendered":"https:\/\/www.monlau.com\/fp\/moventia-y-monlau\/"},"modified":"2026-04-27T11:16:19","modified_gmt":"2026-04-27T09:16:19","slug":"moventia-i-monlau","status":"publish","type":"page","link":"https:\/\/www.monlau.com\/fp\/ca\/moventia-i-monlau\/","title":{"rendered":"Moventia i Monlau"},"content":{"rendered":"\t\t<div data-elementor-type=\"wp-page\" data-elementor-id=\"10632\" class=\"elementor elementor-10632 elementor-10457\" data-elementor-post-type=\"page\">\n\t\t\t\t<div class=\"elementor-element elementor-element-cc311dd e-flex e-con-boxed e-con e-parent\" data-id=\"cc311dd\" data-element_type=\"container\" data-settings=\"{&quot;background_background&quot;:&quot;classic&quot;}\">\n\t\t\t\t\t<div class=\"e-con-inner\">\n\t\t\t\t<div class=\"elementor-element elementor-element-240d32b elementor-widget__width-initial elementor-widget elementor-widget-text-editor\" data-id=\"240d32b\" data-element_type=\"widget\" data-widget_type=\"text-editor.default\">\n\t\t\t\t\t\t\t\t\t<h1 class=\"elementor-heading-title elementor-size-default\"><b>Moventia<\/b> i Monlau<\/h1>\t\t\t\t\t\t\t\t<\/div>\n\t\t\t\t\t<\/div>\n\t\t\t\t<\/div>\n\t\t<div class=\"elementor-element elementor-element-f19af4e e-flex e-con-boxed e-con e-parent\" data-id=\"f19af4e\" data-element_type=\"container\">\n\t\t\t\t\t<div class=\"e-con-inner\">\n\t\t<div class=\"elementor-element elementor-element-134a7cc e-con-full e-flex e-con e-child\" data-id=\"134a7cc\" data-element_type=\"container\" data-settings=\"{&quot;background_background&quot;:&quot;classic&quot;}\">\n\t\t\t\t<div class=\"elementor-element elementor-element-1ce0e01 elementor-widget elementor-widget-heading\" data-id=\"1ce0e01\" data-element_type=\"widget\" data-widget_type=\"heading.default\">\n\t\t\t\t\t<h2 class=\"elementor-heading-title elementor-size-default\">A Monlau, <b>reforcem el nostre comprom\u00eds amb la formaci\u00f3 pr\u00e0ctica i les oportunitats laborals dels nostres estudiants<\/b> mitjan\u00e7ant un nou acord amb el Grup Moventia.<\/h2>\t\t\t\t<\/div>\n\t\t\t\t<div class=\"elementor-element elementor-element-a24870f elementor-widget elementor-widget-text-editor\" data-id=\"a24870f\" data-element_type=\"widget\" data-widget_type=\"text-editor.default\">\n\t\t\t\t\t\t\t\t\t<p data-start=\"395\" data-end=\"590\">Per aix\u00f2, aquesta alian\u00e7a, que inclou les seves \u00e0rees Moventis i Movento, els oferir\u00e0 acc\u00e9s a experi\u00e8ncies \u00faniques en el sector de la mobilitat, tant en transport col\u00b7lectiu com en automoci\u00f3.<\/p><p class=\"x_MsoNormal\"><strong>Un pas m\u00e9s en la formaci\u00f3 del talent: neix l\u2019\u2018Aula Moventia\u2019 a Monlau. <\/strong>A partir d&#8217;ara, les nostres instal\u00b7lacions dedicades a la Formaci\u00f3 Professional en Automoci\u00f3 compten amb un nou espai d&#8217;aprenentatge: l\u2019\u2018<strong>Aula Moventia<\/strong>\u2019. D&#8217;aquesta manera, aquesta aula ser\u00e0 un punt de trobada on els estudiants rebran formaci\u00f3 te\u00f2rica des del primer dia. Com a conseq\u00fc\u00e8ncia, podran apropar-se a la realitat del sector d&#8217;una forma molt m\u00e9s directa.  <\/p>\t\t\t\t\t\t\t\t<\/div>\n\t\t\t\t<\/div>\n\t\t\t\t\t<\/div>\n\t\t\t\t<\/div>\n\t\t<div class=\"elementor-element elementor-element-eab1616 e-flex e-con-boxed e-con e-parent\" data-id=\"eab1616\" data-element_type=\"container\">\n\t\t\t\t\t<div class=\"e-con-inner\">\n\t\t<div class=\"elementor-element elementor-element-3764deb e-con-full e-flex elementor-invisible e-con e-child\" data-id=\"3764deb\" data-element_type=\"container\" data-settings=\"{&quot;animation&quot;:&quot;fadeInRight&quot;,&quot;background_background&quot;:&quot;classic&quot;}\">\n\t\t\t\t<\/div>\n\t\t<div class=\"elementor-element elementor-element-f05245d e-con-full e-flex elementor-invisible e-con e-child\" data-id=\"f05245d\" data-element_type=\"container\" data-settings=\"{&quot;animation&quot;:&quot;fadeInLeft&quot;}\">\n\t\t\t\t<div class=\"elementor-element elementor-element-e383416 elementor-widget elementor-widget-heading\" data-id=\"e383416\" data-element_type=\"widget\" data-widget_type=\"heading.default\">\n\t\t\t\t\t<h2 class=\"elementor-heading-title elementor-size-default\">Moventia: un <b>referent en mobilitat col\u00b7lectiva i privada<\/b><\/h2>\t\t\t\t<\/div>\n\t\t\t\t<div class=\"elementor-element elementor-element-70d3e0f elementor-widget elementor-widget-text-editor\" data-id=\"70d3e0f\" data-element_type=\"widget\" data-widget_type=\"text-editor.default\">\n\t\t\t\t\t\t\t\t\t<div class=\"et_pb_row et_pb_row_1\"><div class=\"et_pb_column et_pb_column_4_4 et_pb_column_1 et_pb_css_mix_blend_mode_passthrough et-last-child\"><div class=\"et_pb_module et_pb_text et_pb_text_3 et_pb_text_align_left et_pb_bg_layout_light\"><div class=\"et_pb_text_inner\"><p data-start=\"1128\" data-end=\"1265\">Grup Moventia \u00e9s una empresa amb m\u00e9s de 100 anys d&#8217;experi\u00e8ncia en mobilitat. D&#8217;una banda, est\u00e0 estructurada en dues grans \u00e0rees: <\/p><p><strong data-start=\"1145\" data-end=\"1160\"><a href=\"https:\/\/www.moventis.es\/es\">Moventis<\/a><\/strong>, enfocada en el transport col\u00b7lectiu. Gestiona autobusos, autocars, tramvies i serveis de micromobilitat. <\/p><p><strong data-start=\"1320\" data-end=\"1334\"><a href=\"https:\/\/www.movento.es\/\">Movento<\/a><\/strong>, especialitzada en mobilitat privada. Ofereix solucions avan\u00e7ades en automoci\u00f3, com ara venda, reparaci\u00f3 i models de pagament per \u00fas. <\/p><p data-start=\"1547\" data-end=\"1790\">Gr\u00e0cies a aquesta col\u00b7laboraci\u00f3, els estudiants de Monlau podran accedir a pr\u00e0ctiques, formaci\u00f3 dual i llocs de treball estables en \u00e0rees com mec\u00e0nica, planxa i pintura, i assessoria de taller, tant en transport col\u00b7lectiu com en automoci\u00f3 privada. En definitiva, aquesta alian\u00e7a representa un pas endavant en la connexi\u00f3 entre educaci\u00f3 i m\u00f3n laboral, facilitant que els alumnes adquireixin experi\u00e8ncia i accedeixin a millors oportunitats professionals. <\/p><\/div><\/div><\/div><\/div><div class=\"et_pb_row et_pb_row_2\"><div class=\"et_pb_column et_pb_column_1_2 et_pb_column_2 et_pb_css_mix_blend_mode_passthrough\"> <\/div><\/div>\t\t\t\t\t\t\t\t<\/div>\n\t\t\t\t<\/div>\n\t\t\t\t\t<\/div>\n\t\t\t\t<\/div>\n\t\t<div class=\"elementor-element elementor-element-f337660 e-flex e-con-boxed e-con e-parent\" data-id=\"f337660\" data-element_type=\"container\">\n\t\t\t\t\t<div class=\"e-con-inner\">\n\t\t<div class=\"elementor-element elementor-element-31c4a16 e-con-full e-flex e-con e-child\" data-id=\"31c4a16\" data-element_type=\"container\" data-settings=\"{&quot;background_background&quot;:&quot;classic&quot;}\">\n\t\t\t\t<div class=\"elementor-element elementor-element-e153754 elementor-widget elementor-widget-heading\" data-id=\"e153754\" data-element_type=\"widget\" data-widget_type=\"heading.default\">\n\t\t\t\t\t<p class=\"elementor-heading-title elementor-size-default\">Us convidem a <b>llegir l'article complet <br>al nostre blog<\/b>\n<\/p>\t\t\t\t<\/div>\n\t\t\t\t<div class=\"elementor-element elementor-element-d2c46a4 elementor-align-right btn-blue-inverse elementor-widget elementor-widget-button\" data-id=\"d2c46a4\" data-element_type=\"widget\" data-widget_type=\"button.default\">\n\t\t\t\t\t\t\t\t\t\t<a class=\"elementor-button elementor-button-link elementor-size-sm\" href=\"https:\/\/www.monlau.com\/fp\/2025\/03\/11\/grupo-moventia-y-monlau-un-nuevo-acuerdo-que-impulsa-la-empleabilidad-en-el-sector-de-la-movilidad\/\">\n\t\t\t\t\t\t<span class=\"elementor-button-content-wrapper\">\n\t\t\t\t\t\t\t\t\t<span class=\"elementor-button-text\">Llegir blog<\/span>\n\t\t\t\t\t<\/span>\n\t\t\t\t\t<\/a>\n\t\t\t\t\t\t\t\t<\/div>\n\t\t\t\t<\/div>\n\t\t\t\t\t<\/div>\n\t\t\t\t<\/div>\n\t\t\t\t<\/div>\n\t\t","protected":false},"excerpt":{"rendered":"<p>Moventia i Monlau A Monlau, reforcem el nostre comprom\u00eds amb la formaci\u00f3 pr\u00e0ctica i les oportunitats laborals dels nostres estudiants mitjan\u00e7ant un nou acord amb el Grup Moventia. Per aix\u00f2, aquesta alian\u00e7a, que inclou les seves \u00e0rees Moventis i Movento, els oferir\u00e0 acc\u00e9s a experi\u00e8ncies \u00faniques en el sector de la mobilitat, tant en transport [&hellip;]<\/p>\n","protected":false},"author":1,"featured_media":0,"parent":0,"menu_order":0,"comment_status":"closed","ping_status":"closed","template":"elementor_header_footer","meta":{"footnotes":""},"class_list":["post-10632","page","type-page","status-publish","hentry"],"yoast_head":"<!-- This site is optimized with the Yoast SEO plugin v27.2 - https:\/\/yoast.com\/product\/yoast-seo-wordpress\/ -->\n<title>Moventia i Monlau - Formaci\u00f3n profesional<\/title>\n<meta name=\"robots\" content=\"index, follow, max-snippet:-1, max-image-preview:large, max-video-preview:-1\" \/>\n<link rel=\"canonical\" href=\"https:\/\/www.monlau.com\/fp\/ca\/moventia-i-monlau\/\" \/>\n<meta property=\"og:locale\" content=\"ca_ES\" \/>\n<meta property=\"og:type\" content=\"article\" \/>\n<meta property=\"og:title\" content=\"Moventia i Monlau - Formaci\u00f3n profesional\" \/>\n<meta property=\"og:description\" content=\"Moventia i Monlau A Monlau, reforcem el nostre comprom\u00eds amb la formaci\u00f3 pr\u00e0ctica i les oportunitats laborals dels nostres estudiants mitjan\u00e7ant un nou acord amb el Grup Moventia. Per aix\u00f2, aquesta alian\u00e7a, que inclou les seves \u00e0rees Moventis i Movento, els oferir\u00e0 acc\u00e9s a experi\u00e8ncies \u00faniques en el sector de la mobilitat, tant en transport [&hellip;]\" \/>\n<meta property=\"og:url\" content=\"https:\/\/www.monlau.com\/fp\/ca\/moventia-i-monlau\/\" \/>\n<meta property=\"og:site_name\" content=\"Formaci\u00f3n profesional\" \/>\n<meta property=\"article:modified_time\" content=\"2026-04-27T09:16:19+00:00\" \/>\n<meta name=\"twitter:card\" content=\"summary_large_image\" \/>\n<meta name=\"twitter:label1\" content=\"Temps estimat de lectura\" \/>\n\t<meta name=\"twitter:data1\" content=\"2 minuts\" \/>\n<script type=\"application\/ld+json\" class=\"yoast-schema-graph\">{\"@context\":\"https:\/\/schema.org\",\"@graph\":[{\"@type\":\"WebPage\",\"@id\":\"https:\/\/www.monlau.com\/fp\/ca\/moventia-i-monlau\/\",\"url\":\"https:\/\/www.monlau.com\/fp\/ca\/moventia-i-monlau\/\",\"name\":\"Moventia i Monlau - Formaci\u00f3n profesional\",\"isPartOf\":{\"@id\":\"https:\/\/www.monlau.com\/fp\/ca\/#website\"},\"datePublished\":\"2026-04-23T06:30:46+00:00\",\"dateModified\":\"2026-04-27T09:16:19+00:00\",\"breadcrumb\":{\"@id\":\"https:\/\/www.monlau.com\/fp\/ca\/moventia-i-monlau\/#breadcrumb\"},\"inLanguage\":\"ca\",\"potentialAction\":[{\"@type\":\"ReadAction\",\"target\":[\"https:\/\/www.monlau.com\/fp\/ca\/moventia-i-monlau\/\"]}]},{\"@type\":\"BreadcrumbList\",\"@id\":\"https:\/\/www.monlau.com\/fp\/ca\/moventia-i-monlau\/#breadcrumb\",\"itemListElement\":[{\"@type\":\"ListItem\",\"position\":1,\"name\":\"Portada\",\"item\":\"https:\/\/www.monlau.com\/fp\/ca\/inici\/\"},{\"@type\":\"ListItem\",\"position\":2,\"name\":\"Moventia i Monlau\"}]},{\"@type\":\"WebSite\",\"@id\":\"https:\/\/www.monlau.com\/fp\/ca\/#website\",\"url\":\"https:\/\/www.monlau.com\/fp\/ca\/\",\"name\":\"Formaci\u00f3n profesional\",\"description\":\"Monlau\",\"publisher\":{\"@id\":\"https:\/\/www.monlau.com\/fp\/ca\/#organization\"},\"potentialAction\":[{\"@type\":\"SearchAction\",\"target\":{\"@type\":\"EntryPoint\",\"urlTemplate\":\"https:\/\/www.monlau.com\/fp\/ca\/?s={search_term_string}\"},\"query-input\":{\"@type\":\"PropertyValueSpecification\",\"valueRequired\":true,\"valueName\":\"search_term_string\"}}],\"inLanguage\":\"ca\"},{\"@type\":\"Organization\",\"@id\":\"https:\/\/www.monlau.com\/fp\/ca\/#organization\",\"name\":\"Formaci\u00f3n profesional\",\"url\":\"https:\/\/www.monlau.com\/fp\/ca\/\",\"logo\":{\"@type\":\"ImageObject\",\"inLanguage\":\"ca\",\"@id\":\"https:\/\/www.monlau.com\/fp\/ca\/#\/schema\/logo\/image\/\",\"url\":\"https:\/\/www.monlau.com\/app\/uploads\/sites\/3\/2026\/01\/fp.png\",\"contentUrl\":\"https:\/\/www.monlau.com\/app\/uploads\/sites\/3\/2026\/01\/fp.png\",\"width\":1024,\"height\":878,\"caption\":\"Formaci\u00f3n profesional\"},\"image\":{\"@id\":\"https:\/\/www.monlau.com\/fp\/ca\/#\/schema\/logo\/image\/\"}}]}<\/script>\n<!-- \/ Yoast SEO plugin. -->","yoast_head_json":{"title":"Moventia i Monlau - Formaci\u00f3n profesional","robots":{"index":"index","follow":"follow","max-snippet":"max-snippet:-1","max-image-preview":"max-image-preview:large","max-video-preview":"max-video-preview:-1"},"canonical":"https:\/\/www.monlau.com\/fp\/ca\/moventia-i-monlau\/","og_locale":"ca_ES","og_type":"article","og_title":"Moventia i Monlau - Formaci\u00f3n profesional","og_description":"Moventia i Monlau A Monlau, reforcem el nostre comprom\u00eds amb la formaci\u00f3 pr\u00e0ctica i les oportunitats laborals dels nostres estudiants mitjan\u00e7ant un nou acord amb el Grup Moventia. Per aix\u00f2, aquesta alian\u00e7a, que inclou les seves \u00e0rees Moventis i Movento, els oferir\u00e0 acc\u00e9s a experi\u00e8ncies \u00faniques en el sector de la mobilitat, tant en transport [&hellip;]","og_url":"https:\/\/www.monlau.com\/fp\/ca\/moventia-i-monlau\/","og_site_name":"Formaci\u00f3n profesional","article_modified_time":"2026-04-27T09:16:19+00:00","twitter_card":"summary_large_image","twitter_misc":{"Temps estimat de lectura":"2 minuts"},"schema":{"@context":"https:\/\/schema.org","@graph":[{"@type":"WebPage","@id":"https:\/\/www.monlau.com\/fp\/ca\/moventia-i-monlau\/","url":"https:\/\/www.monlau.com\/fp\/ca\/moventia-i-monlau\/","name":"Moventia i Monlau - Formaci\u00f3n profesional","isPartOf":{"@id":"https:\/\/www.monlau.com\/fp\/ca\/#website"},"datePublished":"2026-04-23T06:30:46+00:00","dateModified":"2026-04-27T09:16:19+00:00","breadcrumb":{"@id":"https:\/\/www.monlau.com\/fp\/ca\/moventia-i-monlau\/#breadcrumb"},"inLanguage":"ca","potentialAction":[{"@type":"ReadAction","target":["https:\/\/www.monlau.com\/fp\/ca\/moventia-i-monlau\/"]}]},{"@type":"BreadcrumbList","@id":"https:\/\/www.monlau.com\/fp\/ca\/moventia-i-monlau\/#breadcrumb","itemListElement":[{"@type":"ListItem","position":1,"name":"Portada","item":"https:\/\/www.monlau.com\/fp\/ca\/inici\/"},{"@type":"ListItem","position":2,"name":"Moventia i Monlau"}]},{"@type":"WebSite","@id":"https:\/\/www.monlau.com\/fp\/ca\/#website","url":"https:\/\/www.monlau.com\/fp\/ca\/","name":"Formaci\u00f3n profesional","description":"Monlau","publisher":{"@id":"https:\/\/www.monlau.com\/fp\/ca\/#organization"},"potentialAction":[{"@type":"SearchAction","target":{"@type":"EntryPoint","urlTemplate":"https:\/\/www.monlau.com\/fp\/ca\/?s={search_term_string}"},"query-input":{"@type":"PropertyValueSpecification","valueRequired":true,"valueName":"search_term_string"}}],"inLanguage":"ca"},{"@type":"Organization","@id":"https:\/\/www.monlau.com\/fp\/ca\/#organization","name":"Formaci\u00f3n profesional","url":"https:\/\/www.monlau.com\/fp\/ca\/","logo":{"@type":"ImageObject","inLanguage":"ca","@id":"https:\/\/www.monlau.com\/fp\/ca\/#\/schema\/logo\/image\/","url":"https:\/\/www.monlau.com\/app\/uploads\/sites\/3\/2026\/01\/fp.png","contentUrl":"https:\/\/www.monlau.com\/app\/uploads\/sites\/3\/2026\/01\/fp.png","width":1024,"height":878,"caption":"Formaci\u00f3n profesional"},"image":{"@id":"https:\/\/www.monlau.com\/fp\/ca\/#\/schema\/logo\/image\/"}}]}},"_links":{"self":[{"href":"https:\/\/www.monlau.com\/fp\/ca\/wp-json\/wp\/v2\/pages\/10632","targetHints":{"allow":["GET"]}}],"collection":[{"href":"https:\/\/www.monlau.com\/fp\/ca\/wp-json\/wp\/v2\/pages"}],"about":[{"href":"https:\/\/www.monlau.com\/fp\/ca\/wp-json\/wp\/v2\/types\/page"}],"author":[{"embeddable":true,"href":"https:\/\/www.monlau.com\/fp\/ca\/wp-json\/wp\/v2\/users\/1"}],"replies":[{"embeddable":true,"href":"https:\/\/www.monlau.com\/fp\/ca\/wp-json\/wp\/v2\/comments?post=10632"}],"version-history":[{"count":2,"href":"https:\/\/www.monlau.com\/fp\/ca\/wp-json\/wp\/v2\/pages\/10632\/revisions"}],"predecessor-version":[{"id":10702,"href":"https:\/\/www.monlau.com\/fp\/ca\/wp-json\/wp\/v2\/pages\/10632\/revisions\/10702"}],"wp:attachment":[{"href":"https:\/\/www.monlau.com\/fp\/ca\/wp-json\/wp\/v2\/media?parent=10632"}],"curies":[{"name":"wp","href":"https:\/\/api.w.org\/{rel}","templated":true}]}}