{"id":1356,"date":"2026-01-13T11:14:27","date_gmt":"2026-01-13T10:14:27","guid":{"rendered":"https:\/\/www.monlau.com\/politica-de-privacitat-i-cookies\/"},"modified":"2026-03-16T11:36:13","modified_gmt":"2026-03-16T10:36:13","slug":"politica-de-privacitat-i-cookies","status":"publish","type":"page","link":"https:\/\/www.monlau.com\/ca\/politica-de-privacitat-i-cookies\/","title":{"rendered":"Pol\u00edtica de privacitat i cookies"},"content":{"rendered":"\t\t<div data-elementor-type=\"wp-page\" data-elementor-id=\"1356\" class=\"elementor elementor-1356 elementor-229\" data-elementor-post-type=\"page\">\n\t\t\t\t<div class=\"elementor-element elementor-element-f0ee973 e-flex e-con-boxed e-con e-parent\" data-id=\"f0ee973\" data-element_type=\"container\">\n\t\t\t\t\t<div class=\"e-con-inner\">\n\t\t\t\t<div class=\"elementor-element elementor-element-4121ea7 elementor-widget elementor-widget-heading\" data-id=\"4121ea7\" data-element_type=\"widget\" data-widget_type=\"heading.default\">\n\t\t\t\t\t<h2 class=\"elementor-heading-title elementor-size-default\"><b>Pol\u00edtica de privacitat<\/b><\/h2>\t\t\t\t<\/div>\n\t\t\t\t<div class=\"elementor-element elementor-element-4c54de0 elementor-widget elementor-widget-text-editor\" data-id=\"4c54de0\" data-element_type=\"widget\" data-widget_type=\"text-editor.default\">\n\t\t\t\t\t\t\t\t\t<h4><strong>Declaraci\u00f3 de protecci\u00f3 de dades<\/strong><\/h4><p> <\/p><p>Ens complau que h\u00e0giu visitat el nostre lloc web i que mostreu el vostre inter\u00e8s en MONLAU CENTRE D\u2019ESTUDIS S.A. i en els nostres serveis. Perqu\u00e8 us pugueu sentir segur i c\u00f2mode mentre navegueu pel nostre lloc web, ens prenem molt seriosament la protecci\u00f3 de les vostres dades personals i el seu tractament confidencial.<br>Amb aquesta informaci\u00f3 sobre la protecci\u00f3 de dades volem mantenir-vos al corrent de quan emmagatzemem quines dades i amb quina finalitat les fem servir, complint de manera natural en tot moment amb la normativa vigent en mat\u00e8ria de protecci\u00f3 de dades. <\/p><p><br>El desenvolupament tecnol\u00f2gic continu, les modificacions dels nostres serveis o reglaments, aix\u00ed com altres motius, poden comportar adaptacions de la nostra informaci\u00f3 relativa a la protecci\u00f3 de dades. Per tant, ens reservem el dret de modificar en qualsevol moment la present declaraci\u00f3 de protecci\u00f3 de dades i us preguem que en consulteu peri\u00f2dicament la versi\u00f3 actualitzada. <\/p><h3> <\/h3><h4><strong>Informaci\u00f3 b\u00e0sica<\/strong><\/h4><p> <\/p><p>Llevat que s\u2019indiqui el contrari en els apartats seg\u00fcents, no es recolliran, processaran ni utilitzaran dades personals generals per a l\u2019\u00fas de les nostres p\u00e0gines web. En accedir a les nostres p\u00e0gines web, els nostres servidors recopilen autom\u00e0ticament informaci\u00f3 general. Aix\u00f2 inclou el tipus de navegador web, el sistema operatiu utilitzat, el nom de domini del prove\u00efdor de serveis d\u2019Internet, l\u2019adre\u00e7a IP de l\u2019ordinador utilitzat, la p\u00e0gina web des de la qual ens visiteu, les p\u00e0gines que visiteu, aix\u00ed com la data i la durada de la visita.<br>Aquestes dades no poden ser utilitzades per nosaltres per identificar cada usuari. D\u2019altra banda, nom\u00e9s avaluarem estad\u00edsticament la informaci\u00f3 i l\u2019utilitzarem exclusivament per millorar l\u2019atractiu, el contingut i les funcions de les nostres p\u00e0gines web.  <\/p><h3> <\/h3><h4><strong>Concepte de dades personals<\/strong><\/h4><p> <\/p><p>El Reglament general de protecci\u00f3 de dades (RGPD) de la Uni\u00f3 Europea defineix les dades personals de la manera seg\u00fcent:<\/p><p><br>Tota la informaci\u00f3 relacionada amb una persona f\u00edsica identificada o identificable (d\u2019ara endavant, \u00abla persona interessada\u00bb); una persona identificable es pot determinar, directament o indirectament, en particular mitjan\u00e7ant un identificador, com ara un nom, un n\u00famero d\u2019identificaci\u00f3, dades de localitzaci\u00f3, un identificador en l\u00ednia o un o diversos elements de la identitat f\u00edsica, fisiol\u00f2gica, gen\u00e8tica, ps\u00edquica, econ\u00f2mica, cultural o social d\u2019aquesta persona.<\/p><p> <\/p><p><strong>Fonament jur\u00eddic per a la recollida i el tractament de dades personals:<\/strong><br>Si sol\u00b7liciteu autoritzaci\u00f3 per tractar dades personals, la base legal ser\u00e0 l\u2019art. 6 ap. 1 lletra a de l\u2019RGPD.<br>En tractar les vostres dades personals per complir un contracte entre v\u00f3s i MONLAU CENTRE D\u2019ESTUDIS S.A., el fonament jur\u00eddic ser\u00e0 l\u2019art. 6 ap. 1 lletra b de l\u2019RGPD. Aix\u00f2 tamb\u00e9 \u00e9s aplicable al tractament de les dades personals necess\u00e0ries per dur a terme mesures precontractuals.<br>En cas que el tractament de les dades personals sigui necessari per complir una obligaci\u00f3 legal a la qual estigui subjecta la nostra empresa, la base jur\u00eddica ser\u00e0 l\u2019art. 6 ap. 1 lletra c de l\u2019RGPD. Si el tractament \u00e9s necessari per salvaguardar un inter\u00e8s leg\u00edtim de la nostra empresa o d\u2019un tercer, i si els interessos, drets fonamentals i llibertats de la persona interessada no prevalen sobre els interessos esmentats, la base jur\u00eddica d\u2019aquest tractament ser\u00e0 l\u2019art. 6 ap. 1 lletra f de l\u2019RGPD.  <\/p><p> <\/p><p><strong>Eliminaci\u00f3 de dades i durada de l\u2019emmagatzematge:<\/strong><\/p><p>Les dades personals de la persona interessada s\u2019eliminaran o es bloquejaran quan deixi d\u2019existir la finalitat per a la qual s\u2019emmagatzemen. A m\u00e9s, l\u2019emmagatzematge de dades pot tenir lloc si aix\u00ed ho preveu el legislador europeu o nacional en reglaments comunitaris, lleis o altres normes a les quals estigui subjecta la persona interessada. Tamb\u00e9 es bloquejaran o s\u2019esborraran les dades quan caduqui el per\u00edode d\u2019emmagatzematge previst en aquestes normes, excepte si cal continuar emmagatzemant-les per a la formalitzaci\u00f3 o el compliment d\u2019un contracte.  <\/p><h3> <\/h3><h4><strong>Recollida i tractament de dades personals<\/strong><\/h4><p>Nom\u00e9s es recopilaran dades personals si les proporcioneu per iniciativa pr\u00f2pia, per exemple, per fer una comanda, sol\u00b7licitar informaci\u00f3, prestar el servei o activitats relacionades amb aquest, o registrar-vos en serveis personalitzats. Si s\u2019envia publicitat, se us informar\u00e0 de la finalitat del tractament i, si escau, se us demanar\u00e0 autoritzaci\u00f3 per emmagatzemar les dades.<br>Les dades personals recollides a les nostres p\u00e0gines web s\u2019utilitzaran sense el vostre consentiment nom\u00e9s per tramitar comandes o per gestionar les vostres consultes. Aix\u00ed mateix, les vostres dades s\u2019utilitzaran \u00fanicament amb el vostre consentiment en una base de dades centralitzada de clients i persones interessades gestionada sota la responsabilitat de MONLAU CENTRE D\u2019ESTUDIS S.A. Podeu revocar el vostre consentiment en qualsevol moment amb efectes futurs.<br>Les vostres dades i el seu tractament estaran protegits contra l\u2019acc\u00e9s de persones no autoritzades. Tingueu en compte que els correus electr\u00f2nics no xifrats no estan protegits contra l\u2019acc\u00e9s no autoritzat.<br>Les vostres dades no es vendran, llogaran ni transferiran a tercers d\u2019una altra manera que no sigui la descrita aqu\u00ed. La transmissi\u00f3 de dades personals a institucions i autoritats p\u00fabliques nom\u00e9s es realitzar\u00e0 d\u2019acord amb la normativa nacional vinculant. Els nostres treballadors, agents i distribu\u00efdors estan obligats a mantenir la m\u00e9s estricta confidencialitat.      <\/p><h3> <\/h3><h4><strong>Formulari de contacte<\/strong><\/h4><p>Teniu la possibilitat de contactar-nos a trav\u00e9s de la nostra adre\u00e7a de correu electr\u00f2nic o del formulari de contacte. Utilitzarem les dades personals que ens proporcioneu d\u2019aquesta manera exclusivament per a la finalitat per a la qual ens les faciliteu, \u00e9s a dir, per comunicar-nos amb v\u00f3s. <\/p><p>Si al nostre formulari de contacte sol\u00b7licitem informaci\u00f3 que no \u00e9s necess\u00e0ria per contactar amb nosaltres, la identificarem en tot moment com a opcional. Aquesta informaci\u00f3 servir\u00e0 per aclarir la vostra consulta i tramitar-la de la millor manera possible. La facilitaci\u00f3 d\u2019aquesta informaci\u00f3 ser\u00e0 expl\u00edcitament volunt\u00e0ria i amb el vostre consentiment. Si es tracta d\u2019informaci\u00f3 sobre canals de comunicaci\u00f3 (correu electr\u00f2nic, tel\u00e8fon, etc.), tamb\u00e9 consentireu que us contactem a trav\u00e9s d\u2019aquest canal, si escau, per poder respondre la vostra consulta.<br>Podeu revocar el vostre consentiment en qualsevol moment amb efectes futurs.   <\/p><h3> <\/h3><h4><strong>Portal d\u2019usuaris<\/strong><\/h4><p>Teniu la possibilitat de registrar-vos a les nostres plataformes escolars, a les quals s\u2019accedeix des del lloc web, i crear un compte com a usuari. Per al registre recollirem i emmagatzemarem les vostres dades.<br>Un cop completat el registre, rebreu un acc\u00e9s personalitzat protegit amb contrasenya, des del qual podreu accedir i gestionar la vostra informaci\u00f3. El registre ser\u00e0 voluntari, per\u00f2 pot ser una condici\u00f3 per utilitzar els nostres serveis\/plataformes.  <\/p><h3> <\/h3><h4><strong>Transmissi\u00f3 de dades a prove\u00efdors de serveis externs (encarregats del tractament)<\/strong><\/h4><p>Les vostres dades es facilitaran a prove\u00efdors de serveis externs encarregats per nosaltres que donen suport a MONLAU CENTRE D\u2019ESTUDIS S.A. en la prestaci\u00f3 dels seus serveis.<br>El tractament de les vostres dades personals per part dels prove\u00efdors de serveis encarregats es dur\u00e0 a terme com a enc\u00e0rrec de tractament d\u2019acord amb l\u2019art. 28 de l\u2019RGPD.<br>Aquests prove\u00efdors de serveis nom\u00e9s tindran acc\u00e9s a la informaci\u00f3 personal necess\u00e0ria per dur a terme l\u2019activitat corresponent. Es prohibir\u00e0 a aquests prove\u00efdors de serveis transmetre la vostra informaci\u00f3 personal o utilitzar-la per a finalitats diferents, especialment per a finalitats publicit\u00e0ries.<br>En cas que els prove\u00efdors de serveis externs accedeixin a les vostres dades personals, garantirem, mitjan\u00e7ant mesures legals, t\u00e8cniques i organitzatives, aix\u00ed com controls regulars, que tamb\u00e9 compleixin la normativa vigent en mat\u00e8ria de protecci\u00f3 de dades.<br>No es realitzar\u00e0 cap transmissi\u00f3 de les vostres dades personals a altres empreses amb finalitats comercials. <\/p><h3> <\/h3><h4><strong>Eines d\u2019optimitzaci\u00f3 de la p\u00e0gina web<\/strong><\/h4><p>En la recollida de dades personals mitjan\u00e7ant eines d\u2019optimitzaci\u00f3 de p\u00e0gines web ens basem en el nostre inter\u00e8s leg\u00edtim segons l\u2019art. 6 ap. 1 lletra f de l\u2019RGPD, en combinaci\u00f3 amb el considerant n\u00fam. 47. D\u2019acord amb aquest, la publicitat directa generalment representa un inter\u00e8s leg\u00edtim. Els vostres interessos, drets i llibertats fonamentals no prevaldran sobre el nostre inter\u00e8s publicitari, ja que en la nostra declaraci\u00f3 de protecci\u00f3 de dades us informarem exhaustivament de la recollida de dades i tindreu en tot moment l\u2019opci\u00f3 d\u2019exclusi\u00f3 (mitjan\u00e7ant enlla\u00e7 o configuraci\u00f3 del navegador). Igualment, nom\u00e9s utilitzem un seguiment pseudonimitzat.   <\/p>\t\t\t\t\t\t\t\t<\/div>\n\t\t\t\t\t<\/div>\n\t\t\t\t<\/div>\n\t\t<div class=\"elementor-element elementor-element-c5eba7e e-flex e-con-boxed e-con e-parent\" data-id=\"c5eba7e\" data-element_type=\"container\">\n\t\t\t\t\t<div class=\"e-con-inner\">\n\t\t\t\t<div class=\"elementor-element elementor-element-720b57a elementor-widget elementor-widget-heading\" data-id=\"720b57a\" data-element_type=\"widget\" data-widget_type=\"heading.default\">\n\t\t\t\t\t<h2 class=\"elementor-heading-title elementor-size-default\"><b>Cookies<\/b><\/h2>\t\t\t\t<\/div>\n\t\t\t\t<div class=\"elementor-element elementor-element-9303563 elementor-widget elementor-widget-text-editor\" data-id=\"9303563\" data-element_type=\"widget\" data-widget_type=\"text-editor.default\">\n\t\t\t\t\t\t\t\t\t<p>En determinades parts de les nostres p\u00e0gines s\u2019utilitzen cookies. Una cookie \u00e9s un petit fitxer de text que es descarrega d\u2019una p\u00e0gina web al vostre disc dur. Les cookies no danyen el vostre ordinador i no contenen virus. Les cookies dels nostres llocs web no recopilen cap dada personal. Utilitzem la informaci\u00f3 continguda a les cookies per facilitar l\u2019\u00fas de les nostres p\u00e0gines i adaptar-les a les vostres necessitats.    <\/p><p><br>El nostre lloc web utilitza tant cookies de sessi\u00f3 com cookies persistents. Les cookies de sessi\u00f3 s\u00f3n cookies temporals que s\u2019emmagatzemen al navegador d\u2019Internet de l\u2019usuari fins que es tanca la finestra del navegador i s\u2019eliminen les cookies de sessi\u00f3. Les cookies persistents s\u2019utilitzen per a visites repetides, mantenint-se al navegador de l\u2019usuari durant un temps determinat (normalment 1 any o m\u00e9s). Aquestes cookies no s\u2019esborren en tancar el navegador. Aquest tipus de cookie s\u2019utilitza per recordar les prefer\u00e8ncies d\u2019un usuari quan torna a la p\u00e0gina.    <\/p><p><br>Tamb\u00e9 podeu utilitzar el nostre lloc web sense cookies. Si no voleu que les cookies s\u2019emmagatzemin al vostre ordinador, podeu desactivar aquesta opci\u00f3 a la configuraci\u00f3 del vostre navegador. Sempre podeu eliminar les cookies emmagatzemades a la configuraci\u00f3 del vostre navegador. Les instruccions del fabricant del vostre navegador explicaran com funciona en cada cas. Tanmateix, recordeu que l\u2019oferta del nostre lloc web pot quedar limitada si desactiveu les cookies.    <\/p><h3> <\/h3><h4><strong>Marcadors socials<\/strong><\/h4><p> <\/p><p>Al nostre lloc web hi ha marcadors socials integrats (Facebook, YouTube, twiter, Instagram, LinkedIn). Els marcadors socials s\u00f3n marcadors d\u2019Internet que permeten als usuaris d\u2019aquests serveis recopilar enlla\u00e7os i not\u00edcies, que al nostre lloc web apareixen com un enlla\u00e7 als serveis corresponents. En fer clic al gr\u00e0fic incorporat, se us redirigeix a la p\u00e0gina del servei corresponent; \u00e9s a dir, nom\u00e9s aleshores la informaci\u00f3 de l\u2019usuari es transmetr\u00e0 al servei respectiu. A les disposicions relatives a la protecci\u00f3 de dades del servei corresponent podeu consultar la informaci\u00f3 sobre l\u2019\u00fas de les vostres dades personals en utilitzar aquestes p\u00e0gines web.   <\/p><h3> <\/h3><h4><strong>Seguretat de les dades<\/strong><\/h4><p> <\/p><p>MONLAU CENTRE D\u2019ESTUDIS S.A. adopta mesures de seguretat t\u00e8cniques i organitzatives per protegir les dades gestionades per nosaltres contra manipulacions, p\u00e8rdues o destrucci\u00f3 no autoritzades, o l\u2019acc\u00e9s de persones no autoritzades. Les nostres mesures de seguretat es milloren cont\u00ednuament d\u2019acord amb el progr\u00e9s tecnol\u00f2gic. <\/p><h3> <\/h3><h4><strong>Drets de les persones interessades<\/strong><\/h4><p> <\/p><p>En tractar les vostres dades personals, sou una persona interessada d\u2019acord amb l\u2019RGPD, per la qual cosa us corresponen els drets seg\u00fcents davant del responsable:<br><br><\/p><p><strong>Dret d\u2019acc\u00e9s segons l\u2019art. 15 de l\u2019RGPD<\/strong><\/p><p>Podeu sol\u00b7licitar una confirmaci\u00f3 de si tractem dades personals que us afectin. En cas que es tractin les vostres dades, gaudireu de drets d\u2019informaci\u00f3 addicionals d\u2019acord amb l\u2019art. 15 de l\u2019RGPD. <br><br><\/p><p><strong>Dret de rectificaci\u00f3<\/strong><\/p><p>Si les dades recollides s\u00f3n incorrectes o incompletes, podeu sol\u00b7licitar-ne la rectificaci\u00f3 sense demora, d\u2019acord amb l\u2019art. 16 de l\u2019RGPD.<br><br><\/p><p><strong>Dret a la limitaci\u00f3 del tractament<\/strong><\/p><p>De conformitat amb les disposicions de l\u2019art. 18 de l\u2019RGPD, en determinades circumst\u00e0ncies podreu sol\u00b7licitar la limitaci\u00f3 del tractament de les dades personals que us afectin.<br>D\u2019acord amb la limitaci\u00f3, les vostres dades nom\u00e9s podran ser tractades amb el vostre consentiment o per formular, exercir o defensar reclamacions legals, o per protegir els drets d\u2019una altra persona f\u00edsica o jur\u00eddica, o per raons d\u2019un inter\u00e8s p\u00fablic important de la Uni\u00f3 o d\u2019un estat membre. Abans d\u2019aixecar la limitaci\u00f3, us n\u2019informarem degudament. <br><br><\/p><p><strong>Dret de supressi\u00f3<\/strong><\/p><p>En cas que concorri algun dels motius previstos a l\u2019art. 17 ap. 1 de l\u2019RGPD, podeu sol\u00b7licitar la supressi\u00f3 immediata de les dades personals que us afectin, llevat que existeixi una excepci\u00f3 a l\u2019obligaci\u00f3 de supressi\u00f3 d\u2019acord amb l\u2019art. 17 ap. 3 de l\u2019RGPD.<br><br><\/p><p><strong>Dret de notificaci\u00f3<\/strong><\/p><p>Si heu exercit davant nostre el dret de rectificaci\u00f3, supressi\u00f3 o limitaci\u00f3 del tractament, estarem obligats, d\u2019acord amb l\u2019art. 19 de l\u2019RGPD, a notificar-ho a tots els destinataris als quals s\u2019hagin comunicat les dades personals, tret que aix\u00f2 resulti impossible o exigeixi un esfor\u00e7 desproporcionat. Aix\u00ed mateix, tindreu dret a ser informat dels destinataris. Davant del responsable teniu dret a ser informat d\u2019aquests destinataris.  <br><br><\/p><p><strong>Dret a la portabilitat de les dades<\/strong><\/p><p>Aix\u00ed mateix, d\u2019acord amb l\u2019art. 20 de l\u2019RGPD, teniu dret a obtenir de nosaltres les dades personals que us afectin en un format estructurat, d\u2019\u00fas com\u00fa i de lectura mec\u00e0nica, i a transmetre-les a un altre responsable del tractament sense cap impediment, sempre que es compleixin els requisits de l\u2019art. 20 ap. 1 lletra a de l\u2019RGPD; o b\u00e9 a instar que transmetem les vostres dades personals directament a un altre responsable del tractament, sempre que aix\u00f2 sigui t\u00e8cnicament viable i no perjudiqui els drets i llibertats d\u2019altres persones. Aquest dret no \u00e9s aplicable a un tractament de dades personals necessari per complir una funci\u00f3 d\u2019inter\u00e8s p\u00fablic o per exercir poders p\u00fablics. <br><br><\/p><p><strong>Dret d\u2019oposici\u00f3<\/strong><\/p><p>Teniu dret a oposar-vos en qualsevol moment davant de MONLAU CENTRE D\u2019ESTUDIS S.A. al tractament de les dades que us afectin, d\u2019acord amb l\u2019art. 6 ap. 1 lletra f de l\u2019RGPD.<br>Deixarem de tractar les vostres dades personals, excepte si hi ha motius leg\u00edtims imperiosos per al tractament que prevalguin sobre els vostres interessos, drets i llibertats, o si el tractament serveix per formular, exercir o defensar reclamacions legals.<br>Dret de revocaci\u00f3 de la declaraci\u00f3 d\u2019autoritzaci\u00f3 segons la normativa de protecci\u00f3 de dades<br>Tindreu en tot moment el dret de revocar la vostra declaraci\u00f3 d\u2019autoritzaci\u00f3 segons la normativa de protecci\u00f3 de dades mitjan\u00e7ant una declaraci\u00f3 davant de MONLAU CENTRE D\u2019ESTUDIS SA. La revocaci\u00f3 de l\u2019autoritzaci\u00f3 no afectar\u00e0 la licitud del tractament dut a terme en virtut de l\u2019autoritzaci\u00f3 fins al moment de la seva revocaci\u00f3. <br><br><\/p><p><strong>Dret de reclamaci\u00f3 davant l\u2019autoritat de control<\/strong><\/p><p>Sense perjudici d\u2019altres recursos administratius o judicials, tindreu en tot moment dret a presentar una reclamaci\u00f3 davant d\u2019una autoritat de control, especialment a l\u2019estat membre del vostre lloc de resid\u00e8ncia, del vostre lloc de treball o del lloc de la presumpta infracci\u00f3, si considereu que el tractament de les dades personals que us afecten infringeix aquest Reglament.<br><br><\/p><h4><strong>Modificacions de la declaraci\u00f3 de protecci\u00f3 de dades<\/strong><\/h4><p> <\/p><p>La present declaraci\u00f3 de protecci\u00f3 de dades s\u2019adaptar\u00e0 de manera cont\u00ednua a mesura que es desenvolupi internet o la nostra oferta. Les modificacions es donaran a con\u00e8ixer en aquesta p\u00e0gina amb la deguda antelaci\u00f3. Per estar informat de l\u2019estat actual de les nostres disposicions en mat\u00e8ria d\u2019\u00fas de dades, recomanem consultar regularment aquesta p\u00e0gina.  <\/p><h3> <\/h3><h4><strong>Cessi\u00f3 de dades<\/strong><\/h4><p> <\/p><p>Monlau Centre d\u2019Estudis garanteix el compliment del Reglament general de protecci\u00f3 de dades de car\u00e0cter personal.<br>D\u2019acord amb la Directiva Europea 2016\/679 del 27 d\u2019abril, resteu informat\/da i presteu el vostre consentiment a la incorporaci\u00f3 de les vostres dades a fitxers automatitzats, i al tractament automatitzat d\u2019aquestes dades per part de Monlau Centre d\u2019Estudis, amb finalitats de comunicaci\u00f3 i administraci\u00f3 relacionades amb l\u2019activitat de l\u2019empresa, i amb altres empreses del grup.<br>Igualment, d\u2019acord amb la legislaci\u00f3 vigent, us comuniquem que el subministrament de les vostres dades \u00e9s voluntari.<br>Aix\u00ed mateix, us informem que podreu exercir els drets d\u2019acc\u00e9s, rectificaci\u00f3, cancel\u00b7laci\u00f3, oposici\u00f3, portabilitat i oblit adre\u00e7ant-vos per escrit a Monlau Centre d\u2019Estudis C \/ Monlau 6, 08027 Barcelona o al correu electr\u00f2nic info@monlau.com <\/p>\t\t\t\t\t\t\t\t<\/div>\n\t\t\t\t\t<\/div>\n\t\t\t\t<\/div>\n\t\t\t\t<\/div>\n\t\t","protected":false},"excerpt":{"rendered":"<p>Pol\u00edtica de privacitat Declaraci\u00f3 de protecci\u00f3 de dades Ens complau que h\u00e0giu visitat el nostre lloc web i que mostreu el vostre inter\u00e8s en MONLAU CENTRE D\u2019ESTUDIS S.A. i en els nostres serveis. Perqu\u00e8 us pugueu sentir segur i c\u00f2mode mentre navegueu pel nostre lloc web, ens prenem molt seriosament la protecci\u00f3 de les vostres [&hellip;]<\/p>\n","protected":false},"author":1,"featured_media":0,"parent":0,"menu_order":0,"comment_status":"closed","ping_status":"closed","template":"","meta":{"footnotes":""},"class_list":["post-1356","page","type-page","status-publish","hentry"],"yoast_head":"<!-- This site is optimized with the Yoast SEO plugin v27.2 - https:\/\/yoast.com\/product\/yoast-seo-wordpress\/ -->\n<title>Pol\u00edtica de privacitat i cookies - Monlau<\/title>\n<meta name=\"robots\" content=\"index, follow, max-snippet:-1, max-image-preview:large, max-video-preview:-1\" \/>\n<link rel=\"canonical\" href=\"https:\/\/www.monlau.com\/ca\/politica-de-privacitat-i-cookies\/\" \/>\n<meta property=\"og:locale\" content=\"ca_ES\" \/>\n<meta property=\"og:type\" content=\"article\" \/>\n<meta property=\"og:title\" content=\"Pol\u00edtica de privacitat i cookies - Monlau\" \/>\n<meta property=\"og:description\" content=\"Pol\u00edtica de privacitat Declaraci\u00f3 de protecci\u00f3 de dades Ens complau que h\u00e0giu visitat el nostre lloc web i que mostreu el vostre inter\u00e8s en MONLAU CENTRE D\u2019ESTUDIS S.A. i en els nostres serveis. Perqu\u00e8 us pugueu sentir segur i c\u00f2mode mentre navegueu pel nostre lloc web, ens prenem molt seriosament la protecci\u00f3 de les vostres [&hellip;]\" \/>\n<meta property=\"og:url\" content=\"https:\/\/www.monlau.com\/ca\/politica-de-privacitat-i-cookies\/\" \/>\n<meta property=\"og:site_name\" content=\"Monlau\" \/>\n<meta property=\"article:modified_time\" content=\"2026-03-16T10:36:13+00:00\" \/>\n<meta name=\"twitter:card\" content=\"summary_large_image\" \/>\n<meta name=\"twitter:label1\" content=\"Temps estimat de lectura\" \/>\n\t<meta name=\"twitter:data1\" content=\"14 minuts\" \/>\n<script type=\"application\/ld+json\" class=\"yoast-schema-graph\">{\"@context\":\"https:\/\/schema.org\",\"@graph\":[{\"@type\":\"WebPage\",\"@id\":\"https:\/\/www.monlau.com\/ca\/politica-de-privacitat-i-cookies\/\",\"url\":\"https:\/\/www.monlau.com\/ca\/politica-de-privacitat-i-cookies\/\",\"name\":\"Pol\u00edtica de privacitat i cookies - Monlau\",\"isPartOf\":{\"@id\":\"https:\/\/www.monlau.com\/ca\/#website\"},\"datePublished\":\"2026-01-13T10:14:27+00:00\",\"dateModified\":\"2026-03-16T10:36:13+00:00\",\"breadcrumb\":{\"@id\":\"https:\/\/www.monlau.com\/ca\/politica-de-privacitat-i-cookies\/#breadcrumb\"},\"inLanguage\":\"ca\",\"potentialAction\":[{\"@type\":\"ReadAction\",\"target\":[\"https:\/\/www.monlau.com\/ca\/politica-de-privacitat-i-cookies\/\"]}]},{\"@type\":\"BreadcrumbList\",\"@id\":\"https:\/\/www.monlau.com\/ca\/politica-de-privacitat-i-cookies\/#breadcrumb\",\"itemListElement\":[{\"@type\":\"ListItem\",\"position\":1,\"name\":\"Portada\",\"item\":\"https:\/\/www.monlau.com\/ca\/inici\/\"},{\"@type\":\"ListItem\",\"position\":2,\"name\":\"Pol\u00edtica de privacitat i cookies\"}]},{\"@type\":\"WebSite\",\"@id\":\"https:\/\/www.monlau.com\/ca\/#website\",\"url\":\"https:\/\/www.monlau.com\/ca\/\",\"name\":\"Monlau\",\"description\":\"\",\"publisher\":{\"@id\":\"https:\/\/www.monlau.com\/ca\/#organization\"},\"potentialAction\":[{\"@type\":\"SearchAction\",\"target\":{\"@type\":\"EntryPoint\",\"urlTemplate\":\"https:\/\/www.monlau.com\/ca\/?s={search_term_string}\"},\"query-input\":{\"@type\":\"PropertyValueSpecification\",\"valueRequired\":true,\"valueName\":\"search_term_string\"}}],\"inLanguage\":\"ca\"},{\"@type\":\"Organization\",\"@id\":\"https:\/\/www.monlau.com\/ca\/#organization\",\"name\":\"Monlau\",\"url\":\"https:\/\/www.monlau.com\/ca\/\",\"logo\":{\"@type\":\"ImageObject\",\"inLanguage\":\"ca\",\"@id\":\"https:\/\/www.monlau.com\/ca\/#\/schema\/logo\/image\/\",\"url\":\"https:\/\/www.monlau.com\/app\/uploads\/2025\/12\/logo_white.svg\",\"contentUrl\":\"https:\/\/www.monlau.com\/app\/uploads\/2025\/12\/logo_white.svg\",\"width\":306,\"height\":31,\"caption\":\"Monlau\"},\"image\":{\"@id\":\"https:\/\/www.monlau.com\/ca\/#\/schema\/logo\/image\/\"}}]}<\/script>\n<!-- \/ Yoast SEO plugin. -->","yoast_head_json":{"title":"Pol\u00edtica de privacitat i cookies - Monlau","robots":{"index":"index","follow":"follow","max-snippet":"max-snippet:-1","max-image-preview":"max-image-preview:large","max-video-preview":"max-video-preview:-1"},"canonical":"https:\/\/www.monlau.com\/ca\/politica-de-privacitat-i-cookies\/","og_locale":"ca_ES","og_type":"article","og_title":"Pol\u00edtica de privacitat i cookies - Monlau","og_description":"Pol\u00edtica de privacitat Declaraci\u00f3 de protecci\u00f3 de dades Ens complau que h\u00e0giu visitat el nostre lloc web i que mostreu el vostre inter\u00e8s en MONLAU CENTRE D\u2019ESTUDIS S.A. i en els nostres serveis. Perqu\u00e8 us pugueu sentir segur i c\u00f2mode mentre navegueu pel nostre lloc web, ens prenem molt seriosament la protecci\u00f3 de les vostres [&hellip;]","og_url":"https:\/\/www.monlau.com\/ca\/politica-de-privacitat-i-cookies\/","og_site_name":"Monlau","article_modified_time":"2026-03-16T10:36:13+00:00","twitter_card":"summary_large_image","twitter_misc":{"Temps estimat de lectura":"14 minuts"},"schema":{"@context":"https:\/\/schema.org","@graph":[{"@type":"WebPage","@id":"https:\/\/www.monlau.com\/ca\/politica-de-privacitat-i-cookies\/","url":"https:\/\/www.monlau.com\/ca\/politica-de-privacitat-i-cookies\/","name":"Pol\u00edtica de privacitat i cookies - Monlau","isPartOf":{"@id":"https:\/\/www.monlau.com\/ca\/#website"},"datePublished":"2026-01-13T10:14:27+00:00","dateModified":"2026-03-16T10:36:13+00:00","breadcrumb":{"@id":"https:\/\/www.monlau.com\/ca\/politica-de-privacitat-i-cookies\/#breadcrumb"},"inLanguage":"ca","potentialAction":[{"@type":"ReadAction","target":["https:\/\/www.monlau.com\/ca\/politica-de-privacitat-i-cookies\/"]}]},{"@type":"BreadcrumbList","@id":"https:\/\/www.monlau.com\/ca\/politica-de-privacitat-i-cookies\/#breadcrumb","itemListElement":[{"@type":"ListItem","position":1,"name":"Portada","item":"https:\/\/www.monlau.com\/ca\/inici\/"},{"@type":"ListItem","position":2,"name":"Pol\u00edtica de privacitat i cookies"}]},{"@type":"WebSite","@id":"https:\/\/www.monlau.com\/ca\/#website","url":"https:\/\/www.monlau.com\/ca\/","name":"Monlau","description":"","publisher":{"@id":"https:\/\/www.monlau.com\/ca\/#organization"},"potentialAction":[{"@type":"SearchAction","target":{"@type":"EntryPoint","urlTemplate":"https:\/\/www.monlau.com\/ca\/?s={search_term_string}"},"query-input":{"@type":"PropertyValueSpecification","valueRequired":true,"valueName":"search_term_string"}}],"inLanguage":"ca"},{"@type":"Organization","@id":"https:\/\/www.monlau.com\/ca\/#organization","name":"Monlau","url":"https:\/\/www.monlau.com\/ca\/","logo":{"@type":"ImageObject","inLanguage":"ca","@id":"https:\/\/www.monlau.com\/ca\/#\/schema\/logo\/image\/","url":"https:\/\/www.monlau.com\/app\/uploads\/2025\/12\/logo_white.svg","contentUrl":"https:\/\/www.monlau.com\/app\/uploads\/2025\/12\/logo_white.svg","width":306,"height":31,"caption":"Monlau"},"image":{"@id":"https:\/\/www.monlau.com\/ca\/#\/schema\/logo\/image\/"}}]}},"_links":{"self":[{"href":"https:\/\/www.monlau.com\/ca\/wp-json\/wp\/v2\/pages\/1356","targetHints":{"allow":["GET"]}}],"collection":[{"href":"https:\/\/www.monlau.com\/ca\/wp-json\/wp\/v2\/pages"}],"about":[{"href":"https:\/\/www.monlau.com\/ca\/wp-json\/wp\/v2\/types\/page"}],"author":[{"embeddable":true,"href":"https:\/\/www.monlau.com\/ca\/wp-json\/wp\/v2\/users\/1"}],"replies":[{"embeddable":true,"href":"https:\/\/www.monlau.com\/ca\/wp-json\/wp\/v2\/comments?post=1356"}],"version-history":[{"count":0,"href":"https:\/\/www.monlau.com\/ca\/wp-json\/wp\/v2\/pages\/1356\/revisions"}],"wp:attachment":[{"href":"https:\/\/www.monlau.com\/ca\/wp-json\/wp\/v2\/media?parent=1356"}],"curies":[{"name":"wp","href":"https:\/\/api.w.org\/{rel}","templated":true}]}}